{"id":2278,"date":"2020-01-29T21:50:26","date_gmt":"2020-01-30T03:50:26","guid":{"rendered":"http:\/\/estateofmariafelix.com\/es\/?page_id=2278"},"modified":"2023-05-02T16:35:27","modified_gmt":"2023-05-02T22:35:27","slug":"una-leyenda-mexicana","status":"publish","type":"page","link":"https:\/\/estateofmariafelix.com\/es\/una-leyenda-mexicana\/","title":{"rendered":"Una leyenda mexicana"},"content":{"rendered":"<p>[vc_row full_width=&#8221;stretch_row_content_no_spaces&#8221; css=&#8221;.vc_custom_1581646806477{margin-bottom: 50px !important;padding-top: 50px !important;padding-right: 50px !important;padding-bottom: 100px !important;padding-left: 50px !important;background-image: url(http:\/\/estateofmariafelix.com\/es\/wp-content\/uploads\/2020\/01\/pattern_marmol_3-1.jpg?id=2367) !important;background-position: 0 0 !important;background-repeat: repeat !important;}&#8221;][vc_column][vc_column_text el_class=&#8221;linea-tiempo&#8221; css=&#8221;.vc_custom_1581645623984{margin-bottom: 50px !important;}&#8221;]<\/p>\n<h1>L\u00cdNEA DE VIDA MAR\u00cdA F\u00c9LIX<\/h1>\n<p>[\/vc_column_text][vc_column_text el_class=&#8221;linea-tiempo&#8221; css=&#8221;.vc_custom_1581645631552{margin-bottom: 50px !important;}&#8221;]Recibe por parte de sus hermanos, una caja de porcelana del creador franc\u00e9s Jacob Petit; primer pieza de la basta colecci\u00f3n decimon\u00f3nica que integrar\u00eda, y el primer acercamiento formal al mundo del coleccionismo de antig\u00fcedades.[\/vc_column_text][vc_column_text el_class=&#8221;linea-tiempo&#8221; css=&#8221;.vc_custom_1581644068835{margin-bottom: 100px !important;}&#8221;]<\/p>\n<h1>INTRODUCCI\u00d3N<\/h1>\n<p>&nbsp;<\/p>\n<p>Rese\u00f1a puntual y cronol\u00f3gica de los principales acontecimientos en torno a la vida de Mar\u00eda F\u00e9lix abordando aspectos de su vida privada y profesional bajo una \u00f3ptica hist\u00f3rica, a la vez, de los subsecuentes procesos de difusi\u00f3n y profesionalizaci\u00f3n de su legado patrimonial universal.[\/vc_column_text][vc_row_inner el_class=&#8221;cajas-linea&#8221;][vc_column_inner width=&#8221;1\/3&#8243;][vc_column_text el_class=&#8221;linea-tiempo&#8221;]El 8 de abril nace en el rancho el Quiriego, cercano a la poblaci\u00f3n de Alamos Sonora, Mar\u00eda de los \u00c1ngeles. Hija de Bernardo F\u00e9lix de origen Yaqui y de Josefina G\u00fcere\u00f1a de ascendencia Vasca.<\/p>\n<p>El matrimonio F\u00e9lix G\u00fcere\u00f1a procre\u00f3 diecis\u00e9is hijos de los que sobreviven doce. Mar\u00eda guarda especial parecido y cari\u00f1o con su hermano Pablo al que recordar\u00eda siempre como \u201cun Dios de guapeza\u201d[\/vc_column_text][\/vc_column_inner][vc_column_inner width=&#8221;1\/6&#8243;][vc_wp_text el_class=&#8221;linea-tiempo&#8221;]<\/p>\n<h3>1914<\/h3>\n<div class=\"rectangulo\"><\/div>\n<p>[\/vc_wp_text][\/vc_column_inner][vc_column_inner width=&#8221;1\/3&#8243;][vc_single_image image=&#8221;2389&#8243; img_size=&#8221;large&#8221; alignment=&#8221;center&#8221;][\/vc_column_inner][\/vc_row_inner][vc_row_inner el_class=&#8221;cajas-linea&#8221;][vc_column_inner width=&#8221;1\/3&#8243;][vc_single_image image=&#8221;2390&#8243; img_size=&#8221;large&#8221; alignment=&#8221;center&#8221;][\/vc_column_inner][vc_column_inner width=&#8221;1\/6&#8243;][vc_wp_text el_class=&#8221;linea-tiempo&#8221;]<\/p>\n<h3>1919<\/h3>\n<div class=\"rectangulo\"><\/div>\n<p>[\/vc_wp_text][\/vc_column_inner][vc_column_inner width=&#8221;1\/3&#8243;][vc_column_text el_class=&#8221;linea-tiempo&#8221;]<\/p>\n<h2><\/h2>\n<p>Crece entre el rancho de sus abuelos y el antiguo Real de minas de Alamos, distante de los juegos femeninos. Desde peque\u00f1a monta caballos con sus hermanos.<\/p>\n<p>Tiene una infancia anecd\u00f3tica entre el sonambulismo y la tartamudez.[\/vc_column_text][\/vc_column_inner][\/vc_row_inner][vc_row_inner el_class=&#8221;cajas-linea&#8221;][vc_column_inner width=&#8221;1\/3&#8243;][vc_column_text el_class=&#8221;linea-tiempo&#8221;]<br \/>\nRecibe por parte de sus hermanos, una caja de porcelana del creador franc\u00e9s Jacob Petit; primer pieza de la basta colecci\u00f3n decimon\u00f3nica que integrar\u00eda, y el primer acercamiento formal al mundo del coleccionismo de antig\u00fcedades.[\/vc_column_text][\/vc_column_inner][vc_column_inner width=&#8221;1\/6&#8243;][vc_wp_text el_class=&#8221;linea-tiempo&#8221;]<\/p>\n<h3>1925<\/h3>\n<div class=\"rectangulo\"><\/div>\n<p>[\/vc_wp_text][\/vc_column_inner][vc_column_inner width=&#8221;1\/3&#8243;][vc_single_image image=&#8221;2398&#8243; img_size=&#8221;large&#8221; alignment=&#8221;center&#8221;][\/vc_column_inner][\/vc_row_inner][vc_row_inner el_class=&#8221;cajas-linea&#8221;][vc_column_inner width=&#8221;1\/3&#8243;][vc_single_image image=&#8221;2400&#8243; img_size=&#8221;large&#8221; alignment=&#8221;center&#8221;][\/vc_column_inner][vc_column_inner width=&#8221;1\/6&#8243;][vc_wp_text el_class=&#8221;linea-tiempo&#8221;]<\/p>\n<h3><strong>1927<\/strong><\/h3>\n<div class=\"rectangulo\"><\/div>\n<p>[\/vc_wp_text][\/vc_column_inner][vc_column_inner width=&#8221;1\/3&#8243;][vc_column_text el_class=&#8221;linea-tiempo&#8221;]De su madre hereda el refinamiento: \u201cel esplendor empieza en la cama\u201d refiri\u00e9ndose a la manera de procurar el lecho con encajes, pasamaner\u00edas y volantes; gusto que incide en el c\u00famulo de textiles antiguos con los que convivir\u00eda en su intimidad.<\/p>\n<p>Estudia baile moderno y danza cl\u00e1sica.[\/vc_column_text][\/vc_column_inner][\/vc_row_inner][vc_row_inner el_class=&#8221;cajas-linea&#8221;][vc_column_inner width=&#8221;1\/3&#8243;][vc_column_text el_class=&#8221;linea-tiempo&#8221;]Sus estudios los complementa con el h\u00e1bito de la lectura. La biblioteca de su padre fomenta en Mar\u00eda el inter\u00e9s por la historia de M\u00e9xico, la literatura y el ejercicio de la memoria. D\u00e9cadas despu\u00e9s, aquellos libros, los adquiere de sus hermanos e integra a las tres bibliotecas de sus casas.<\/p>\n<p>Llena de emociones juveniles siente atracci\u00f3n por uno de sus profesores del colegio.[\/vc_column_text][\/vc_column_inner][vc_column_inner width=&#8221;1\/6&#8243;][vc_wp_text el_class=&#8221;linea-tiempo&#8221;]<\/p>\n<h3><strong>1928<\/strong><\/h3>\n<div class=\"rectangulo\"><\/div>\n<p>[\/vc_wp_text][\/vc_column_inner][vc_column_inner width=&#8221;1\/3&#8243;][\/vc_column_inner][\/vc_row_inner][vc_row_inner el_class=&#8221;cajas-linea&#8221;][vc_column_inner width=&#8221;1\/3&#8243;][vc_single_image image=&#8221;2391&#8243; img_size=&#8221;medium&#8221; alignment=&#8221;center&#8221;][vc_single_image image=&#8221;2401&#8243; img_size=&#8221;medium&#8221; alignment=&#8221;center&#8221;][\/vc_column_inner][vc_column_inner width=&#8221;1\/6&#8243;][vc_wp_text el_class=&#8221;linea-tiempo&#8221;]<\/p>\n<h3><strong>1929<\/strong><\/h3>\n<div class=\"rectangulo\"><\/div>\n<p>[\/vc_wp_text][\/vc_column_inner][vc_column_inner width=&#8221;1\/3&#8243;][vc_column_text el_class=&#8221;linea-tiempo&#8221;]<strong>Con quince a\u00f1os y una refulgente belleza es nombrada Reina de los estudiantes de la Universidad de Guadalajara<\/strong>.<\/p>\n<p>Su padre decide enviar a Pablo a estudiar al Colegio Militar de la Ciudad de M\u00e9xico con lo que se ve separada de su c\u00f3mplice y cari\u00f1o.<\/p>\n<p>En una fiesta de disfraces conoce a Rafael Corcuera joven de familia acaudalada con quien se relaciona sentimentalmente.[\/vc_column_text][\/vc_column_inner][\/vc_row_inner][vc_row_inner el_class=&#8221;cajas-linea&#8221;][vc_column_inner width=&#8221;1\/3&#8243;][vc_column_text el_class=&#8221;linea-tiempo&#8221;]Durante un d\u00eda de campo en Chapala es presentada con Enrique \u00c1lvarez Alatorre quien al poco tiempo ser\u00eda su primer esposo.[\/vc_column_text][\/vc_column_inner][vc_column_inner width=&#8221;1\/6&#8243;][vc_wp_text el_class=&#8221;linea-tiempo&#8221;]<\/p>\n<h3><strong>1930<\/strong><\/h3>\n<div class=\"rectangulo\"><\/div>\n<p>[\/vc_wp_text][\/vc_column_inner][vc_column_inner width=&#8221;1\/3&#8243;][vc_single_image image=&#8221;2408&#8243; img_size=&#8221;large&#8221; alignment=&#8221;center&#8221;][\/vc_column_inner][\/vc_row_inner][vc_row_inner el_class=&#8221;cajas-linea&#8221;][vc_column_inner width=&#8221;1\/3&#8243;][vc_single_image image=&#8221;2408&#8243; img_size=&#8221;large&#8221; alignment=&#8221;center&#8221;][\/vc_column_inner][vc_column_inner width=&#8221;1\/6&#8243;][vc_wp_text el_class=&#8221;linea-tiempo&#8221;]<\/p>\n<h3><strong>1930<\/strong><\/h3>\n<div class=\"rectangulo\"><\/div>\n<p>[\/vc_wp_text][\/vc_column_inner][vc_column_inner width=&#8221;1\/3&#8243;][vc_column_text el_class=&#8221;linea-tiempo&#8221;]<strong>10 de enero, sin la venia familiar y en busca de liberarse del yugo paterno se casa en el Sagrario Metropolitano de Guadalajara con Enrique \u00c1lvarez<\/strong>. El viaje de bodas la lleva al lago de Chapala.[\/vc_column_text][\/vc_column_inner][\/vc_row_inner][vc_row_inner el_class=&#8221;cajas-linea&#8221;][vc_column_inner width=&#8221;1\/3&#8243;][vc_column_text el_class=&#8221;linea-tiempo&#8221;]<strong>10 de enero, sin la venia familiar y en busca de liberarse del yugo paterno se casa en el Sagrario Metropolitano de Guadalajara con Enrique \u00c1lvarez<\/strong>. El viaje de bodas la lleva al lago de Chapala.[\/vc_column_text][\/vc_column_inner][vc_column_inner width=&#8221;1\/6&#8243;][vc_wp_text el_class=&#8221;linea-tiempo&#8221;]<\/p>\n<h3><strong>1931<\/strong><\/h3>\n<div class=\"rectangulo\"><\/div>\n<p>[\/vc_wp_text][\/vc_column_inner][vc_column_inner width=&#8221;1\/3&#8243;][\/vc_column_inner][\/vc_row_inner][vc_row_inner el_class=&#8221;cajas-linea&#8221;][vc_column_inner width=&#8221;1\/3&#8243;][\/vc_column_inner][vc_column_inner width=&#8221;1\/6&#8243;][vc_wp_text el_class=&#8221;linea-tiempo&#8221;]<\/p>\n<h3><strong>1933<\/strong><\/h3>\n<div class=\"rectangulo\"><\/div>\n<p>[\/vc_wp_text][\/vc_column_inner][vc_column_inner width=&#8221;1\/3&#8243;][vc_column_text el_class=&#8221;linea-tiempo&#8221;]Celos e infidelidades por parte de su marido ocasionan el encierro frecuente en su domicilio.<\/p>\n<p>La vida conyugal se limita a la oscuridad de las salas de cine donde la pareja llega comenzada la pel\u00edcula y se retira antes del final para evitar que su belleza capturare la mirada de otros hombres.[\/vc_column_text][\/vc_column_inner][\/vc_row_inner][vc_row_inner el_class=&#8221;cajas-linea&#8221;][vc_column_inner width=&#8221;1\/3&#8243;][vc_column_text el_class=&#8221;linea-tiempo&#8221;]Transcurre las tardes escuchando en la XEW el programa de radio la <em>Hora \u00edntima <\/em>de Agust\u00edn Lara.\u00a0 Menciona a sus hermanas:\u00a0 \u201ccon ese hombre me voy a casar\u201d,\u00a0 lo cual evidencia su incomodidad matrimonial.[\/vc_column_text][\/vc_column_inner][vc_column_inner width=&#8221;1\/6&#8243;][vc_wp_text el_class=&#8221;linea-tiempo&#8221;]<\/p>\n<h3><strong>1934<\/strong><\/h3>\n<div class=\"rectangulo\"><\/div>\n<p>[\/vc_wp_text][\/vc_column_inner][vc_column_inner width=&#8221;1\/3&#8243;][vc_single_image image=&#8221;2393&#8243; img_size=&#8221;large&#8221; alignment=&#8221;center&#8221;][\/vc_column_inner][\/vc_row_inner][vc_row_inner el_class=&#8221;cajas-linea&#8221;][vc_column_inner width=&#8221;1\/3&#8243;][\/vc_column_inner][vc_column_inner width=&#8221;1\/6&#8243;][vc_wp_text el_class=&#8221;linea-tiempo&#8221;]<\/p>\n<h3><strong>1935<\/strong><\/h3>\n<div class=\"rectangulo\"><\/div>\n<p>[\/vc_wp_text][\/vc_column_inner][vc_column_inner width=&#8221;1\/3&#8243;][vc_column_text el_class=&#8221;linea-tiempo&#8221;]<strong>6 de abril, de un parto gemelar sobrevive su hijo Enrique \u00c1lvarez F\u00e9lix.<\/strong> Compa\u00f1ero, amigo y complice a lo largo de su vida.[\/vc_column_text][\/vc_column_inner][\/vc_row_inner][vc_row_inner el_class=&#8221;cajas-linea&#8221;][vc_column_inner width=&#8221;1\/3&#8243;][vc_column_text el_class=&#8221;linea-tiempo&#8221;]Harta del distanciamiento con su familia y el encierro a la que la obliga su esposo comete adulterio con su vecino Francisco V\u00e1zquez Cuellar.[\/vc_column_text][\/vc_column_inner][vc_column_inner width=&#8221;1\/6&#8243;][vc_wp_text el_class=&#8221;linea-tiempo&#8221;]<\/p>\n<h3><strong>1936<\/strong><\/h3>\n<div class=\"rectangulo\"><\/div>\n<p>[\/vc_wp_text][\/vc_column_inner][vc_column_inner width=&#8221;1\/3&#8243;][\/vc_column_inner][\/vc_row_inner][vc_row_inner el_class=&#8221;cajas-linea&#8221;][vc_column_inner width=&#8221;1\/3&#8243;][vc_single_image image=&#8221;2394&#8243; img_size=&#8221;large&#8221; alignment=&#8221;center&#8221;][\/vc_column_inner][vc_column_inner width=&#8221;1\/6&#8243;][vc_wp_text el_class=&#8221;linea-tiempo&#8221;]<\/p>\n<h3><strong>1937<\/strong><\/h3>\n<div class=\"rectangulo\"><\/div>\n<p>[\/vc_wp_text][\/vc_column_inner][vc_column_inner width=&#8221;1\/3&#8243;][vc_column_text el_class=&#8221;linea-tiempo&#8221;]Descubre que su marido padece una enfermedad de transmisi\u00f3n sexual y da por terminada su relaci\u00f3n.<\/p>\n<p>26 de diciembre, se entera del suicido de su hermano Pablo en el Colegio Militar de la Ciudad de M\u00e9xico. Siempre sostuvo tratarse de un homicidio. Tuvo raz\u00f3n a la luz de recientes hallazgos hist\u00f3ricos.[\/vc_column_text][\/vc_column_inner][\/vc_row_inner][vc_row_inner el_class=&#8221;cajas-linea&#8221;][vc_column_inner width=&#8221;1\/3&#8243;][vc_column_text el_class=&#8221;linea-tiempo&#8221;]Se divorcia de Enrique \u00c1lvarez Alatorre.<\/p>\n<p>La familia F\u00e9lix G\u00fcere\u00f1a se muda a Navojoa, Sonora.[\/vc_column_text][\/vc_column_inner][vc_column_inner width=&#8221;1\/6&#8243;][vc_wp_text el_class=&#8221;linea-tiempo&#8221;]<\/p>\n<h3><strong>1938<\/strong><\/h3>\n<div class=\"rectangulo\"><\/div>\n<p>[\/vc_wp_text][\/vc_column_inner][vc_column_inner width=&#8221;1\/3&#8243;][\/vc_column_inner][\/vc_row_inner][vc_row_inner el_class=&#8221;cajas-linea&#8221;][vc_column_inner width=&#8221;1\/3&#8243;][\/vc_column_inner][vc_column_inner width=&#8221;1\/6&#8243;][vc_wp_text el_class=&#8221;linea-tiempo&#8221;]<\/p>\n<h3><strong>1939<\/strong><\/h3>\n<div class=\"rectangulo\"><\/div>\n<p>[\/vc_wp_text][\/vc_column_inner][vc_column_inner width=&#8221;1\/3&#8243;][vc_column_text el_class=&#8221;linea-tiempo&#8221;]Padece en su tierra natal el escarnio social producto de su divorcio.[\/vc_column_text][\/vc_column_inner][\/vc_row_inner][vc_row_inner el_class=&#8221;cajas-linea&#8221;][vc_column_inner width=&#8221;1\/3&#8243;][vc_column_text el_class=&#8221;linea-tiempo&#8221;]Toma el tren subpac\u00edfico y se traslada con su hijo Enrique a la Ciudad de M\u00e9xico.<\/p>\n<p>Vive en una casa de hu\u00e9spedes en la Calle de Hamburgo 70.<\/p>\n<p>Trabaja como recepcionista en el consultorio de un cirujano pl\u00e1stico quien la llama Miss Happy.<\/p>\n<p>Conoce a Ernesto Alonso quien le regala medias de seda y la lleva a disfrutar de la fiesta brava.<\/p>\n<p>A la espera de un tel\u00e9fono p\u00fablico, en paseo de la Reforma y Lafragua, se da un encuentro fugaz con Agust\u00edn Lara y sostiene la primera de muchas discusiones que estar\u00edan por vivir.<\/p>\n<p>Su ex esposo decide quitarle la custodia de Enrique y se lo lleva a vivir a Ajijic, Jalisco, bajo el cuidado de su abuela Paz Alatorre. Mar\u00eda lo toma como afrenta y amenaza con que en alg\u00fan momento tendr\u00e1 m\u00e1s dinero y m\u00e1s poder para recuperarlo.[\/vc_column_text][\/vc_column_inner][vc_column_inner width=&#8221;1\/6&#8243;][vc_wp_text el_class=&#8221;linea-tiempo&#8221;]<\/p>\n<h3><strong>1940<\/strong><\/h3>\n<div class=\"rectangulo\"><\/div>\n<p>[\/vc_wp_text][\/vc_column_inner][vc_column_inner width=&#8221;1\/3&#8243;][vc_single_image image=&#8221;2395&#8243; img_size=&#8221;medium&#8221; alignment=&#8221;center&#8221;][vc_single_image image=&#8221;2396&#8243; img_size=&#8221;medium&#8221; alignment=&#8221;center&#8221;][\/vc_column_inner][\/vc_row_inner][vc_row_inner el_class=&#8221;cajas-linea&#8221;][vc_column_inner width=&#8221;1\/3&#8243;][vc_single_image image=&#8221;2416&#8243; img_size=&#8221;medium&#8221; alignment=&#8221;center&#8221;][vc_single_image image=&#8221;2417&#8243; img_size=&#8221;medium&#8221; alignment=&#8221;center&#8221;][\/vc_column_inner][vc_column_inner width=&#8221;1\/6&#8243;][vc_wp_text el_class=&#8221;linea-tiempo&#8221;]<\/p>\n<h3><strong>1941<\/strong><\/h3>\n<div class=\"rectangulo\"><\/div>\n<p>[\/vc_wp_text][\/vc_column_inner][vc_column_inner width=&#8221;1\/3&#8243;][vc_column_text el_class=&#8221;linea-tiempo&#8221;]Al observar un aparador de antig\u00fcedades en la Calle de Palma, es abordada por el Ingeniero Fernando Palacios y le propone hacer cine.<\/p>\n<p>Gabriel Figueroa le realiza las primeras pruebas de fotogenia en formato de 35 mm.<\/p>\n<p>Recibe la propuesta de llamarse art\u00edsticamente Diana del Mar o Marcia Maris, las cuales rechaza categ\u00f3ricamente.<\/p>\n<p>Se integra un equipo de trabajo dirigido por Fernando Palacios para apoyar su debut cinematogr\u00e1fico con clases de actuaci\u00f3n, dicci\u00f3n y baile. El dise\u00f1o de imagen y vestuario corre a cargo de Armando Vald\u00e9s Peza.[\/vc_column_text][\/vc_column_inner][\/vc_row_inner][vc_row_inner el_class=&#8221;cajas-linea&#8221;][vc_column_inner width=&#8221;1\/3&#8243;][vc_column_text el_class=&#8221;linea-tiempo&#8221;]Su carrera cinematogr\u00e1fica inicia con la filmaci\u00f3n de El Pe\u00f1\u00f3n de las \u00c1nimas en la interpretaci\u00f3n de Mar\u00eda \u00c1ngela Valdivia.<\/p>\n<p>La rivalidad y humillaciones entre los protagonistas est\u00e1n presentes a lo largo de dicho trabajo. El desencuentro con Jorge Negrete culmina diez a\u00f1os despu\u00e9s en la llamada boda del siglo.<\/p>\n<p>Durante el rodaje conoce a Ra\u00fal Prado, integrante del Tr\u00edo Calaveras, con quien la prensa la relaciona sentimentalmente; siempre negar\u00eda el promovido matrimonio.<\/p>\n<p>Su debut implica la ruptura familiar debido a la inconformidad de su padre.<\/p>\n<p>Filma su segunda pel\u00edcula Mar\u00eda Eugenia y se encuentra con el arquetipo que define muchos de sus roles en la pantalla: el de una mujer sin escr\u00fapulos orientada al ascenso econ\u00f3mico y social.<\/p>\n<p>Filma la \u00fanica imagen en el que se aprecia su anatom\u00eda en traje de ba\u00f1o; se vuelve fen\u00f3meno de censura y de culto por parte de sus admiradores.<\/p>\n<p>Viaja a la ciudad de Los \u00c1ngeles, California para conocer el mundo cinematogr\u00e1fico que jam\u00e1s le interes\u00f3 profesionalmente. Coincide con Greta Garbo.[\/vc_column_text][\/vc_column_inner][vc_column_inner width=&#8221;1\/6&#8243;][vc_wp_text el_class=&#8221;linea-tiempo&#8221;]<\/p>\n<h3><strong>1942<\/strong><\/h3>\n<div class=\"rectangulo\"><\/div>\n<p>[\/vc_wp_text][\/vc_column_inner][vc_column_inner width=&#8221;1\/3&#8243;][vc_single_image image=&#8221;2419&#8243; img_size=&#8221;medium&#8221; alignment=&#8221;center&#8221;][vc_single_image image=&#8221;2420&#8243; img_size=&#8221;medium&#8221; alignment=&#8221;center&#8221;][\/vc_column_inner][\/vc_row_inner][vc_row_inner el_class=&#8221;cajas-linea&#8221;][vc_column_inner width=&#8221;1\/3&#8243;][vc_single_image image=&#8221;2422&#8243; img_size=&#8221;medium&#8221; alignment=&#8221;center&#8221;][vc_single_image image=&#8221;2423&#8243; img_size=&#8221;medium&#8221; alignment=&#8221;center&#8221;][vc_single_image image=&#8221;2426&#8243; img_size=&#8221;medium&#8221; alignment=&#8221;center&#8221;][\/vc_column_inner][vc_column_inner width=&#8221;1\/6&#8243;][vc_wp_text el_class=&#8221;linea-tiempo&#8221;]<\/p>\n<h3><strong>1943<\/strong><\/h3>\n<div class=\"rectangulo\"><\/div>\n<p>[\/vc_wp_text][\/vc_column_inner][vc_column_inner width=&#8221;1\/3&#8243;][vc_column_text el_class=&#8221;linea-tiempo&#8221;]La circunstancia propicia la conduce al encuentro con el papel que impulsa su trayectoria profesional y trasciende d\u00eda a d\u00eda durante su vida: Do\u00f1a B\u00e1rbara.<\/p>\n<p>La B\u00e1rbara de R\u00f3mulo Gallegos cohabita para siempre con la Do\u00f1a como se le conoce desde entonces. Realidad y ficci\u00f3n se hacen una erigiendo en Mar\u00eda la personalidad que sorprende al mundo invadido con su presencia.<\/p>\n<p>El \u00e9xito Do\u00f1a B\u00e1rbara no se hace esperar. Las fronteras latinoamericanas sucumben ante su fuerza interpretativa.<\/p>\n<p>Filma su segunda pel\u00edcula Mar\u00eda Eugenia y se encuentra con el arquetipo que define muchos de sus roles en la pantalla: el de una mujer sin escr\u00fapulos orientada al ascenso econ\u00f3mico y social.<\/p>\n<p>Filma la \u00fanica imagen en el que se aprecia su anatom\u00eda en traje de ba\u00f1o; se vuelve fen\u00f3meno de censura y de culto por parte de sus admiradores.<\/p>\n<p>Viaja a la ciudad de Los \u00c1ngeles, California para conocer el mundo cinematogr\u00e1fico que jam\u00e1s le interes\u00f3 profesionalmente. Coincide con Greta Garbo.<\/p>\n<p>Por agradecimiento a Fernando Palacios en rol de Director, filma la China Poblana. Nunca est\u00e1 orgullosa del resultado de la pel\u00edcula, la considera su \u201cpecado de principiante\u201d. El 24 de marzo de 1982 se pierden las copias existentes en el incendio de la Cineteca Nacional.<\/p>\n<p>Durante la filmaci\u00f3n de La Mujer sin Alma, por primera ocasi\u00f3n, la pantalla le ve cantar interpretando el tema Tuya, bajo una voz doblada.<\/p>\n<p>Empieza a consolidar su imagen como devoradora de hombres y la estrella f\u00edlmica mexicana con mayor personalidad.<\/p>\n<p>En el estreno de Do\u00f1a B\u00e1rbara Tito Novaro la presenta formalmente con Agust\u00edn Lara. Durante las semanas de cortejo frecuentan el Ciro\u00b4s, Sal\u00f3n M\u00e9xico, Leda y el Esmirna.<\/p>\n<p>Inicia su relaci\u00f3n con Lara quien le regalar\u00e1 su primera canci\u00f3n: Saca los nardos, morena. Al poco tiempo se muda a una residencia en Galileo 37 y es agasajada por el m\u00fasico poeta con composiciones, pieles y alhajas.[\/vc_column_text][\/vc_column_inner][\/vc_row_inner][vc_row_inner el_class=&#8221;cajas-linea&#8221;][vc_column_inner width=&#8221;1\/3&#8243;][vc_column_text el_class=&#8221;linea-tiempo&#8221;]Filma La Monja Alf\u00e9rez, en la que el p\u00fablico tiene oportunidad de verla vestida de un mosquetero llamado Don Alonso y portando h\u00e1bitos en el papel de Catalina Erauso.<\/p>\n<p>Bajo una pretensi\u00f3n internacionalista, protagoniza Amok, basada en la obra del escritor austriaco Stefan Zweig. Nuevamente un doble papel, con la salvedad de su imagen virada al rubio; un desafortunado recurso en la memoria visual de la actriz.<\/p>\n<p>Bajo una pretensi\u00f3n internacionalista, protagoniza Amok, basada en la obra del escritor austriaco Stefan Zweig. Nuevamente un doble papel, con la salvedad de su imagen virada al rubio; un desafortunado recurso en la memoria visual de la actriz.<\/p>\n<p>Los cabarets y los toros son frecuente escenario donde se ve acompa\u00f1ada de Agust\u00edn Lara.<\/p>\n<p>Con el apoyo de Lara, recupera a su hijo Quique mediante un supuesto secuestro.[\/vc_column_text][\/vc_column_inner][vc_column_inner width=&#8221;1\/6&#8243;][vc_wp_text el_class=&#8221;linea-tiempo&#8221;]<\/p>\n<h3><strong>1944<\/strong><\/h3>\n<div class=\"rectangulo\"><\/div>\n<p>[\/vc_wp_text][\/vc_column_inner][vc_column_inner width=&#8221;1\/3&#8243;][vc_single_image image=&#8221;2428&#8243; img_size=&#8221;medium&#8221; alignment=&#8221;center&#8221;][vc_single_image image=&#8221;2429&#8243; img_size=&#8221;medium&#8221; alignment=&#8221;center&#8221;][vc_single_image image=&#8221;2430&#8243; img_size=&#8221;medium&#8221; alignment=&#8221;center&#8221;][\/vc_column_inner][\/vc_row_inner][\/vc_column][\/vc_row]<\/p>\n","protected":false},"excerpt":{"rendered":"<p>[vc_row full_width=&#8221;stretch_row_content_no_spaces&#8221; css=&#8221;.vc_custom_1581646806477{margin-bottom: 50px !important;padding-top: 50px !important;padding-right: 50px !important;padding-bottom: 100px !important;padding-left: 50px !important;background-image: url(http:\/\/estateofmariafelix.com\/es\/wp-content\/uploads\/2020\/01\/pattern_marmol_3-1.jpg?id=2367) !important;background-position: 0 0 !important;background-repeat: repeat !important;}&#8221;][vc_column][vc_column_text el_class=&#8221;linea-tiempo&#8221; css=&#8221;.vc_custom_1581645623984{margin-bottom: 50px !important;}&#8221;] L\u00cdNEA DE VIDA MAR\u00cdA F\u00c9LIX [\/vc_column_text][vc_column_text el_class=&#8221;linea-tiempo&#8221; css=&#8221;.vc_custom_1581645631552{margin-bottom: 50px !important;}&#8221;]Recibe por parte de sus hermanos, una caja de porcelana del creador franc\u00e9s Jacob Petit; primer pieza de la basta colecci\u00f3n decimon\u00f3nica [&hellip;]<\/p>\n","protected":false},"author":2,"featured_media":0,"parent":0,"menu_order":0,"comment_status":"closed","ping_status":"closed","template":"visual-temlpate.php","meta":[],"yoast_head":"<!-- This site is optimized with the Yoast SEO plugin v17.1 - https:\/\/yoast.com\/wordpress\/plugins\/seo\/ -->\n<title>Una leyenda mexicana - Mar\u00eda F\u00e9lix<\/title>\n<meta name=\"robots\" content=\"index, follow, max-snippet:-1, max-image-preview:large, max-video-preview:-1\" \/>\n<link rel=\"canonical\" href=\"https:\/\/estateofmariafelix.com\/es\/una-leyenda-mexicana\/\" \/>\n<meta property=\"og:locale\" content=\"es_MX\" \/>\n<meta property=\"og:type\" content=\"article\" \/>\n<meta property=\"og:title\" content=\"Una leyenda mexicana - Mar\u00eda F\u00e9lix\" \/>\n<meta property=\"og:description\" content=\"[vc_row full_width=&#8221;stretch_row_content_no_spaces&#8221; css=&#8221;.vc_custom_1581646806477{margin-bottom: 50px !important;padding-top: 50px !important;padding-right: 50px !important;padding-bottom: 100px !important;padding-left: 50px !important;background-image: url(http:\/\/estateofmariafelix.com\/es\/wp-content\/uploads\/2020\/01\/pattern_marmol_3-1.jpg?id=2367) !important;background-position: 0 0 !important;background-repeat: repeat !important;}&#8221;][vc_column][vc_column_text el_class=&#8221;linea-tiempo&#8221; css=&#8221;.vc_custom_1581645623984{margin-bottom: 50px !important;}&#8221;] L\u00cdNEA DE VIDA MAR\u00cdA F\u00c9LIX [\/vc_column_text][vc_column_text el_class=&#8221;linea-tiempo&#8221; css=&#8221;.vc_custom_1581645631552{margin-bottom: 50px !important;}&#8221;]Recibe por parte de sus hermanos, una caja de porcelana del creador franc\u00e9s Jacob Petit; primer pieza de la basta colecci\u00f3n decimon\u00f3nica [&hellip;]\" \/>\n<meta property=\"og:url\" content=\"https:\/\/estateofmariafelix.com\/es\/una-leyenda-mexicana\/\" \/>\n<meta property=\"og:site_name\" content=\"Mar\u00eda F\u00e9lix\" \/>\n<meta property=\"article:publisher\" content=\"https:\/\/www.facebook.com\/EstateofMariaFelix\" \/>\n<meta property=\"article:modified_time\" content=\"2023-05-02T22:35:27+00:00\" \/>\n<meta name=\"twitter:card\" content=\"summary_large_image\" \/>\n<meta name=\"twitter:label1\" content=\"Tiempo de lectura\" \/>\n\t<meta name=\"twitter:data1\" content=\"9 minutos\" \/>\n<script type=\"application\/ld+json\" class=\"yoast-schema-graph\">{\"@context\":\"https:\/\/schema.org\",\"@graph\":[{\"@type\":\"Organization\",\"@id\":\"https:\/\/estateofmariafelix.com\/es\/#organization\",\"name\":\"Estate of Mar\\u00eda F\\u00e9lix\",\"url\":\"https:\/\/estateofmariafelix.com\/es\/\",\"sameAs\":[\"https:\/\/www.facebook.com\/EstateofMariaFelix\",\"https:\/\/www.instagram.com\/estateofmariafelix\/\"],\"logo\":{\"@type\":\"ImageObject\",\"@id\":\"https:\/\/estateofmariafelix.com\/es\/#logo\",\"inLanguage\":\"es-MX\",\"url\":\"https:\/\/estateofmariafelix.com\/es\/wp-content\/uploads\/2020\/03\/147-LOGO-EOMF-compressor.png\",\"contentUrl\":\"https:\/\/estateofmariafelix.com\/es\/wp-content\/uploads\/2020\/03\/147-LOGO-EOMF-compressor.png\",\"width\":1772,\"height\":974,\"caption\":\"Estate of Mar\\u00eda F\\u00e9lix\"},\"image\":{\"@id\":\"https:\/\/estateofmariafelix.com\/es\/#logo\"}},{\"@type\":\"WebSite\",\"@id\":\"https:\/\/estateofmariafelix.com\/es\/#website\",\"url\":\"https:\/\/estateofmariafelix.com\/es\/\",\"name\":\"Mar\\u00eda F\\u00e9lix\",\"description\":\"P\\u00e1gina Oficial\",\"publisher\":{\"@id\":\"https:\/\/estateofmariafelix.com\/es\/#organization\"},\"potentialAction\":[{\"@type\":\"SearchAction\",\"target\":{\"@type\":\"EntryPoint\",\"urlTemplate\":\"https:\/\/estateofmariafelix.com\/es\/?s={search_term_string}\"},\"query-input\":\"required name=search_term_string\"}],\"inLanguage\":\"es-MX\"},{\"@type\":\"WebPage\",\"@id\":\"https:\/\/estateofmariafelix.com\/es\/una-leyenda-mexicana\/#webpage\",\"url\":\"https:\/\/estateofmariafelix.com\/es\/una-leyenda-mexicana\/\",\"name\":\"Una leyenda mexicana - Mar\\u00eda F\\u00e9lix\",\"isPartOf\":{\"@id\":\"https:\/\/estateofmariafelix.com\/es\/#website\"},\"datePublished\":\"2020-01-30T03:50:26+00:00\",\"dateModified\":\"2023-05-02T22:35:27+00:00\",\"breadcrumb\":{\"@id\":\"https:\/\/estateofmariafelix.com\/es\/una-leyenda-mexicana\/#breadcrumb\"},\"inLanguage\":\"es-MX\",\"potentialAction\":[{\"@type\":\"ReadAction\",\"target\":[\"https:\/\/estateofmariafelix.com\/es\/una-leyenda-mexicana\/\"]}]},{\"@type\":\"BreadcrumbList\",\"@id\":\"https:\/\/estateofmariafelix.com\/es\/una-leyenda-mexicana\/#breadcrumb\",\"itemListElement\":[{\"@type\":\"ListItem\",\"position\":1,\"name\":\"Inicio\",\"item\":\"https:\/\/estateofmariafelix.com\/es\/\"},{\"@type\":\"ListItem\",\"position\":2,\"name\":\"Una leyenda mexicana\"}]}]}<\/script>\n<!-- \/ Yoast SEO plugin. -->","yoast_head_json":{"title":"Una leyenda mexicana - Mar\u00eda F\u00e9lix","robots":{"index":"index","follow":"follow","max-snippet":"max-snippet:-1","max-image-preview":"max-image-preview:large","max-video-preview":"max-video-preview:-1"},"canonical":"https:\/\/estateofmariafelix.com\/es\/una-leyenda-mexicana\/","og_locale":"es_MX","og_type":"article","og_title":"Una leyenda mexicana - Mar\u00eda F\u00e9lix","og_description":"[vc_row full_width=&#8221;stretch_row_content_no_spaces&#8221; css=&#8221;.vc_custom_1581646806477{margin-bottom: 50px !important;padding-top: 50px !important;padding-right: 50px !important;padding-bottom: 100px !important;padding-left: 50px !important;background-image: url(http:\/\/estateofmariafelix.com\/es\/wp-content\/uploads\/2020\/01\/pattern_marmol_3-1.jpg?id=2367) !important;background-position: 0 0 !important;background-repeat: repeat !important;}&#8221;][vc_column][vc_column_text el_class=&#8221;linea-tiempo&#8221; css=&#8221;.vc_custom_1581645623984{margin-bottom: 50px !important;}&#8221;] L\u00cdNEA DE VIDA MAR\u00cdA F\u00c9LIX [\/vc_column_text][vc_column_text el_class=&#8221;linea-tiempo&#8221; css=&#8221;.vc_custom_1581645631552{margin-bottom: 50px !important;}&#8221;]Recibe por parte de sus hermanos, una caja de porcelana del creador franc\u00e9s Jacob Petit; primer pieza de la basta colecci\u00f3n decimon\u00f3nica [&hellip;]","og_url":"https:\/\/estateofmariafelix.com\/es\/una-leyenda-mexicana\/","og_site_name":"Mar\u00eda F\u00e9lix","article_publisher":"https:\/\/www.facebook.com\/EstateofMariaFelix","article_modified_time":"2023-05-02T22:35:27+00:00","twitter_card":"summary_large_image","twitter_misc":{"Tiempo de lectura":"9 minutos"},"schema":{"@context":"https:\/\/schema.org","@graph":[{"@type":"Organization","@id":"https:\/\/estateofmariafelix.com\/es\/#organization","name":"Estate of Mar\u00eda F\u00e9lix","url":"https:\/\/estateofmariafelix.com\/es\/","sameAs":["https:\/\/www.facebook.com\/EstateofMariaFelix","https:\/\/www.instagram.com\/estateofmariafelix\/"],"logo":{"@type":"ImageObject","@id":"https:\/\/estateofmariafelix.com\/es\/#logo","inLanguage":"es-MX","url":"https:\/\/estateofmariafelix.com\/es\/wp-content\/uploads\/2020\/03\/147-LOGO-EOMF-compressor.png","contentUrl":"https:\/\/estateofmariafelix.com\/es\/wp-content\/uploads\/2020\/03\/147-LOGO-EOMF-compressor.png","width":1772,"height":974,"caption":"Estate of Mar\u00eda F\u00e9lix"},"image":{"@id":"https:\/\/estateofmariafelix.com\/es\/#logo"}},{"@type":"WebSite","@id":"https:\/\/estateofmariafelix.com\/es\/#website","url":"https:\/\/estateofmariafelix.com\/es\/","name":"Mar\u00eda F\u00e9lix","description":"P\u00e1gina Oficial","publisher":{"@id":"https:\/\/estateofmariafelix.com\/es\/#organization"},"potentialAction":[{"@type":"SearchAction","target":{"@type":"EntryPoint","urlTemplate":"https:\/\/estateofmariafelix.com\/es\/?s={search_term_string}"},"query-input":"required name=search_term_string"}],"inLanguage":"es-MX"},{"@type":"WebPage","@id":"https:\/\/estateofmariafelix.com\/es\/una-leyenda-mexicana\/#webpage","url":"https:\/\/estateofmariafelix.com\/es\/una-leyenda-mexicana\/","name":"Una leyenda mexicana - Mar\u00eda F\u00e9lix","isPartOf":{"@id":"https:\/\/estateofmariafelix.com\/es\/#website"},"datePublished":"2020-01-30T03:50:26+00:00","dateModified":"2023-05-02T22:35:27+00:00","breadcrumb":{"@id":"https:\/\/estateofmariafelix.com\/es\/una-leyenda-mexicana\/#breadcrumb"},"inLanguage":"es-MX","potentialAction":[{"@type":"ReadAction","target":["https:\/\/estateofmariafelix.com\/es\/una-leyenda-mexicana\/"]}]},{"@type":"BreadcrumbList","@id":"https:\/\/estateofmariafelix.com\/es\/una-leyenda-mexicana\/#breadcrumb","itemListElement":[{"@type":"ListItem","position":1,"name":"Inicio","item":"https:\/\/estateofmariafelix.com\/es\/"},{"@type":"ListItem","position":2,"name":"Una leyenda mexicana"}]}]}},"_links":{"self":[{"href":"https:\/\/estateofmariafelix.com\/es\/wp-json\/wp\/v2\/pages\/2278"}],"collection":[{"href":"https:\/\/estateofmariafelix.com\/es\/wp-json\/wp\/v2\/pages"}],"about":[{"href":"https:\/\/estateofmariafelix.com\/es\/wp-json\/wp\/v2\/types\/page"}],"author":[{"embeddable":true,"href":"https:\/\/estateofmariafelix.com\/es\/wp-json\/wp\/v2\/users\/2"}],"replies":[{"embeddable":true,"href":"https:\/\/estateofmariafelix.com\/es\/wp-json\/wp\/v2\/comments?post=2278"}],"version-history":[{"count":63,"href":"https:\/\/estateofmariafelix.com\/es\/wp-json\/wp\/v2\/pages\/2278\/revisions"}],"predecessor-version":[{"id":2349,"href":"https:\/\/estateofmariafelix.com\/es\/wp-json\/wp\/v2\/pages\/2278\/revisions\/2349"}],"wp:attachment":[{"href":"https:\/\/estateofmariafelix.com\/es\/wp-json\/wp\/v2\/media?parent=2278"}],"curies":[{"name":"wp","href":"https:\/\/api.w.org\/{rel}","templated":true}]}}