{"id":3638,"date":"2020-12-24T13:38:13","date_gmt":"2020-12-24T12:38:13","guid":{"rendered":"https:\/\/estateofmariafelix.com\/es\/?page_id=3638"},"modified":"2021-02-06T04:00:13","modified_gmt":"2021-02-06T03:00:13","slug":"une-legende-mexicaine-1941-1950","status":"publish","type":"page","link":"https:\/\/estateofmariafelix.com\/fr\/une-legende-mexicaine-1941-1950\/","title":{"rendered":"UNE L\u00c9GENDE MEXICAINE-1941-1950"},"content":{"rendered":"<p>[vc_row full_width=&#8221;stretch_row_content_no_spaces&#8221; css=&#8221;.vc_custom_1583291201701{background-color: #c8c1a2 !important;}&#8221;][vc_column][vc_single_image image=&#8221;2142&#8243; img_size=&#8221;full&#8221; alignment=&#8221;center&#8221; el_class=&#8221;el_prestigio_img&#8221;][\/vc_column][\/vc_row][vc_section full_width=&#8221;stretch_row_content&#8221; content_placement=&#8221;middle&#8221; css=&#8221;.vc_custom_1583547391402{background-image: url(https:\/\/estateofmariafelix.com\/es\/wp-content\/uploads\/2020\/03\/pattern_marmol_3-1.jpg?id=3305) !important;background-position: 0 0 !important;background-repeat: repeat !important;}&#8221;][vc_row full_width=&#8221;stretch_row_content_no_spaces&#8221; content_placement=&#8221;middle&#8221; css_animation=&#8221;fadeIn&#8221; el_class=&#8221;ajuste-caja&#8221;][vc_column][vc_row_inner][vc_column_inner][vc_wp_text el_class=&#8221;linea-tiempo&#8221;]<\/p>\n<h3 style=\"text-align: center;\">1941<\/h3>\n<h3 style=\"text-align: center;\"><\/h3>\n<p>[\/vc_wp_text][\/vc_column_inner][\/vc_row_inner][vc_row_inner content_placement=&#8221;middle&#8221; el_class=&#8221;cajas-linea&#8221;][vc_column_inner el_class=&#8221;cajas-linea-info-a&#8221; width=&#8221;1\/3&#8243;][vc_column_text el_class=&#8221;linea-tiempo texto-linea&#8221;]Observant un buffet ancien sur la Calle de Palma, elle est approch\u00e9e par l&#8217;ing\u00e9nieur Fernando Palacios et lui propose de faire des films.[\/vc_column_text][\/vc_column_inner][vc_column_inner el_class=&#8221;cajas-linea-info-c&#8221; width=&#8221;1\/3&#8243;][vc_column_text]<\/p>\n<div class=\"rectangulo-2\"><\/div>\n<p>[\/vc_column_text][\/vc_column_inner][vc_column_inner el_class=&#8221;cajas-linea-info-b&#8221; width=&#8221;1\/3&#8243;][vc_single_image image=&#8221;2816&#8243; img_size=&#8221;large&#8221; alignment=&#8221;center&#8221;][\/vc_column_inner][\/vc_row_inner][vc_row_inner content_placement=&#8221;middle&#8221; el_class=&#8221;cajas-linea&#8221;][vc_column_inner el_class=&#8221;cajas-linea-info-a&#8221; width=&#8221;1\/3&#8243;][vc_column_text el_class=&#8221;linea-tiempo texto-linea&#8221;]Gabriel Figueroa r\u00e9alise les premiers tests photog\u00e9niques au format 35 mm.[\/vc_column_text][vc_column_text el_class=&#8221;linea-tiempo texto-linea&#8221;]Elle re\u00e7oit la proposition de s&#8217;appeler artistiquement Diana del Mar ou Marcia Maris, qu&#8217;elle rejette cat\u00e9goriquement.[\/vc_column_text][vc_column_text el_class=&#8221;linea-tiempo texto-linea&#8221;]Une \u00e9quipe de travail dirig\u00e9e par Fernando Palacios est int\u00e9gr\u00e9e pour soutenir ses d\u00e9buts au cin\u00e9ma avec des cours de com\u00e9die, de diction et de danse. La conception de l&#8217;image et de la garde-robe est en charge d&#8217;Armando Vald\u00e9s Peza.[\/vc_column_text][\/vc_column_inner][vc_column_inner el_class=&#8221;cajas-linea-info-c&#8221; width=&#8221;1\/3&#8243;][vc_column_text]<\/p>\n<div class=\"rectangulo-2\"><\/div>\n<p>[\/vc_column_text][\/vc_column_inner][vc_column_inner el_class=&#8221;cajas-linea-info-b&#8221; width=&#8221;1\/3&#8243;][vc_single_image image=&#8221;2416&#8243; img_size=&#8221;large&#8221; alignment=&#8221;center&#8221;][\/vc_column_inner][\/vc_row_inner][vc_row_inner content_placement=&#8221;middle&#8221; el_class=&#8221;cajas-linea&#8221;][vc_column_inner el_class=&#8221;cajas-linea-info-a&#8221; width=&#8221;1\/3&#8243;][vc_column_text el_class=&#8221;linea-tiempo texto-linea&#8221;]Sa premi\u00e8re apparition publique est au bal <em>Blanco y Negro <\/em>du Country Club de Mexico.[\/vc_column_text][vc_column_text el_class=&#8221;linea-tiempo texto-linea&#8221;]Ernesto Alonso, \u00e9galement nouveau venu dans le milieu, l&#8217;accompagne dans ses incursions cin\u00e9matographiques.[\/vc_column_text][\/vc_column_inner][vc_column_inner el_class=&#8221;cajas-linea-info-c&#8221; width=&#8221;1\/3&#8243;][vc_column_text]<\/p>\n<div class=\"rectangulo-2\"><\/div>\n<p>[\/vc_column_text][\/vc_column_inner][vc_column_inner el_class=&#8221;cajas-linea-info-b&#8221; width=&#8221;1\/3&#8243;][vc_single_image image=&#8221;2634&#8243; img_size=&#8221;large&#8221; alignment=&#8221;center&#8221;][\/vc_column_inner][\/vc_row_inner][\/vc_column][\/vc_row][vc_row full_width=&#8221;stretch_row_content_no_spaces&#8221; content_placement=&#8221;middle&#8221; css_animation=&#8221;fadeIn&#8221; el_class=&#8221;ajuste-caja&#8221;][vc_column][vc_row_inner][vc_column_inner][vc_wp_text el_class=&#8221;linea-tiempo&#8221;]<\/p>\n<h3 style=\"text-align: center;\">1942<\/h3>\n<h3 style=\"text-align: center;\"><\/h3>\n<p>[\/vc_wp_text][\/vc_column_inner][\/vc_row_inner][vc_row_inner content_placement=&#8221;middle&#8221; el_class=&#8221;cajas-linea&#8221;][vc_column_inner el_class=&#8221;cajas-linea-info-b&#8221; width=&#8221;1\/3&#8243;][vc_single_image image=&#8221;2419&#8243; img_size=&#8221;large&#8221; alignment=&#8221;center&#8221;][\/vc_column_inner][vc_column_inner el_class=&#8221;cajas-linea-info-c&#8221; width=&#8221;1\/3&#8243;][vc_column_text]<\/p>\n<div class=\"rectangulo-2\"><\/div>\n<p>[\/vc_column_text][\/vc_column_inner][vc_column_inner el_class=&#8221;cajas-linea-info-a&#8221; width=&#8221;1\/3&#8243;][vc_column_text el_class=&#8221;linea-tiempo texto-linea&#8221;]Sa carri\u00e8re cin\u00e9matographique a commenc\u00e9 avec le tournage de <strong><em>El Pe\u00f1\u00f3n de las \u00c1nimas <\/em><\/strong>dans l&#8217;interpr\u00e9tation de Mar\u00eda \u00c1ngela Valdivia.[\/vc_column_text][vc_column_text el_class=&#8221;linea-tiempo texto-linea&#8221;]La rivalit\u00e9 et les humiliations entre les protagonistes sont pr\u00e9sentes tout au long de cet ouvrage. Le d\u00e9saccord avec Jorge Negrete culmine dix ans plus tard dans l&#8217;appel <em>boda del siglo<\/em>.[\/vc_column_text][vc_column_text el_class=&#8221;linea-tiempo texto-linea&#8221;]Pendant le tournage, elle rencontre Ra\u00fal Prado, membre du Tr\u00edo Calaveras, avec qui la presse la raconte romantiquement; Je refuserais toujours le mariage promu.[\/vc_column_text][vc_column_text el_class=&#8221;linea-tiempo texto-linea&#8221;]Ses d\u00e9buts impliquent l&#8217;\u00e9clatement de la famille en raison du m\u00e9contentement de son p\u00e8re.[\/vc_column_text][\/vc_column_inner][\/vc_row_inner][vc_row_inner content_placement=&#8221;middle&#8221; el_class=&#8221;cajas-linea&#8221;][vc_column_inner el_class=&#8221;cajas-linea-info-b&#8221; width=&#8221;1\/3&#8243;][vc_single_image image=&#8221;2420&#8243; img_size=&#8221;large&#8221; alignment=&#8221;center&#8221;][\/vc_column_inner][vc_column_inner el_class=&#8221;cajas-linea-info-c&#8221; width=&#8221;1\/3&#8243;][vc_column_text]<\/p>\n<div class=\"rectangulo-2\"><\/div>\n<p>[\/vc_column_text][\/vc_column_inner][vc_column_inner el_class=&#8221;cajas-linea-info-a&#8221; width=&#8221;1\/3&#8243;][vc_column_text el_class=&#8221;linea-tiempo texto-linea&#8221;]Filme son deuxi\u00e8me film <strong><em>Mar\u00eda Eugenia <\/em><\/strong>et elle rencontre l&#8217;arch\u00e9type qui d\u00e9finit nombre de ses r\u00f4les \u00e0 l&#8217;\u00e9cran: celui d&#8217;une femme sans scrupules orient\u00e9e vers le progr\u00e8s \u00e9conomique et social.[\/vc_column_text][vc_column_text el_class=&#8221;linea-tiempo texto-linea&#8221;]Il prend la seule image dans laquelle son anatomie est appr\u00e9ci\u00e9e en maillot de bain; il devient un ph\u00e9nom\u00e8ne de censure et de culte de la part de ses admirateurs.[\/vc_column_text][vc_column_text el_class=&#8221;linea-tiempo texto-linea&#8221;]Il se rend dans la ville de Los Angeles, en Californie, pour voir le monde du cin\u00e9ma qui ne l&#8217;a jamais int\u00e9ress\u00e9 professionnellement. Cela co\u00efncide avec Greta Garbo.[\/vc_column_text][\/vc_column_inner][\/vc_row_inner][\/vc_column][\/vc_row][vc_row full_width=&#8221;stretch_row_content_no_spaces&#8221; content_placement=&#8221;middle&#8221; css_animation=&#8221;fadeIn&#8221; el_class=&#8221;ajuste-caja&#8221;][vc_column][vc_row_inner][vc_column_inner][vc_wp_text el_class=&#8221;linea-tiempo&#8221;]<\/p>\n<h3 style=\"text-align: center;\">1943<\/h3>\n<p>[\/vc_wp_text][\/vc_column_inner][\/vc_row_inner][vc_row_inner content_placement=&#8221;middle&#8221; el_class=&#8221;cajas-linea&#8221;][vc_column_inner el_class=&#8221;cajas-linea-info-a&#8221; width=&#8221;1\/3&#8243;][vc_column_text el_class=&#8221;linea-tiempo texto-linea&#8221;]La circonstance favorable l&#8217;am\u00e8ne \u00e0 rencontrer le r\u00f4le qui anime sa carri\u00e8re professionnelle et transcende de jour en jour au cours de sa vie: Do\u00f1a B\u00e1rbara.[\/vc_column_text][vc_column_text el_class=&#8221;linea-tiempo texto-linea&#8221;]La B\u00e1rbara R\u00f3mulo Gallegos cohabite pour toujours avec la Do\u00f1a comme elle est connue depuis lors. R\u00e9alit\u00e9 et fiction ne font plus qu&#8217;un, \u00e9rigeant en Marie la personnalit\u00e9 qui surprend le monde envahi par sa pr\u00e9sence.[\/vc_column_text][vc_column_text el_class=&#8221;linea-tiempo texto-linea&#8221;]Le succ\u00e8s <strong>Do\u00f1a B\u00e1rbara <\/strong>n&#8217;attend pas. Les fronti\u00e8res latino-am\u00e9ricaines succombent \u00e0 sa force interpr\u00e9tative.[\/vc_column_text][vc_column_text el_class=&#8221;linea-tiempo texto-linea&#8221;]Gr\u00e2ce \u00e0 Fernando Palacios dans le r\u00f4le de r\u00e9alisateur, il a film\u00e9 le<strong> China Poblana<\/strong>. Elle n&#8217;est jamais fi\u00e8re du r\u00e9sultat du film, elle le consid\u00e8re comme son \u00abp\u00e9ch\u00e9 de d\u00e9butant\u00bb. Le 24 mars 1982, les copies existantes sont perdues dans l&#8217;incendie du cin\u00e9ma national.[\/vc_column_text][\/vc_column_inner][vc_column_inner el_class=&#8221;cajas-linea-info-c&#8221; width=&#8221;1\/3&#8243;][vc_column_text]<\/p>\n<div class=\"rectangulo-2\"><\/div>\n<p>[\/vc_column_text][\/vc_column_inner][vc_column_inner el_class=&#8221;cajas-linea-info-b&#8221; width=&#8221;1\/3&#8243;][vc_single_image image=&#8221;3272&#8243; img_size=&#8221;large&#8221; alignment=&#8221;center&#8221;][\/vc_column_inner][\/vc_row_inner][vc_row_inner content_placement=&#8221;middle&#8221; el_class=&#8221;cajas-linea&#8221;][vc_column_inner el_class=&#8221;cajas-linea-info-a&#8221; width=&#8221;1\/3&#8243;][vc_column_text el_class=&#8221;linea-tiempo texto-linea&#8221;]Pendant le tournage de<strong> La Mujer sin Alma<\/strong>, pour la premi\u00e8re fois, l&#8217;\u00e9cran le voit chanter, interpr\u00e9ter le th\u00e8me <em>Tuya<\/em>,sous une voix doubl\u00e9e.[\/vc_column_text][vc_column_text el_class=&#8221;linea-tiempo texto-linea&#8221;]Elle commence \u00e0 consolider son image de mangeur d&#8217;hommes et de star de cin\u00e9ma mexicaine avec la plus grande personnalit\u00e9.[\/vc_column_text][vc_column_text el_class=&#8221;linea-tiempo texto-linea&#8221;]Lors de la premi\u00e8re de Do\u00f1a B\u00e1rbara Tito Novaro lui pr\u00e9sente officiellement Agust\u00edn Lara. Pendant les semaines de parade nuptiale, ils fr\u00e9quentent les Ciro, Sal\u00f3n M\u00e9xico, Leda et Esmirna.[\/vc_column_text][\/vc_column_inner][vc_column_inner el_class=&#8221;cajas-linea-info-c&#8221; width=&#8221;1\/3&#8243;][vc_column_text]<\/p>\n<div class=\"rectangulo-2\"><\/div>\n<p>[\/vc_column_text][\/vc_column_inner][vc_column_inner el_class=&#8221;cajas-linea-info-b&#8221; width=&#8221;1\/3&#8243;][vc_single_image image=&#8221;2423&#8243; img_size=&#8221;large&#8221; alignment=&#8221;center&#8221;][\/vc_column_inner][\/vc_row_inner][vc_row_inner content_placement=&#8221;middle&#8221; el_class=&#8221;cajas-linea&#8221;][vc_column_inner el_class=&#8221;cajas-linea-info-a&#8221; width=&#8221;1\/3&#8243;][vc_column_text el_class=&#8221;linea-tiempo texto-linea&#8221;]Il commence sa relation avec Lara qui lui donnera sa premi\u00e8re chanson: Sortez la tub\u00e9reuse, brune. Peu de temps apr\u00e8s, elle a d\u00e9m\u00e9nag\u00e9 dans une r\u00e9sidence \u00e0 Galileo 37 et a \u00e9t\u00e9 divertie par le musicien po\u00e8te avec des compositions, des fourrures et des bijoux.[\/vc_column_text][\/vc_column_inner][vc_column_inner el_class=&#8221;cajas-linea-info-c&#8221; width=&#8221;1\/3&#8243;][vc_column_text]<\/p>\n<div class=\"rectangulo-2\"><\/div>\n<p>[\/vc_column_text][\/vc_column_inner][vc_column_inner el_class=&#8221;cajas-linea-info-b&#8221; width=&#8221;1\/3&#8243;][vc_single_image image=&#8221;2426&#8243; img_size=&#8221;large&#8221; alignment=&#8221;center&#8221;][\/vc_column_inner][\/vc_row_inner][\/vc_column][\/vc_row][vc_row full_width=&#8221;stretch_row_content_no_spaces&#8221; content_placement=&#8221;middle&#8221; css_animation=&#8221;fadeIn&#8221; el_class=&#8221;ajuste-caja&#8221;][vc_column][vc_row_inner][vc_column_inner][vc_wp_text el_class=&#8221;linea-tiempo&#8221;]<\/p>\n<h3 style=\"text-align: center;\">1944<\/h3>\n<p>[\/vc_wp_text][\/vc_column_inner][\/vc_row_inner][vc_row_inner content_placement=&#8221;middle&#8221; el_class=&#8221;cajas-linea&#8221;][vc_column_inner el_class=&#8221;cajas-linea-info-b&#8221; width=&#8221;1\/3&#8243;][\/vc_column_inner][vc_column_inner el_class=&#8221;cajas-linea-info-c&#8221; width=&#8221;1\/3&#8243;][vc_column_text]<\/p>\n<div class=\"rectangulo-2\"><\/div>\n<p>[\/vc_column_text][\/vc_column_inner][vc_column_inner el_class=&#8221;cajas-linea-info-a&#8221; width=&#8221;1\/3&#8243;][vc_column_text el_class=&#8221;linea-tiempo texto-linea&#8221;]Film <strong>La Monja Alf\u00e9rez<\/strong>, dans lequel le public a l&#8217;occasion de la voir habill\u00e9e en mousquetaire nomm\u00e9 Don Alonso et portant des habits dans le r\u00f4le de Catalina Erauso.[\/vc_column_text][\/vc_column_inner][\/vc_row_inner][vc_row_inner content_placement=&#8221;middle&#8221; el_class=&#8221;cajas-linea&#8221;][vc_column_inner el_class=&#8221;cajas-linea-info-b&#8221; width=&#8221;1\/3&#8243;][vc_single_image image=&#8221;2503&#8243; img_size=&#8221;large&#8221; alignment=&#8221;center&#8221;][\/vc_column_inner][vc_column_inner el_class=&#8221;cajas-linea-info-c&#8221; width=&#8221;1\/3&#8243;][vc_column_text]<\/p>\n<div class=\"rectangulo-2\"><\/div>\n<p>[\/vc_column_text][\/vc_column_inner][vc_column_inner el_class=&#8221;cajas-linea-info-a&#8221; width=&#8221;1\/3&#8243;][vc_column_text el_class=&#8221;linea-tiempo texto-linea&#8221;]Sous un pr\u00e9texte internationaliste, il joue <strong>Amok<\/strong>, bas\u00e9 sur le travail de l&#8217;\u00e9crivain autrichien Stefan Zweig. Encore une fois un double r\u00f4le, \u00e0 l&#8217;exception de son image tourn\u00e9e vers la blonde; un dispositif malheureux dans la m\u00e9moire visuelle de l&#8217;actrice.[\/vc_column_text][\/vc_column_inner][\/vc_row_inner][vc_row_inner content_placement=&#8221;middle&#8221; el_class=&#8221;cajas-linea&#8221;][vc_column_inner el_class=&#8221;cajas-linea-info-b&#8221; width=&#8221;1\/3&#8243;][vc_single_image image=&#8221;2429&#8243; img_size=&#8221;large&#8221; alignment=&#8221;center&#8221;][\/vc_column_inner][vc_column_inner el_class=&#8221;cajas-linea-info-c&#8221; width=&#8221;1\/3&#8243;][vc_column_text]<\/p>\n<div class=\"rectangulo-2\"><\/div>\n<p>[\/vc_column_text][\/vc_column_inner][vc_column_inner el_class=&#8221;cajas-linea-info-a&#8221; width=&#8221;1\/3&#8243;][vc_column_text el_class=&#8221;linea-tiempo texto-linea&#8221;]Les cabarets et les corridas sont une sc\u00e8ne fr\u00e9quente o\u00f9 elle est accompagn\u00e9e par Agust\u00edn Lara.[\/vc_column_text][\/vc_column_inner][\/vc_row_inner][vc_row_inner content_placement=&#8221;middle&#8221; el_class=&#8221;cajas-linea&#8221;][vc_column_inner el_class=&#8221;cajas-linea-info-b&#8221; width=&#8221;1\/3&#8243;][vc_single_image image=&#8221;2430&#8243; img_size=&#8221;large&#8221; alignment=&#8221;center&#8221;][\/vc_column_inner][vc_column_inner el_class=&#8221;cajas-linea-info-c&#8221; width=&#8221;1\/3&#8243;][vc_column_text]<\/p>\n<div class=\"rectangulo-2\"><\/div>\n<p>[\/vc_column_text][\/vc_column_inner][vc_column_inner el_class=&#8221;cajas-linea-info-a&#8221; width=&#8221;1\/3&#8243;][vc_column_text el_class=&#8221;linea-tiempo texto-linea&#8221;]Avec le soutien de Lara, elle r\u00e9cup\u00e8re son fils Quique suite \u00e0 un enl\u00e8vement pr\u00e9sum\u00e9.[\/vc_column_text][\/vc_column_inner][\/vc_row_inner][\/vc_column][\/vc_row][vc_row full_width=&#8221;stretch_row_content_no_spaces&#8221; content_placement=&#8221;middle&#8221; css_animation=&#8221;fadeIn&#8221; el_class=&#8221;ajuste-caja&#8221;][vc_column][vc_row_inner][vc_column_inner][vc_wp_text el_class=&#8221;linea-tiempo&#8221;]<\/p>\n<h3 style=\"text-align: center;\">1945<\/h3>\n<p>[\/vc_wp_text][\/vc_column_inner][\/vc_row_inner][vc_row_inner content_placement=&#8221;middle&#8221; el_class=&#8221;cajas-linea&#8221;][vc_column_inner el_class=&#8221;cajas-linea-info-a&#8221; width=&#8221;1\/3&#8243;][vc_column_text el_class=&#8221;linea-tiempo texto-linea&#8221;]Star de cin\u00e9ma culte. Le r\u00e9alisateur Julio Bracho cherche \u00e0 faire un film d&#8217;\u00e9rudition. Les dialogues de <strong>El Monje Blanco <\/strong>Ils sont travaill\u00e9s avec la th\u00e9\u00e2tralit\u00e9 du vers d&#8217;Eduardo Marquina et Javier Villaurrutia, qui n\u00e9cessite une capacit\u00e9 de m\u00e9moire et une diction qui surpasse toute histoire de b\u00e9gaiement.[\/vc_column_text][\/vc_column_inner][vc_column_inner el_class=&#8221;cajas-linea-info-c&#8221; width=&#8221;1\/3&#8243;][vc_column_text]<\/p>\n<div class=\"rectangulo-2\"><\/div>\n<p>[\/vc_column_text][\/vc_column_inner][vc_column_inner el_class=&#8221;cajas-linea-info-b&#8221; width=&#8221;1\/3&#8243;][vc_single_image image=&#8221;2504&#8243; img_size=&#8221;large&#8221; alignment=&#8221;center&#8221;][\/vc_column_inner][\/vc_row_inner][vc_row_inner content_placement=&#8221;middle&#8221; el_class=&#8221;cajas-linea&#8221;][vc_column_inner el_class=&#8221;cajas-linea-info-a&#8221; width=&#8221;1\/3&#8243;][vc_column_text el_class=&#8221;linea-tiempo texto-linea&#8221;]Au moment o\u00f9 Antonio Momplet filme <strong>V\u00e9rtigo<\/strong>, c&#8217;est une star capable de diriger ses r\u00e9alisateurs, de nouer des alliances avec des journalistes et de recueillir les \u00e9loges des critiques de cin\u00e9ma.[\/vc_column_text][vc_column_text el_class=&#8221;linea-tiempo texto-linea&#8221;]Succ\u00e8s et c\u00e9l\u00e9brit\u00e9 lui permettent de se positionner au sommet de la masse salariale devant tout acteur national et le public rend hommage \u00e0 son travail.[\/vc_column_text][vc_column_text el_class=&#8221;linea-tiempo texto-linea&#8221;]L&#8217;int\u00e9r\u00eat pour la vie des femmes et l&#8217;oubli qui est g\u00e9n\u00e9ralement port\u00e9 par l&#8217;actrice se d\u00e9marque dans la presse.[\/vc_column_text][vc_column_text el_class=&#8221;linea-tiempo texto-linea&#8221;]Le 24 d\u00e9cembre, il \u00e9pouse Agust\u00edn Lara \u00e0 son domicile de Polanco.[\/vc_column_text][\/vc_column_inner][vc_column_inner el_class=&#8221;cajas-linea-info-c&#8221; width=&#8221;1\/3&#8243;][vc_column_text]<\/p>\n<div class=\"rectangulo-2\"><\/div>\n<p>[\/vc_column_text][\/vc_column_inner][vc_column_inner el_class=&#8221;cajas-linea-info-b&#8221; width=&#8221;1\/3&#8243;][vc_single_image image=&#8221;2505&#8243; img_size=&#8221;large&#8221; alignment=&#8221;center&#8221;][\/vc_column_inner][\/vc_row_inner][vc_row_inner content_placement=&#8221;middle&#8221; el_class=&#8221;cajas-linea&#8221;][vc_column_inner el_class=&#8221;cajas-linea-info-a&#8221; width=&#8221;1\/3&#8243;][vc_column_text el_class=&#8221;linea-tiempo texto-linea&#8221;]Lors de sa lune de miel \u00e0 l&#8217;h\u00f4tel Papagayos \u00e0 Acapulco, Lara lui pr\u00e9sente l&#8217;hymne \u00e9ternel: Mar\u00eda Bonita.[\/vc_column_text][\/vc_column_inner][vc_column_inner el_class=&#8221;cajas-linea-info-c&#8221; width=&#8221;1\/3&#8243;][vc_column_text]<\/p>\n<div class=\"rectangulo-2\"><\/div>\n<p>[\/vc_column_text][\/vc_column_inner][vc_column_inner el_class=&#8221;cajas-linea-info-b&#8221; width=&#8221;1\/3&#8243;][vc_single_image image=&#8221;2617&#8243; img_size=&#8221;large&#8221; alignment=&#8221;center&#8221;][\/vc_column_inner][\/vc_row_inner][\/vc_column][\/vc_row][vc_row full_width=&#8221;stretch_row_content_no_spaces&#8221; content_placement=&#8221;middle&#8221; css_animation=&#8221;fadeIn&#8221; el_class=&#8221;ajuste-caja&#8221;][vc_column][vc_row_inner][vc_column_inner][vc_wp_text el_class=&#8221;linea-tiempo&#8221;]<\/p>\n<h3 style=\"text-align: center;\">1946<\/h3>\n<p>[\/vc_wp_text][\/vc_column_inner][\/vc_row_inner][vc_row_inner content_placement=&#8221;middle&#8221; el_class=&#8221;cajas-linea&#8221;][vc_column_inner el_class=&#8221;cajas-linea-info-b&#8221; width=&#8221;1\/3&#8243;][vc_single_image image=&#8221;2508&#8243; img_size=&#8221;large&#8221; alignment=&#8221;center&#8221;][\/vc_column_inner][vc_column_inner el_class=&#8221;cajas-linea-info-c&#8221; width=&#8221;1\/3&#8243;][vc_column_text]<\/p>\n<div class=\"rectangulo-2\"><\/div>\n<p>[\/vc_column_text][\/vc_column_inner][vc_column_inner el_class=&#8221;cajas-linea-info-a&#8221; width=&#8221;1\/3&#8243;][vc_column_text el_class=&#8221;linea-tiempo texto-linea&#8221;]\u00c0 la liste de ses r\u00f4les de destructeur d&#8217;hommes, elle ajoute <strong>La Devoradora, <\/strong>Diana de Arellano, un personnage avec lequel il capitalise sur son succ\u00e8s, au service du mythe d\u00e9j\u00e0 \u00e9tabli d&#8217;une femme \u00e9blouissante perverse dans laquelle survit la Do\u00f1a.[\/vc_column_text][vc_column_text el_class=&#8221;linea-tiempo texto-linea&#8221;]La perception du public indique qu&#8217;elle semble \u00eatre elle-m\u00eame dans chaque repr\u00e9sentation.[\/vc_column_text][vc_column_text el_class=&#8221;linea-tiempo texto-linea&#8221;]L&#8217;espace mim\u00e9tique entre r\u00e9alit\u00e9 et fiction est de plus en plus \u00e9troit, auquel s&#8217;ajoute un critique sp\u00e9cialis\u00e9 dans lequel un itin\u00e9raire est balis\u00e9: <em> Do\u00f1a B\u00e1rbara <\/em> devient un d\u00e9voreur sans \u00e2me. <em>La mujer sin alma<\/em>, une dame d\u00e9vorante et la <em>Devoradora<\/em>, une dame sans \u00e2me.[\/vc_column_text][\/vc_column_inner][\/vc_row_inner][vc_row_inner content_placement=&#8221;middle&#8221; el_class=&#8221;cajas-linea&#8221;][vc_column_inner el_class=&#8221;cajas-linea-info-b&#8221; width=&#8221;1\/3&#8243;][vc_single_image image=&#8221;3270&#8243; img_size=&#8221;large&#8221; alignment=&#8221;center&#8221;][\/vc_column_inner][vc_column_inner el_class=&#8221;cajas-linea-info-c&#8221; width=&#8221;1\/3&#8243;][vc_column_text]<\/p>\n<div class=\"rectangulo-2\"><\/div>\n<p>[\/vc_column_text][\/vc_column_inner][vc_column_inner el_class=&#8221;cajas-linea-info-a&#8221; width=&#8221;1\/3&#8243;][vc_column_text el_class=&#8221;linea-tiempo texto-linea&#8221;]Dans le film <strong>La Mujer de todos <\/strong> Ernesto Alonso participe bri\u00e8vement au r\u00f4le d&#8217;un amant suicidaire. V\u00eatue d&#8217;une robe embl\u00e9matique, l&#8217;actrice d\u00e9veloppe une s\u00e9quence exceptionnelle pour l&#8217;histoire du cin\u00e9ma national en d\u00e9peignant la froideur et le despotisme du personnage.<br \/>\nERNESTO:\u00a0\u00a0\u00a0\u00a0\u00a0\u00a0 Mi padre lo sabe todo y estoy perdido. \u00a1No s\u00e9 qu\u00e9 hacer!<\/p>\n<p>MAR\u00cdA:\u00a0 \u00a0 \u00a0 \u00a0 \u00a0 \u00a0 \u00a0Rentrez chez vous et demandez pardon.<\/p>\n<p>ERNESTO:\u00a0\u00a0\u00a0\u00a0\u00a0\u00a0 No s\u00e9 pedir perd\u00f3n.<\/p>\n<p>MAR\u00cdA:\u00a0 \u00a0 \u00a0 \u00a0 \u00a0 \u00a0 \u00a0Apprendre.<\/p>\n<p>ERNESTO:\u00a0\u00a0\u00a0\u00a0\u00a0\u00a0\u00a0\u00a0 Et notre amour? Maria, j&#8217;ai du mal \u00e0 croire que tu viens \u00e0 ce d\u00eener.<\/p>\n<p>MAR\u00cdA:\u00a0\u00a0\u00a0\u00a0\u00a0\u00a0\u00a0\u00a0\u00a0\u00a0\u00a0\u00a0 Apprenez \u00e0 oublier aussi.<\/p>\n<p>ERNESTO:\u00a0\u00a0\u00a0\u00a0\u00a0\u00a0\u00a0 C&#8217;est tout ce que tu as \u00e0 me dire?<\/p>\n<p>MAR\u00cdA:\u00a0\u00a0\u00a0\u00a0\u00a0\u00a0\u00a0\u00a0 Et que pourrais-je vous dire d&#8217;autre?<\/p>\n<p>ERNESTO:\u00a0\u00a0\u00a0\u00a0\u00a0\u00a0 Un mot qui m&#8217;aide \u00e0 vivre.<\/p>\n<p>MAR\u00cdA:\u00a0 \u00a0 \u00a0 \u00a0 \u00a0 \u00a0 \u00a0Oublie moi.[\/vc_column_text][\/vc_column_inner][\/vc_row_inner][vc_row_inner content_placement=&#8221;middle&#8221; el_class=&#8221;cajas-linea&#8221;][vc_column_inner el_class=&#8221;cajas-linea-info-b&#8221; width=&#8221;1\/3&#8243;][vc_single_image image=&#8221;3271&#8243; img_size=&#8221;large&#8221; alignment=&#8221;center&#8221;][\/vc_column_inner][vc_column_inner el_class=&#8221;cajas-linea-info-c&#8221; width=&#8221;1\/3&#8243;][vc_column_text]<\/p>\n<div class=\"rectangulo-2\"><\/div>\n<p>[\/vc_column_text][\/vc_column_inner][vc_column_inner el_class=&#8221;cajas-linea-info-a&#8221; width=&#8221;1\/3&#8243;][vc_column_text el_class=&#8221;linea-tiempo texto-linea&#8221;]Commencer avec <strong>Enamorada <\/strong>une sorte de genre nationaliste po\u00e9tique dans sa carri\u00e8re, qui lui permet la reconnaissance de l&#8217;Acad\u00e9mie mexicaine et l&#8217;obtention de r\u00e9compenses internationales. Le film est consid\u00e9r\u00e9 comme l&#8217;un des plus beaux du cin\u00e9ma national en raison de la photographie de Gabriel Figueroa, de la fra\u00eecheur de l&#8217;histoire et de l&#8217;interpr\u00e9tation du couple passionn\u00e9 avec Pedro Armend\u00e1riz.[\/vc_column_text][\/vc_column_inner][\/vc_row_inner][vc_row_inner content_placement=&#8221;middle&#8221; el_class=&#8221;cajas-linea&#8221;][vc_column_inner el_class=&#8221;cajas-linea-info-b&#8221; width=&#8221;1\/3&#8243;][vc_single_image image=&#8221;2511&#8243; img_size=&#8221;large&#8221; alignment=&#8221;center&#8221;][\/vc_column_inner][vc_column_inner el_class=&#8221;cajas-linea-info-c&#8221; width=&#8221;1\/3&#8243;][vc_column_text]<\/p>\n<div class=\"rectangulo-2\"><\/div>\n<p>[\/vc_column_text][\/vc_column_inner][vc_column_inner el_class=&#8221;cajas-linea-info-a&#8221; width=&#8221;1\/3&#8243;][vc_column_text el_class=&#8221;linea-tiempo texto-linea&#8221;]El escritor adapta el gui\u00f3n y le hace un gran regalo a su carrera; la serenata de <em>La Malague\u00f1a <\/em>donde se aprecia un largo <em>Close Up <\/em>de sus ojos con intercortes a Pedro. Un especial encuadre por parte de Figueroa, el cual, diversos fot\u00f3grafos en la historia de cine han tratado de igualar sin conseguirlo.[\/vc_column_text][\/vc_column_inner][\/vc_row_inner][vc_row_inner content_placement=&#8221;middle&#8221; el_class=&#8221;cajas-linea&#8221;][vc_column_inner el_class=&#8221;cajas-linea-info-b&#8221; width=&#8221;1\/3&#8243;][vc_single_image image=&#8221;2513&#8243; img_size=&#8221;large&#8221; alignment=&#8221;center&#8221;][\/vc_column_inner][vc_column_inner el_class=&#8221;cajas-linea-info-c&#8221; width=&#8221;1\/3&#8243;][vc_column_text]<\/p>\n<div class=\"rectangulo-2\"><\/div>\n<p>[\/vc_column_text][\/vc_column_inner][vc_column_inner el_class=&#8221;cajas-linea-info-a&#8221; width=&#8221;1\/3&#8243;][vc_column_text el_class=&#8221;linea-tiempo texto-linea&#8221;]Avec le long m\u00e9trage, il re\u00e7oit son premier Ariel pour sa performance stellaire. Son avancement professionnel sera accompagn\u00e9 d\u00e8s ce moment par la direction de personnes consacr\u00e9es comme Emilio, Indio Fern\u00e1ndez.[\/vc_column_text][vc_column_text el_class=&#8221;linea-tiempo texto-linea&#8221;]\u00c0 l&#8217;appellation de <em>La Do\u00f1a <\/em>celui de<em>Mar\u00eda Bonita<\/em>.[\/vc_column_text][\/vc_column_inner][\/vc_row_inner][vc_row_inner content_placement=&#8221;middle&#8221; el_class=&#8221;cajas-linea&#8221;][vc_column_inner el_class=&#8221;cajas-linea-info-b&#8221; width=&#8221;1\/3&#8243;][vc_single_image image=&#8221;2518&#8243; img_size=&#8221;large&#8221; alignment=&#8221;center&#8221;][\/vc_column_inner][vc_column_inner el_class=&#8221;cajas-linea-info-c&#8221; width=&#8221;1\/3&#8243;][vc_column_text]<\/p>\n<div class=\"rectangulo-2\"><\/div>\n<p>[\/vc_column_text][\/vc_column_inner][vc_column_inner el_class=&#8221;cajas-linea-info-a&#8221; width=&#8221;1\/3&#8243;][vc_column_text el_class=&#8221;linea-tiempo texto-linea&#8221;]Il rencontre le politicien et homme d&#8217;affaires Jorge Pasquel qui lui donne des bijoux co\u00fbteux et est impliqu\u00e9 dans une relation amoureuse.[\/vc_column_text][vc_column_text el_class=&#8221;linea-tiempo texto-linea&#8221;]Elle \u00e9tablit des relations commerciales avec les principales maisons de haute couture europ\u00e9ennes qui importent sa garde-robe via New York.[\/vc_column_text][vc_column_text el_class=&#8221;linea-tiempo texto-linea&#8221;]Sa passion pour les objets anciens fait d&#8217;elle une d\u00e9butante connaisseuse d&#8217;antiquit\u00e9s, ce qui deviendra une obsession des ann\u00e9es plus tard.[\/vc_column_text][\/vc_column_inner][\/vc_row_inner][\/vc_column][\/vc_row][vc_row full_width=&#8221;stretch_row_content_no_spaces&#8221; content_placement=&#8221;middle&#8221; css_animation=&#8221;fadeIn&#8221; el_class=&#8221;ajuste-caja&#8221;][vc_column][vc_row_inner][vc_column_inner][vc_wp_text el_class=&#8221;linea-tiempo&#8221;]<\/p>\n<h3 style=\"text-align: center;\">1947<\/h3>\n<p>[\/vc_wp_text][\/vc_column_inner][\/vc_row_inner][vc_row_inner content_placement=&#8221;middle&#8221; el_class=&#8221;cajas-linea&#8221;][vc_column_inner el_class=&#8221;cajas-linea-info-a&#8221; width=&#8221;1\/3&#8243;][vc_column_text el_class=&#8221;linea-tiempo texto-linea&#8221;]Peu \u00e0 peu, le travail d&#8217;acteur lui donne une reconnaissance internationale et la possibilit\u00e9 de travailler avec des r\u00e9alisateurs de la stature Luis Bu\u00f1uel, Luis Saslavsky et Jean Renoir, entre autres.[\/vc_column_text][vc_column_text el_class=&#8221;linea-tiempo texto-linea&#8221;]Dans <strong>Que Dios me perdone<\/strong>, revient \u00e0 la sph\u00e8re artificielle et internationale que soumet le nationalisme po\u00e9tique comme produit de la Seconde Guerre mondiale.[\/vc_column_text][vc_column_text el_class=&#8221;linea-tiempo texto-linea&#8221;]Cinq ans apr\u00e8s ses d\u00e9buts, sa pluralit\u00e9 interpr\u00e9tative oscille entre les th\u00e8mes mexicains et le monde ext\u00e9rieur. Ainsi, le passage de <em>La diosa arrodilla <\/em>a <em>R\u00edo Escondido<\/em>, de <em>Que Dios me perdone <\/em>a <em>Maclovia<\/em>, de <em>Los h\u00e9roes est\u00e1n fatigados <\/em>a <em>La Escondida, <\/em>\u00e9lections d\u00e9riv\u00e9es de la signature de contrats d&#8217;exclusivit\u00e9 et d&#8217;engagements convenus pour les ann\u00e9es suivantes.[\/vc_column_text][vc_column_text el_class=&#8221;linea-tiempo texto-linea&#8221;]Il se s\u00e9pare d&#8217;Agust\u00edn Lara. Avec ses propres ressources, il ach\u00e8te une maison dans la rue Arist\u00f3teles, Polanco.[\/vc_column_text][\/vc_column_inner][vc_column_inner el_class=&#8221;cajas-linea-info-c&#8221; width=&#8221;1\/3&#8243;][vc_column_text]<\/p>\n<div class=\"rectangulo-2\"><\/div>\n<p>[\/vc_column_text][\/vc_column_inner][vc_column_inner el_class=&#8221;cajas-linea-info-b&#8221; width=&#8221;1\/3&#8243;][vc_single_image image=&#8221;2522&#8243; img_size=&#8221;large&#8221; alignment=&#8221;center&#8221;][\/vc_column_inner][\/vc_row_inner][vc_row_inner content_placement=&#8221;middle&#8221; el_class=&#8221;cajas-linea&#8221;][vc_column_inner el_class=&#8221;cajas-linea-info-a&#8221; width=&#8221;1\/3&#8243;][vc_column_text el_class=&#8221;linea-tiempo texto-linea&#8221;]Vous d\u00e9cidez de donner \u00e0 votre fils une \u00e9ducation dans des acad\u00e9mies militaires au Canada et aux \u00c9tats-Unis.[\/vc_column_text][\/vc_column_inner][vc_column_inner el_class=&#8221;cajas-linea-info-c&#8221; width=&#8221;1\/3&#8243;][vc_column_text]<\/p>\n<div class=\"rectangulo-2\"><\/div>\n<p>[\/vc_column_text][\/vc_column_inner][vc_column_inner el_class=&#8221;cajas-linea-info-b&#8221; width=&#8221;1\/3&#8243;][vc_single_image image=&#8221;2618&#8243; img_size=&#8221;large&#8221; alignment=&#8221;center&#8221;][\/vc_column_inner][\/vc_row_inner][vc_row_inner content_placement=&#8221;middle&#8221; el_class=&#8221;cajas-linea&#8221;][vc_column_inner el_class=&#8221;cajas-linea-info-a&#8221; width=&#8221;1\/3&#8243;][vc_column_text el_class=&#8221;linea-tiempo texto-linea&#8221;]Il entame une relation professionnelle et amicale avec le producteur espagnol Ces\u00e1reo Gonz\u00e1lez.[\/vc_column_text][\/vc_column_inner][vc_column_inner el_class=&#8221;cajas-linea-info-c&#8221; width=&#8221;1\/3&#8243;][vc_column_text]<\/p>\n<div class=\"rectangulo-2\"><\/div>\n<p>[\/vc_column_text][\/vc_column_inner][vc_column_inner el_class=&#8221;cajas-linea-info-b&#8221; width=&#8221;1\/3&#8243;][vc_single_image image=&#8221;2521&#8243; img_size=&#8221;large&#8221; alignment=&#8221;center&#8221;][\/vc_column_inner][\/vc_row_inner][\/vc_column][\/vc_row][vc_row full_width=&#8221;stretch_row_content_no_spaces&#8221; content_placement=&#8221;middle&#8221; css_animation=&#8221;fadeIn&#8221; el_class=&#8221;ajuste-caja&#8221;][vc_column][vc_row_inner][vc_column_inner][vc_wp_text el_class=&#8221;linea-tiempo&#8221;]<\/p>\n<h3 style=\"text-align: center;\">1948<\/h3>\n<p>[\/vc_wp_text][\/vc_column_inner][\/vc_row_inner][vc_row_inner content_placement=&#8221;middle&#8221; el_class=&#8221;cajas-linea&#8221;][vc_column_inner el_class=&#8221;cajas-linea-info-b&#8221; width=&#8221;1\/3&#8243;][vc_single_image image=&#8221;2817&#8243; img_size=&#8221;large&#8221; alignment=&#8221;center&#8221;][\/vc_column_inner][vc_column_inner el_class=&#8221;cajas-linea-info-c&#8221; width=&#8221;1\/3&#8243;][vc_column_text]<\/p>\n<div class=\"rectangulo-2\"><\/div>\n<p>[\/vc_column_text][\/vc_column_inner][vc_column_inner el_class=&#8221;cajas-linea-info-a&#8221; width=&#8221;1\/3&#8243;][vc_column_text el_class=&#8221;linea-tiempo texto-linea&#8221;]Le film<strong>R\u00edo Escondido <\/strong>e m\u00e9rite une seconde reconnaissance de la part de l&#8217;Acad\u00e9mie mexicaine des arts et des sciences en lui d\u00e9cernant l&#8217;Ariel pour la meilleure performance de l&#8217;ann\u00e9e pour le r\u00f4le de Rosaura Salazar.[\/vc_column_text][\/vc_column_inner][\/vc_row_inner][vc_row_inner content_placement=&#8221;middle&#8221; el_class=&#8221;cajas-linea&#8221;][vc_column_inner el_class=&#8221;cajas-linea-info-b&#8221; width=&#8221;1\/3&#8243;][vc_single_image image=&#8221;2818&#8243; img_size=&#8221;large&#8221; alignment=&#8221;center&#8221;][\/vc_column_inner][vc_column_inner el_class=&#8221;cajas-linea-info-c&#8221; width=&#8221;1\/3&#8243;][vc_column_text]<\/p>\n<div class=\"rectangulo-2\"><\/div>\n<p>[\/vc_column_text][\/vc_column_inner][vc_column_inner el_class=&#8221;cajas-linea-info-a&#8221; width=&#8221;1\/3&#8243;][vc_column_text el_class=&#8221;linea-tiempo texto-linea&#8221;]Il rencontre Diego Rivera en posant pour lui avec un enfant dans ses bras pour le portrait M\u00e8re mexicaine. Le peintre lui donne le trait de fusain qu&#8217;il a gard\u00e9 toute sa vie, ainsi que son \u00e9troite amiti\u00e9.[\/vc_column_text][\/vc_column_inner][\/vc_row_inner][vc_row_inner content_placement=&#8221;middle&#8221; el_class=&#8221;cajas-linea&#8221;][vc_column_inner el_class=&#8221;cajas-linea-info-b&#8221; width=&#8221;1\/3&#8243;][vc_single_image image=&#8221;2524&#8243; img_size=&#8221;large&#8221; alignment=&#8221;center&#8221;][\/vc_column_inner][vc_column_inner el_class=&#8221;cajas-linea-info-c&#8221; width=&#8221;1\/3&#8243;][vc_column_text]<\/p>\n<div class=\"rectangulo-2\"><\/div>\n<p>[\/vc_column_text][\/vc_column_inner][vc_column_inner el_class=&#8221;cajas-linea-info-a&#8221; width=&#8221;1\/3&#8243;][vc_column_text el_class=&#8221;linea-tiempo texto-linea&#8221;]<strong>Maclovia <\/strong>il obtient le succ\u00e8s international qui lui manque au Mexique. Pendant le tournage au lac Janitzio, elle est divertie par Jorge Pasquel de Mexico, qui envoie des avions priv\u00e9s avec de la glace pour la rafra\u00eechir sur le plateau.[\/vc_column_text][vc_column_text el_class=&#8221;linea-tiempo texto-linea&#8221;]Agust\u00edn Lara lui tire dessus dans un acc\u00e8s de jalousie qui met finalement fin \u00e0 leur relation.[\/vc_column_text][\/vc_column_inner][\/vc_row_inner][vc_row_inner content_placement=&#8221;middle&#8221; el_class=&#8221;cajas-linea&#8221;][vc_column_inner el_class=&#8221;cajas-linea-info-b&#8221; width=&#8221;1\/3&#8243;][vc_single_image image=&#8221;2525&#8243; img_size=&#8221;large&#8221; alignment=&#8221;center&#8221;][\/vc_column_inner][vc_column_inner el_class=&#8221;cajas-linea-info-c&#8221; width=&#8221;1\/3&#8243;][vc_column_text]<\/p>\n<div class=\"rectangulo-2\"><\/div>\n<p>[\/vc_column_text][\/vc_column_inner][vc_column_inner el_class=&#8221;cajas-linea-info-a&#8221; width=&#8221;1\/3&#8243;][vc_column_text el_class=&#8221;linea-tiempo texto-linea&#8221;]Le film <strong>Do\u00f1a Diabla<\/strong>il montre une autre facette du mangeur d&#8217;hommes; une Angela sans scrupules dont le d\u00e9clin moral correspond \u00e0 sa carri\u00e8re ascendante du mal.[\/vc_column_text][\/vc_column_inner][\/vc_row_inner][vc_row_inner content_placement=&#8221;middle&#8221; el_class=&#8221;cajas-linea&#8221;][vc_column_inner el_class=&#8221;cajas-linea-info-b&#8221; width=&#8221;1\/3&#8243;][vc_single_image image=&#8221;2526&#8243; img_size=&#8221;large&#8221; alignment=&#8221;center&#8221;][\/vc_column_inner][vc_column_inner el_class=&#8221;cajas-linea-info-c&#8221; width=&#8221;1\/3&#8243;][vc_column_text]<\/p>\n<div class=\"rectangulo-2\"><\/div>\n<p>[\/vc_column_text][\/vc_column_inner][vc_column_inner el_class=&#8221;cajas-linea-info-a&#8221; width=&#8221;1\/3&#8243;][vc_column_text el_class=&#8221;linea-tiempo texto-linea&#8221;]Au terme de ses engagements nationaux, il s&#8217;est rendu en Europe \u00e0 la recherche d&#8217;une carri\u00e8re internationale. Votre premi\u00e8re chance vient avec <strong>Marenostrum <\/strong>film bas\u00e9 sur le roman homonyme de l&#8217;\u00e9crivain espagnol Vicente Blasco Ib\u00e1\u00f1ez.[\/vc_column_text][\/vc_column_inner][\/vc_row_inner][vc_row_inner content_placement=&#8221;middle&#8221; el_class=&#8221;cajas-linea&#8221;][vc_column_inner el_class=&#8221;cajas-linea-info-b&#8221; width=&#8221;1\/3&#8243;][vc_single_image image=&#8221;2528&#8243; img_size=&#8221;large&#8221; alignment=&#8221;center&#8221;][\/vc_column_inner][vc_column_inner el_class=&#8221;cajas-linea-info-c&#8221; width=&#8221;1\/3&#8243;][vc_column_text]<\/p>\n<div class=\"rectangulo-2\"><\/div>\n<p>[\/vc_column_text][\/vc_column_inner][vc_column_inner el_class=&#8221;cajas-linea-info-a&#8221; width=&#8221;1\/3&#8243;][vc_column_text el_class=&#8221;linea-tiempo texto-linea&#8221;]Il est consolid\u00e9 comme une star internationale et vit avec l&#8217;aristocratie des talents artistiques et intellectuels en Espagne, en France et en Italie.[\/vc_column_text][\/vc_column_inner][\/vc_row_inner][vc_row_inner content_placement=&#8221;middle&#8221; el_class=&#8221;cajas-linea&#8221;][vc_column_inner el_class=&#8221;cajas-linea-info-b&#8221; width=&#8221;1\/3&#8243;][vc_single_image image=&#8221;2529&#8243; img_size=&#8221;large&#8221; alignment=&#8221;center&#8221;][\/vc_column_inner][vc_column_inner el_class=&#8221;cajas-linea-info-c&#8221; width=&#8221;1\/3&#8243;][vc_column_text]<\/p>\n<div class=\"rectangulo-2\"><\/div>\n<p>[\/vc_column_text][\/vc_column_inner][vc_column_inner el_class=&#8221;cajas-linea-info-a&#8221; width=&#8221;1\/3&#8243;][vc_column_text el_class=&#8221;linea-tiempo texto-linea&#8221;]La presse madril\u00e8ne la raconte de fa\u00e7on romantique avec le torero Luis Miguel Domingu\u00edn.[\/vc_column_text][vc_column_text el_class=&#8221;linea-tiempo texto-linea&#8221;]Elle arrive en Espagne avec un entourage: une coiffeuse, maquilleuse, secr\u00e9taire, couturi\u00e8re et sa couturi\u00e8re, auxquels se joindra le sc\u00e9nariste Luis G. Basurto, et une multitude de valises m\u00e9morables.[\/vc_column_text][vc_column_text el_class=&#8221;linea-tiempo texto-linea&#8221;]Il s&#8217;installe \u00e0 Madrid \u00e0 l&#8217;h\u00f4tel Ritz et s&#8217;installe plus tard au Palace.[\/vc_column_text][vc_column_text el_class=&#8221;linea-tiempo texto-linea&#8221;]Agust\u00edn Lara lui d\u00e9die les chotis <em>Madrid, <\/em>une lettre d&#8217;amour \u00e0 distance<em>.<\/em>[\/vc_column_text][\/vc_column_inner][\/vc_row_inner][\/vc_column][\/vc_row][vc_row full_width=&#8221;stretch_row_content_no_spaces&#8221; content_placement=&#8221;middle&#8221; css_animation=&#8221;fadeIn&#8221; el_class=&#8221;ajuste-caja&#8221;][vc_column][vc_row_inner][vc_column_inner][vc_wp_text el_class=&#8221;linea-tiempo&#8221;]<\/p>\n<h3 style=\"text-align: center;\">1949<\/h3>\n<p>[\/vc_wp_text][\/vc_column_inner][\/vc_row_inner][vc_row_inner content_placement=&#8221;middle&#8221; el_class=&#8221;cajas-linea&#8221;][vc_column_inner el_class=&#8221;cajas-linea-info-a&#8221; width=&#8221;1\/3&#8243;][vc_column_text el_class=&#8221;linea-tiempo texto-linea&#8221;]Le succ\u00e8s en tant que femme fatale obtenu sur l&#8217;\u00e9cran mexicain a une continuit\u00e9 dans le Vieux Continent dans le film <strong>Una Mujer Cualquiera<\/strong>.[\/vc_column_text][\/vc_column_inner][vc_column_inner el_class=&#8221;cajas-linea-info-c&#8221; width=&#8221;1\/3&#8243;][vc_column_text]<\/p>\n<div class=\"rectangulo-2\"><\/div>\n<p>[\/vc_column_text][\/vc_column_inner][vc_column_inner el_class=&#8221;cajas-linea-info-b&#8221; width=&#8221;1\/3&#8243;][\/vc_column_inner][\/vc_row_inner][vc_row_inner content_placement=&#8221;middle&#8221; el_class=&#8221;cajas-linea&#8221;][vc_column_inner el_class=&#8221;cajas-linea-info-a&#8221; width=&#8221;1\/3&#8243;][vc_column_text el_class=&#8221;linea-tiempo texto-linea&#8221;]Le public qui l&#8217;a intronis\u00e9 succombe \u00e0 la tradition dict\u00e9e par les bonnes m\u0153urs et dans un ph\u00e9nom\u00e8ne cathartique, elle se prot\u00e8ge du double standard de la haine et de l&#8217;admiration absolue.[\/vc_column_text][vc_column_text el_class=&#8221;linea-tiempo texto-linea&#8221;]En Espagne, il est permis d&#8217;imposer des changements dans les scripts de ses films pour donner plus d&#8217;\u00e9clat aux personnages auxquels s&#8217;ajoute le soutien inconditionnel du producteur, admirateur et ami, Ces\u00e1reo Gonz\u00e1lez et le soul\u00e8vement esth\u00e9tique de son costumier inconditionnel, Armando Vald\u00e9s Peza, qui permet \u00e0 la star de porter de superbes chapeaux et costumes.[\/vc_column_text][vc_column_text el_class=&#8221;linea-tiempo texto-linea&#8221;]Tandis que la presse espagnole l&#8217;accueille avec soin et d\u00e9vouement, la presse nationale en fait une cible de critiques. Son travail professionnel est constamment vilipend\u00e9 par la calomnie et la note bon march\u00e9 la qualifie d&#8217;assassin, d&#8217;opportuniste et de mauvaise femme, refl\u00e9tant la nature de ses personnages sinistres dans la vie elle-m\u00eame.[\/vc_column_text][\/vc_column_inner][vc_column_inner el_class=&#8221;cajas-linea-info-c&#8221; width=&#8221;1\/3&#8243;][vc_column_text]<\/p>\n<div class=\"rectangulo-2\"><\/div>\n<p>[\/vc_column_text][\/vc_column_inner][vc_column_inner el_class=&#8221;cajas-linea-info-b&#8221; width=&#8221;1\/3&#8243;][vc_single_image image=&#8221;2632&#8243; img_size=&#8221;large&#8221; alignment=&#8221;center&#8221; css=&#8221;.vc_custom_1582142532864{margin-top: 50px !important;}&#8221;][\/vc_column_inner][\/vc_row_inner][vc_row_inner content_placement=&#8221;middle&#8221; el_class=&#8221;cajas-linea&#8221;][vc_column_inner el_class=&#8221;cajas-linea-info-a&#8221; width=&#8221;1\/3&#8243;][vc_column_text el_class=&#8221;linea-tiempo texto-linea&#8221;]Sa vie quotidienne est remplie de l&#8217;\u00e9lite intellectuelle, ainsi ses d\u00e9tracteurs trouvent dans les voix de Diego Rivera, Efra\u00edn Huerta et Renato Leduc ses d\u00e9fenseurs professionnels.[\/vc_column_text][\/vc_column_inner][vc_column_inner el_class=&#8221;cajas-linea-info-c&#8221; width=&#8221;1\/3&#8243;][vc_column_text]<\/p>\n<div class=\"rectangulo-2\"><\/div>\n<p>[\/vc_column_text][\/vc_column_inner][vc_column_inner el_class=&#8221;cajas-linea-info-b&#8221; width=&#8221;1\/3&#8243;][vc_single_image image=&#8221;2530&#8243; img_size=&#8221;large&#8221; alignment=&#8221;center&#8221;][\/vc_column_inner][\/vc_row_inner][vc_row_inner content_placement=&#8221;middle&#8221; el_class=&#8221;cajas-linea&#8221;][vc_column_inner el_class=&#8221;cajas-linea-info-a&#8221; width=&#8221;1\/3&#8243;][vc_column_text el_class=&#8221;linea-tiempo texto-linea&#8221;]Elle est impliqu\u00e9e dans un scandale suite au d\u00e9c\u00e8s de Rebeca Uribe, son assistante personnelle.[\/vc_column_text][\/vc_column_inner][vc_column_inner el_class=&#8221;cajas-linea-info-c&#8221; width=&#8221;1\/3&#8243;][vc_column_text]<\/p>\n<div class=\"rectangulo-2\"><\/div>\n<p>[\/vc_column_text][\/vc_column_inner][vc_column_inner el_class=&#8221;cajas-linea-info-b&#8221; width=&#8221;1\/3&#8243;][vc_single_image image=&#8221;3273&#8243; img_size=&#8221;large&#8221; alignment=&#8221;center&#8221;][\/vc_column_inner][\/vc_row_inner][vc_row_inner content_placement=&#8221;middle&#8221; el_class=&#8221;cajas-linea&#8221;][vc_column_inner el_class=&#8221;cajas-linea-info-a&#8221; width=&#8221;1\/3&#8243;][vc_column_text el_class=&#8221;linea-tiempo texto-linea&#8221;]Re\u00e7oit un deuxi\u00e8me Ariel pour la meilleure performance f\u00e9minine avec R\u00edo Escondido.[\/vc_column_text][\/vc_column_inner][vc_column_inner el_class=&#8221;cajas-linea-info-c&#8221; width=&#8221;1\/3&#8243;][vc_column_text]<\/p>\n<div class=\"rectangulo-2\"><\/div>\n<p>[\/vc_column_text][\/vc_column_inner][vc_column_inner el_class=&#8221;cajas-linea-info-b&#8221; width=&#8221;1\/3&#8243;][vc_single_image image=&#8221;2532&#8243; img_size=&#8221;large&#8221; alignment=&#8221;center&#8221;][\/vc_column_inner][\/vc_row_inner][vc_row_inner content_placement=&#8221;middle&#8221; el_class=&#8221;cajas-linea&#8221;][vc_column_inner el_class=&#8221;cajas-linea-info-a&#8221; width=&#8221;1\/3&#8243;][vc_column_text el_class=&#8221;linea-tiempo texto-linea&#8221;]Un portrait peint par Diego Rivera dans lequel son nu est laiss\u00e9 entendre fait sensation.[\/vc_column_text][\/vc_column_inner][vc_column_inner el_class=&#8221;cajas-linea-info-c&#8221; width=&#8221;1\/3&#8243;][vc_column_text]<\/p>\n<div class=\"rectangulo-2\"><\/div>\n<p>[\/vc_column_text][\/vc_column_inner][vc_column_inner el_class=&#8221;cajas-linea-info-b&#8221; width=&#8221;1\/3&#8243;][vc_single_image image=&#8221;2533&#8243; img_size=&#8221;large&#8221; alignment=&#8221;center&#8221;][\/vc_column_inner][\/vc_row_inner][vc_row_inner content_placement=&#8221;middle&#8221; el_class=&#8221;cajas-linea&#8221;][vc_column_inner el_class=&#8221;cajas-linea-info-a&#8221; width=&#8221;1\/3&#8243;][vc_column_text el_class=&#8221;linea-tiempo texto-linea&#8221;]26 octobre, premi\u00e8re visite \u00e0 Cuba o\u00f9 les cl\u00e9s de la ville lui ont \u00e9t\u00e9 remises et elle a \u00e9t\u00e9 nomm\u00e9e Invit\u00e9e d&#8217;honneur. Il provoque un toll\u00e9 partout o\u00f9 il appara\u00eet \u00e0 La Havane.[\/vc_column_text][\/vc_column_inner][vc_column_inner el_class=&#8221;cajas-linea-info-c&#8221; width=&#8221;1\/3&#8243;][vc_column_text]<\/p>\n<div class=\"rectangulo-2\"><\/div>\n<p>[\/vc_column_text][\/vc_column_inner][vc_column_inner el_class=&#8221;cajas-linea-info-b&#8221; width=&#8221;1\/3&#8243;][vc_single_image image=&#8221;3274&#8243; img_size=&#8221;large&#8221; alignment=&#8221;center&#8221;][\/vc_column_inner][\/vc_row_inner][\/vc_column][\/vc_row][vc_row full_width=&#8221;stretch_row_content_no_spaces&#8221; content_placement=&#8221;middle&#8221; css_animation=&#8221;fadeIn&#8221; el_class=&#8221;ajuste-caja&#8221;][vc_column][vc_row_inner][vc_column_inner][vc_wp_text el_class=&#8221;linea-tiempo&#8221;]<\/p>\n<h3 style=\"text-align: center;\">1950<\/h3>\n<p>[\/vc_wp_text][\/vc_column_inner][\/vc_row_inner][vc_row_inner content_placement=&#8221;middle&#8221; el_class=&#8221;cajas-linea&#8221;][vc_column_inner el_class=&#8221;cajas-linea-info-b&#8221; width=&#8221;1\/3&#8243;][\/vc_column_inner][vc_column_inner el_class=&#8221;cajas-linea-info-c&#8221; width=&#8221;1\/3&#8243;][vc_column_text]<\/p>\n<div class=\"rectangulo-2\"><\/div>\n<p>[\/vc_column_text][\/vc_column_inner][vc_column_inner el_class=&#8221;cajas-linea-info-a&#8221; width=&#8221;1\/3&#8243;][vc_column_text el_class=&#8221;linea-tiempo texto-linea&#8221;]Son effigie est immortalis\u00e9e au moyen d&#8217;une sculpture, sous le nom de <strong>La Noche del S\u00e1bado. <\/strong>Il trouve dans les ciseaux europ\u00e9ens le pr\u00e9texte d&#8217;un complot plein de splendeur esth\u00e9tique, de somptuosit\u00e9, d&#8217;aristocratie et d&#8217;hommage. Mythe et r\u00e9alit\u00e9 ont fusionn\u00e9 et la voix d&#8217;Imperia semblait \u00eatre la sienne:<br \/>\n&#8220;<em>Pour faire quelque chose de grand dans la vie, vous devez d\u00e9truire la r\u00e9alit\u00e9; enlevez leurs fant\u00f4mes qui bloquent notre chemin; suivre, comme seule r\u00e9alit\u00e9, le chemin de nos r\u00eaves vers l&#8217;id\u00e9al, o\u00f9 les \u00e2mes volent le samedi soir, certaines vers le mal, pour s&#8217;y perdre comme esprits des t\u00e9n\u00e8bres; d&#8217;autres vers le bien, pour vivre \u00e9ternellement comme des esprits de lumi\u00e8re et d&#8217;amour<\/em>.\u201d[\/vc_column_text][vc_column_text el_class=&#8221;linea-tiempo texto-linea&#8221;]Il rencontre le roi Farouk d&#8217;Egypte, la courtise et lui offre un diad\u00e8me appartenant \u00e0 N\u00e9fertiti.[\/vc_column_text][vc_column_text el_class=&#8221;linea-tiempo texto-linea&#8221;]Re\u00e7oit un troisi\u00e8me prix Ariel pour sa performance dans Do\u00f1a Diabla.[\/vc_column_text][\/vc_column_inner][\/vc_row_inner][\/vc_column][\/vc_row][\/vc_section]<\/p>\n","protected":false},"excerpt":{"rendered":"<p>[vc_row full_width=&#8221;stretch_row_content_no_spaces&#8221; css=&#8221;.vc_custom_1583291201701{background-color: #c8c1a2 !important;}&#8221;][vc_column][vc_single_image image=&#8221;2142&#8243; img_size=&#8221;full&#8221; alignment=&#8221;center&#8221; el_class=&#8221;el_prestigio_img&#8221;][\/vc_column][\/vc_row][vc_section full_width=&#8221;stretch_row_content&#8221; content_placement=&#8221;middle&#8221; css=&#8221;.vc_custom_1583547391402{background-image: url(https:\/\/estateofmariafelix.com\/es\/wp-content\/uploads\/2020\/03\/pattern_marmol_3-1.jpg?id=3305) !important;background-position: 0 0 !important;background-repeat: repeat !important;}&#8221;][vc_row full_width=&#8221;stretch_row_content_no_spaces&#8221; content_placement=&#8221;middle&#8221; css_animation=&#8221;fadeIn&#8221; el_class=&#8221;ajuste-caja&#8221;][vc_column][vc_row_inner][vc_column_inner][vc_wp_text el_class=&#8221;linea-tiempo&#8221;] 1941 [\/vc_wp_text][\/vc_column_inner][\/vc_row_inner][vc_row_inner content_placement=&#8221;middle&#8221; el_class=&#8221;cajas-linea&#8221;][vc_column_inner el_class=&#8221;cajas-linea-info-a&#8221; width=&#8221;1\/3&#8243;][vc_column_text el_class=&#8221;linea-tiempo texto-linea&#8221;]Observant un buffet ancien sur la Calle de Palma, elle est approch\u00e9e par l&#8217;ing\u00e9nieur Fernando Palacios et lui propose de faire des films.[\/vc_column_text][\/vc_column_inner][vc_column_inner el_class=&#8221;cajas-linea-info-c&#8221; [&hellip;]<\/p>\n","protected":false},"author":2,"featured_media":0,"parent":0,"menu_order":0,"comment_status":"closed","ping_status":"closed","template":"visual-temlpate.php","meta":[],"yoast_head":"<!-- This site is optimized with the Yoast SEO plugin v17.1 - https:\/\/yoast.com\/wordpress\/plugins\/seo\/ -->\n<title>UNE L\u00c9GENDE MEXICAINE-1941-1950 - Mar\u00eda F\u00e9lix<\/title>\n<meta name=\"robots\" content=\"index, follow, max-snippet:-1, max-image-preview:large, max-video-preview:-1\" \/>\n<link rel=\"canonical\" href=\"https:\/\/estateofmariafelix.com\/fr\/une-legende-mexicaine-1941-1950\/\" \/>\n<meta property=\"og:locale\" content=\"fr_FR\" \/>\n<meta property=\"og:type\" content=\"article\" \/>\n<meta property=\"og:title\" content=\"UNE L\u00c9GENDE MEXICAINE-1941-1950 - Mar\u00eda F\u00e9lix\" \/>\n<meta property=\"og:description\" content=\"[vc_row full_width=&#8221;stretch_row_content_no_spaces&#8221; css=&#8221;.vc_custom_1583291201701{background-color: #c8c1a2 !important;}&#8221;][vc_column][vc_single_image image=&#8221;2142&#8243; img_size=&#8221;full&#8221; alignment=&#8221;center&#8221; el_class=&#8221;el_prestigio_img&#8221;][\/vc_column][\/vc_row][vc_section full_width=&#8221;stretch_row_content&#8221; content_placement=&#8221;middle&#8221; css=&#8221;.vc_custom_1583547391402{background-image: url(https:\/\/estateofmariafelix.com\/es\/wp-content\/uploads\/2020\/03\/pattern_marmol_3-1.jpg?id=3305) !important;background-position: 0 0 !important;background-repeat: repeat !important;}&#8221;][vc_row full_width=&#8221;stretch_row_content_no_spaces&#8221; content_placement=&#8221;middle&#8221; css_animation=&#8221;fadeIn&#8221; el_class=&#8221;ajuste-caja&#8221;][vc_column][vc_row_inner][vc_column_inner][vc_wp_text el_class=&#8221;linea-tiempo&#8221;] 1941 [\/vc_wp_text][\/vc_column_inner][\/vc_row_inner][vc_row_inner content_placement=&#8221;middle&#8221; el_class=&#8221;cajas-linea&#8221;][vc_column_inner el_class=&#8221;cajas-linea-info-a&#8221; width=&#8221;1\/3&#8243;][vc_column_text el_class=&#8221;linea-tiempo texto-linea&#8221;]Observant un buffet ancien sur la Calle de Palma, elle est approch\u00e9e par l&#8217;ing\u00e9nieur Fernando Palacios et lui propose de faire des films.[\/vc_column_text][\/vc_column_inner][vc_column_inner el_class=&#8221;cajas-linea-info-c&#8221; [&hellip;]\" \/>\n<meta property=\"og:url\" content=\"https:\/\/estateofmariafelix.com\/fr\/une-legende-mexicaine-1941-1950\/\" \/>\n<meta property=\"og:site_name\" content=\"Mar\u00eda F\u00e9lix\" \/>\n<meta property=\"article:publisher\" content=\"https:\/\/www.facebook.com\/EstateofMariaFelix\" \/>\n<meta property=\"article:modified_time\" content=\"2021-02-06T03:00:13+00:00\" \/>\n<meta name=\"twitter:card\" content=\"summary_large_image\" \/>\n<meta name=\"twitter:label1\" content=\"Dur\u00e9e de lecture est.\" \/>\n\t<meta name=\"twitter:data1\" content=\"29 minutes\" \/>\n<script type=\"application\/ld+json\" class=\"yoast-schema-graph\">{\"@context\":\"https:\/\/schema.org\",\"@graph\":[{\"@type\":\"Organization\",\"@id\":\"https:\/\/estateofmariafelix.com\/fr\/#organization\",\"name\":\"Estate of Mar\\u00eda F\\u00e9lix\",\"url\":\"https:\/\/estateofmariafelix.com\/fr\/\",\"sameAs\":[\"https:\/\/www.facebook.com\/EstateofMariaFelix\",\"https:\/\/www.instagram.com\/estateofmariafelix\/\"],\"logo\":{\"@type\":\"ImageObject\",\"@id\":\"https:\/\/estateofmariafelix.com\/fr\/#logo\",\"inLanguage\":\"fr-FR\",\"url\":\"https:\/\/estateofmariafelix.com\/fr\/wp-content\/uploads\/2020\/03\/147-LOGO-EOMF-compressor.png\",\"contentUrl\":\"https:\/\/estateofmariafelix.com\/fr\/wp-content\/uploads\/2020\/03\/147-LOGO-EOMF-compressor.png\",\"width\":1772,\"height\":974,\"caption\":\"Estate of Mar\\u00eda F\\u00e9lix\"},\"image\":{\"@id\":\"https:\/\/estateofmariafelix.com\/fr\/#logo\"}},{\"@type\":\"WebSite\",\"@id\":\"https:\/\/estateofmariafelix.com\/fr\/#website\",\"url\":\"https:\/\/estateofmariafelix.com\/fr\/\",\"name\":\"Mar\\u00eda F\\u00e9lix\",\"description\":\"Page officielle\",\"publisher\":{\"@id\":\"https:\/\/estateofmariafelix.com\/fr\/#organization\"},\"potentialAction\":[{\"@type\":\"SearchAction\",\"target\":{\"@type\":\"EntryPoint\",\"urlTemplate\":\"https:\/\/estateofmariafelix.com\/fr\/?s={search_term_string}\"},\"query-input\":\"required name=search_term_string\"}],\"inLanguage\":\"fr-FR\"},{\"@type\":\"WebPage\",\"@id\":\"https:\/\/estateofmariafelix.com\/fr\/une-legende-mexicaine-1941-1950\/#webpage\",\"url\":\"https:\/\/estateofmariafelix.com\/fr\/une-legende-mexicaine-1941-1950\/\",\"name\":\"UNE L\\u00c9GENDE MEXICAINE-1941-1950 - Mar\\u00eda F\\u00e9lix\",\"isPartOf\":{\"@id\":\"https:\/\/estateofmariafelix.com\/fr\/#website\"},\"datePublished\":\"2020-12-24T12:38:13+00:00\",\"dateModified\":\"2021-02-06T03:00:13+00:00\",\"breadcrumb\":{\"@id\":\"https:\/\/estateofmariafelix.com\/fr\/une-legende-mexicaine-1941-1950\/#breadcrumb\"},\"inLanguage\":\"fr-FR\",\"potentialAction\":[{\"@type\":\"ReadAction\",\"target\":[\"https:\/\/estateofmariafelix.com\/fr\/une-legende-mexicaine-1941-1950\/\"]}]},{\"@type\":\"BreadcrumbList\",\"@id\":\"https:\/\/estateofmariafelix.com\/fr\/une-legende-mexicaine-1941-1950\/#breadcrumb\",\"itemListElement\":[{\"@type\":\"ListItem\",\"position\":1,\"name\":\"Inicio\",\"item\":\"https:\/\/estateofmariafelix.com\/fr\/\"},{\"@type\":\"ListItem\",\"position\":2,\"name\":\"UNE L\\u00c9GENDE MEXICAINE-1941-1950\"}]}]}<\/script>\n<!-- \/ Yoast SEO plugin. -->","yoast_head_json":{"title":"UNE L\u00c9GENDE MEXICAINE-1941-1950 - Mar\u00eda F\u00e9lix","robots":{"index":"index","follow":"follow","max-snippet":"max-snippet:-1","max-image-preview":"max-image-preview:large","max-video-preview":"max-video-preview:-1"},"canonical":"https:\/\/estateofmariafelix.com\/fr\/une-legende-mexicaine-1941-1950\/","og_locale":"fr_FR","og_type":"article","og_title":"UNE L\u00c9GENDE MEXICAINE-1941-1950 - Mar\u00eda F\u00e9lix","og_description":"[vc_row full_width=&#8221;stretch_row_content_no_spaces&#8221; css=&#8221;.vc_custom_1583291201701{background-color: #c8c1a2 !important;}&#8221;][vc_column][vc_single_image image=&#8221;2142&#8243; img_size=&#8221;full&#8221; alignment=&#8221;center&#8221; el_class=&#8221;el_prestigio_img&#8221;][\/vc_column][\/vc_row][vc_section full_width=&#8221;stretch_row_content&#8221; content_placement=&#8221;middle&#8221; css=&#8221;.vc_custom_1583547391402{background-image: url(https:\/\/estateofmariafelix.com\/es\/wp-content\/uploads\/2020\/03\/pattern_marmol_3-1.jpg?id=3305) !important;background-position: 0 0 !important;background-repeat: repeat !important;}&#8221;][vc_row full_width=&#8221;stretch_row_content_no_spaces&#8221; content_placement=&#8221;middle&#8221; css_animation=&#8221;fadeIn&#8221; el_class=&#8221;ajuste-caja&#8221;][vc_column][vc_row_inner][vc_column_inner][vc_wp_text el_class=&#8221;linea-tiempo&#8221;] 1941 [\/vc_wp_text][\/vc_column_inner][\/vc_row_inner][vc_row_inner content_placement=&#8221;middle&#8221; el_class=&#8221;cajas-linea&#8221;][vc_column_inner el_class=&#8221;cajas-linea-info-a&#8221; width=&#8221;1\/3&#8243;][vc_column_text el_class=&#8221;linea-tiempo texto-linea&#8221;]Observant un buffet ancien sur la Calle de Palma, elle est approch\u00e9e par l&#8217;ing\u00e9nieur Fernando Palacios et lui propose de faire des films.[\/vc_column_text][\/vc_column_inner][vc_column_inner el_class=&#8221;cajas-linea-info-c&#8221; [&hellip;]","og_url":"https:\/\/estateofmariafelix.com\/fr\/une-legende-mexicaine-1941-1950\/","og_site_name":"Mar\u00eda F\u00e9lix","article_publisher":"https:\/\/www.facebook.com\/EstateofMariaFelix","article_modified_time":"2021-02-06T03:00:13+00:00","twitter_card":"summary_large_image","twitter_misc":{"Dur\u00e9e de lecture est.":"29 minutes"},"schema":{"@context":"https:\/\/schema.org","@graph":[{"@type":"Organization","@id":"https:\/\/estateofmariafelix.com\/fr\/#organization","name":"Estate of Mar\u00eda F\u00e9lix","url":"https:\/\/estateofmariafelix.com\/fr\/","sameAs":["https:\/\/www.facebook.com\/EstateofMariaFelix","https:\/\/www.instagram.com\/estateofmariafelix\/"],"logo":{"@type":"ImageObject","@id":"https:\/\/estateofmariafelix.com\/fr\/#logo","inLanguage":"fr-FR","url":"https:\/\/estateofmariafelix.com\/fr\/wp-content\/uploads\/2020\/03\/147-LOGO-EOMF-compressor.png","contentUrl":"https:\/\/estateofmariafelix.com\/fr\/wp-content\/uploads\/2020\/03\/147-LOGO-EOMF-compressor.png","width":1772,"height":974,"caption":"Estate of Mar\u00eda F\u00e9lix"},"image":{"@id":"https:\/\/estateofmariafelix.com\/fr\/#logo"}},{"@type":"WebSite","@id":"https:\/\/estateofmariafelix.com\/fr\/#website","url":"https:\/\/estateofmariafelix.com\/fr\/","name":"Mar\u00eda F\u00e9lix","description":"Page officielle","publisher":{"@id":"https:\/\/estateofmariafelix.com\/fr\/#organization"},"potentialAction":[{"@type":"SearchAction","target":{"@type":"EntryPoint","urlTemplate":"https:\/\/estateofmariafelix.com\/fr\/?s={search_term_string}"},"query-input":"required name=search_term_string"}],"inLanguage":"fr-FR"},{"@type":"WebPage","@id":"https:\/\/estateofmariafelix.com\/fr\/une-legende-mexicaine-1941-1950\/#webpage","url":"https:\/\/estateofmariafelix.com\/fr\/une-legende-mexicaine-1941-1950\/","name":"UNE L\u00c9GENDE MEXICAINE-1941-1950 - Mar\u00eda F\u00e9lix","isPartOf":{"@id":"https:\/\/estateofmariafelix.com\/fr\/#website"},"datePublished":"2020-12-24T12:38:13+00:00","dateModified":"2021-02-06T03:00:13+00:00","breadcrumb":{"@id":"https:\/\/estateofmariafelix.com\/fr\/une-legende-mexicaine-1941-1950\/#breadcrumb"},"inLanguage":"fr-FR","potentialAction":[{"@type":"ReadAction","target":["https:\/\/estateofmariafelix.com\/fr\/une-legende-mexicaine-1941-1950\/"]}]},{"@type":"BreadcrumbList","@id":"https:\/\/estateofmariafelix.com\/fr\/une-legende-mexicaine-1941-1950\/#breadcrumb","itemListElement":[{"@type":"ListItem","position":1,"name":"Inicio","item":"https:\/\/estateofmariafelix.com\/fr\/"},{"@type":"ListItem","position":2,"name":"UNE L\u00c9GENDE MEXICAINE-1941-1950"}]}]}},"_links":{"self":[{"href":"https:\/\/estateofmariafelix.com\/fr\/wp-json\/wp\/v2\/pages\/3638"}],"collection":[{"href":"https:\/\/estateofmariafelix.com\/fr\/wp-json\/wp\/v2\/pages"}],"about":[{"href":"https:\/\/estateofmariafelix.com\/fr\/wp-json\/wp\/v2\/types\/page"}],"author":[{"embeddable":true,"href":"https:\/\/estateofmariafelix.com\/fr\/wp-json\/wp\/v2\/users\/2"}],"replies":[{"embeddable":true,"href":"https:\/\/estateofmariafelix.com\/fr\/wp-json\/wp\/v2\/comments?post=3638"}],"version-history":[{"count":5,"href":"https:\/\/estateofmariafelix.com\/fr\/wp-json\/wp\/v2\/pages\/3638\/revisions"}],"predecessor-version":[{"id":3741,"href":"https:\/\/estateofmariafelix.com\/fr\/wp-json\/wp\/v2\/pages\/3638\/revisions\/3741"}],"wp:attachment":[{"href":"https:\/\/estateofmariafelix.com\/fr\/wp-json\/wp\/v2\/media?parent=3638"}],"curies":[{"name":"wp","href":"https:\/\/api.w.org\/{rel}","templated":true}]}}