{"id":3643,"date":"2021-01-05T11:45:48","date_gmt":"2021-01-05T10:45:48","guid":{"rendered":"https:\/\/estateofmariafelix.com\/es\/?page_id=3643"},"modified":"2021-02-05T22:06:05","modified_gmt":"2021-02-05T21:06:05","slug":"una-leyenda-mexicana-1951-1960","status":"publish","type":"page","link":"https:\/\/estateofmariafelix.com\/fr\/una-leyenda-mexicana-1951-1960\/","title":{"rendered":"Une l\u00e9gende mexicaine 1951-1960"},"content":{"rendered":"<p>[vc_row full_width=&#8221;stretch_row_content_no_spaces&#8221; css=&#8221;.vc_custom_1583291201701{background-color: #c8c1a2 !important;}&#8221;][vc_column][vc_single_image image=&#8221;2142&#8243; img_size=&#8221;full&#8221; alignment=&#8221;center&#8221; el_class=&#8221;el_prestigio_img&#8221;][\/vc_column][\/vc_row][vc_section full_width=&#8221;stretch_row_content&#8221; content_placement=&#8221;middle&#8221; css=&#8221;.vc_custom_1583547391402{background-image: url(https:\/\/estateofmariafelix.com\/es\/wp-content\/uploads\/2020\/03\/pattern_marmol_3-1.jpg?id=3305) !important;background-position: 0 0 !important;background-repeat: repeat !important;}&#8221;][vc_row full_width=&#8221;stretch_row_content_no_spaces&#8221; content_placement=&#8221;middle&#8221; css_animation=&#8221;fadeIn&#8221; el_class=&#8221;ajuste-caja&#8221;][vc_column][vc_row_inner][vc_column_inner][vc_wp_text el_class=&#8221;linea-tiempo&#8221;]<\/p>\n<h3 style=\"text-align: center;\">1951<\/h3>\n<p>[\/vc_wp_text][\/vc_column_inner][\/vc_row_inner][vc_row_inner content_placement=&#8221;middle&#8221; el_class=&#8221;cajas-linea&#8221;][vc_column_inner el_class=&#8221;cajas-linea-info-a&#8221; width=&#8221;1\/3&#8243;][vc_column_text el_class=&#8221;linea-tiempo texto-linea&#8221;]Dans <strong> La Cornona Negra <\/strong>, aux c\u00f4t\u00e9s de Rossano Brazzi et Vittorio Gassman, il incarne un personnage dans un complot policier aux connotations psychologiques, produit de l&#8217;esprit du po\u00e8te fran\u00e7ais Jean Cocteau.[\/vc_column_text][vc_column_text el_class=&#8221;linea-tiempo texto-linea&#8221;]Lors du tournage au Maroc, l&#8217;accord avec Jean Cocteau lui a donn\u00e9 deux des phrases inspirantes qui l&#8217;ont accompagn\u00e9e tout au long de sa vie: Mar\u00eda F\u00e9lix est une folle qui pense que Mar\u00eda F\u00e9lix et Mar\u00eda sont si belles que \u00e7a fait mal. On dit qu&#8217;ils ont mang\u00e9 de la chair humaine lors d&#8217;un banquet donn\u00e9 par le cheikh de Xauen.[\/vc_column_text][\/vc_column_inner][vc_column_inner el_class=&#8221;cajas-linea-info-c&#8221; width=&#8221;1\/3&#8243;][vc_column_text]<\/p>\n<div class=\"rectangulo-2\"><\/div>\n<p>[\/vc_column_text][\/vc_column_inner][vc_column_inner el_class=&#8221;cajas-linea-info-b&#8221; width=&#8221;1\/3&#8243;][vc_single_image image=&#8221;2819&#8243; img_size=&#8221;large&#8221; alignment=&#8221;center&#8221;][\/vc_column_inner][\/vc_row_inner][vc_row_inner content_placement=&#8221;middle&#8221; el_class=&#8221;cajas-linea&#8221;][vc_column_inner el_class=&#8221;cajas-linea-info-a&#8221; width=&#8221;1\/3&#8243;][vc_column_text el_class=&#8221;linea-tiempo texto-linea&#8221;]Le succ\u00e8s obtenu en Espagne l&#8217;am\u00e8ne \u00e0 s&#8217;aventurer dans la p\u00e9ninsule italienne et les \u0153uvres dirig\u00e9es par Carmine Gallone aux studios Cinecitt\u00e0 de Rome, en tant que protagoniste de la production, jusqu&#8217;ici la plus ch\u00e8re du cin\u00e9ma italien: <strong>Messalina<\/strong>; il se retrouve face \u00e0 un r\u00f4le capable de nourrir sa l\u00e9gende noire, d\u00e9sormais avec la repr\u00e9sentation du plus grand libertin d\u00e9prav\u00e9 de l&#8217;histoire.[\/vc_column_text][\/vc_column_inner][vc_column_inner el_class=&#8221;cajas-linea-info-c&#8221; width=&#8221;1\/3&#8243;][vc_column_text]<\/p>\n<div class=\"rectangulo-2\"><\/div>\n<p>[\/vc_column_text][\/vc_column_inner][vc_column_inner el_class=&#8221;cajas-linea-info-b&#8221; width=&#8221;1\/3&#8243;][vc_single_image image=&#8221;2537&#8243; img_size=&#8221;large&#8221; alignment=&#8221;center&#8221;][\/vc_column_inner][\/vc_row_inner][vc_row_inner content_placement=&#8221;middle&#8221; el_class=&#8221;cajas-linea&#8221;][vc_column_inner el_class=&#8221;cajas-linea-info-a&#8221; width=&#8221;1\/3&#8243;][vc_column_text el_class=&#8221;linea-tiempo texto-linea&#8221;]Il d\u00e9m\u00e9nage en Italie pour des raisons professionnelles et combine son c\u00f4t\u00e9 professionnel avec d&#8217;\u00e9ventuels voyages au Mexique. Pendant son s\u00e9jour il re\u00e7oit la nouvelle du d\u00e9c\u00e8s de son p\u00e8re, il n&#8217;assiste pas aux obs\u00e8ques en raison d&#8217;engagements professionnels.[\/vc_column_text][\/vc_column_inner][vc_column_inner el_class=&#8221;cajas-linea-info-c&#8221; width=&#8221;1\/3&#8243;][vc_column_text]<\/p>\n<div class=\"rectangulo-2\"><\/div>\n<p>[\/vc_column_text][\/vc_column_inner][vc_column_inner el_class=&#8221;cajas-linea-info-b&#8221; width=&#8221;1\/3&#8243;][vc_single_image image=&#8221;2538&#8243; img_size=&#8221;large&#8221; alignment=&#8221;center&#8221;][\/vc_column_inner][\/vc_row_inner][vc_row_inner content_placement=&#8221;middle&#8221; el_class=&#8221;cajas-linea&#8221;][vc_column_inner el_class=&#8221;cajas-linea-info-a&#8221; width=&#8221;1\/3&#8243;][vc_column_text el_class=&#8221;linea-tiempo texto-linea&#8221;]Des communiqu\u00e9s de presse en Italie lui permettent d&#8217;\u00eatre vue dans son bureau en tant qu&#8217;actrice mexicaine, dirig\u00e9e vers<strong> Hechizo Tr\u00e1gico <\/strong>par Mario Sequi et partageant la t\u00eate avec Rossano Brazzi. Il appara\u00eet pendant l&#8217;intrigue, \u00e0 sa demande, v\u00eatu d&#8217;un design exclusif Christian Dior dans une s\u00e9quence incorpor\u00e9e dans le film conform\u00e9ment au contrat.[\/vc_column_text][\/vc_column_inner][vc_column_inner el_class=&#8221;cajas-linea-info-c&#8221; width=&#8221;1\/3&#8243;][vc_column_text]<\/p>\n<div class=\"rectangulo-2\"><\/div>\n<p>[\/vc_column_text][\/vc_column_inner][vc_column_inner el_class=&#8221;cajas-linea-info-b&#8221; width=&#8221;1\/3&#8243;][vc_single_image image=&#8221;2539&#8243; img_size=&#8221;large&#8221; alignment=&#8221;center&#8221;][\/vc_column_inner][\/vc_row_inner][vc_row_inner content_placement=&#8221;middle&#8221; el_class=&#8221;cajas-linea&#8221;][vc_column_inner el_class=&#8221;cajas-linea-info-a&#8221; width=&#8221;1\/3&#8243;][vc_column_text el_class=&#8221;linea-tiempo texto-linea&#8221;]Sostiene una audiencia privada con el Papa P\u00edo XII.[\/vc_column_text][vc_column_text el_class=&#8221;linea-tiempo texto-linea&#8221;]Se vuelve embajadora de la cultura nacional integrando a su guardarropa piezas textiles y de plata elaboradas por artesanos mexicanos que aparecen en los filmes y en sus apariciones p\u00fablicas europeas.[\/vc_column_text][vc_column_text el_class=&#8221;linea-tiempo texto-linea&#8221;]El cine nacional esta inmerso en un periodo de crisis atribuible a su ausencia de 1948 a 1952.[\/vc_column_text][\/vc_column_inner][vc_column_inner el_class=&#8221;cajas-linea-info-c&#8221; width=&#8221;1\/3&#8243;][vc_column_text]<\/p>\n<div class=\"rectangulo-2\"><\/div>\n<p>[\/vc_column_text][\/vc_column_inner][vc_column_inner el_class=&#8221;cajas-linea-info-b&#8221; width=&#8221;1\/3&#8243;][vc_single_image image=&#8221;2621&#8243; img_size=&#8221;large&#8221; alignment=&#8221;center&#8221;][\/vc_column_inner][\/vc_row_inner][vc_row_inner content_placement=&#8221;middle&#8221; el_class=&#8221;cajas-linea&#8221;][vc_column_inner el_class=&#8221;cajas-linea-info-a&#8221; width=&#8221;1\/3&#8243;][vc_column_text el_class=&#8221;linea-tiempo texto-linea&#8221;]Entre les tournages, il parcourt l&#8217;Europe aux c\u00f4t\u00e9s de son fils Quique.[\/vc_column_text][\/vc_column_inner][vc_column_inner el_class=&#8221;cajas-linea-info-c&#8221; width=&#8221;1\/3&#8243;][vc_column_text]<\/p>\n<div class=\"rectangulo-2\"><\/div>\n<p>[\/vc_column_text][\/vc_column_inner][vc_column_inner el_class=&#8221;cajas-linea-info-b&#8221; width=&#8221;1\/3&#8243;][vc_single_image image=&#8221;2541&#8243; img_size=&#8221;large&#8221; alignment=&#8221;center&#8221;][\/vc_column_inner][\/vc_row_inner][vc_row_inner content_placement=&#8221;middle&#8221; el_class=&#8221;cajas-linea&#8221;][vc_column_inner el_class=&#8221;cajas-linea-info-a&#8221; width=&#8221;1\/3&#8243;][vc_column_text el_class=&#8221;linea-tiempo texto-linea&#8221;]Loin de la vulgaire critique nationale, il r\u00e9colte des exp\u00e9riences aux c\u00f4t\u00e9s d&#8217;acteurs de premi\u00e8re ligne, de r\u00e9alisateurs c\u00e9l\u00e8bres et de splendides intellectuels.[\/vc_column_text][vc_column_text el_class=&#8221;linea-tiempo texto-linea&#8221;]Avec le produit de son travail en Europe, il acquiert l&#8217;ancienne ferme Catipoato \u00e0 Tlalpan. Diego Rivera lui donne des crotales pour ses jardins fruitiers.[\/vc_column_text][\/vc_column_inner][vc_column_inner el_class=&#8221;cajas-linea-info-c&#8221; width=&#8221;1\/3&#8243;][vc_column_text]<\/p>\n<div class=\"rectangulo-2\"><\/div>\n<p>[\/vc_column_text][\/vc_column_inner][vc_column_inner el_class=&#8221;cajas-linea-info-b&#8221; width=&#8221;1\/3&#8243;][vc_single_image image=&#8221;2620&#8243; img_size=&#8221;large&#8221; alignment=&#8221;center&#8221;][\/vc_column_inner][\/vc_row_inner][vc_row_inner content_placement=&#8221;middle&#8221; el_class=&#8221;cajas-linea&#8221;][vc_column_inner el_class=&#8221;cajas-linea-info-a&#8221; width=&#8221;1\/3&#8243;][vc_column_text el_class=&#8221;linea-tiempo texto-linea&#8221;]Il quitte l&#8217;Italie sur le paquebot Giulio Cesare \u00e0 destination de l&#8217;Argentine et une br\u00e8ve escale au Br\u00e9sil.[\/vc_column_text][\/vc_column_inner][vc_column_inner el_class=&#8221;cajas-linea-info-c&#8221; width=&#8221;1\/3&#8243;][vc_column_text]<\/p>\n<div class=\"rectangulo-2\"><\/div>\n<p>[\/vc_column_text][\/vc_column_inner][vc_column_inner el_class=&#8221;cajas-linea-info-b&#8221; width=&#8221;1\/3&#8243;][vc_single_image image=&#8221;2544&#8243; img_size=&#8221;large&#8221; alignment=&#8221;center&#8221;][\/vc_column_inner][\/vc_row_inner][\/vc_column][\/vc_row][vc_row full_width=&#8221;stretch_row_content_no_spaces&#8221; content_placement=&#8221;middle&#8221; css_animation=&#8221;fadeIn&#8221; el_class=&#8221;ajuste-caja&#8221;][vc_column][vc_row_inner][vc_column_inner][vc_wp_text el_class=&#8221;linea-tiempo&#8221;]<\/p>\n<h3 style=\"text-align: center;\">1952<\/h3>\n<p>[\/vc_wp_text][\/vc_column_inner][\/vc_row_inner][vc_row_inner content_placement=&#8221;middle&#8221; el_class=&#8221;cajas-linea&#8221;][vc_column_inner el_class=&#8221;cajas-linea-info-b&#8221; width=&#8221;1\/3&#8243;][vc_single_image image=&#8221;2546&#8243; img_size=&#8221;large&#8221; alignment=&#8221;center&#8221;][\/vc_column_inner][vc_column_inner el_class=&#8221;cajas-linea-info-c&#8221; width=&#8221;1\/3&#8243;][vc_column_text]<\/p>\n<div class=\"rectangulo-2\"><\/div>\n<p>[\/vc_column_text][\/vc_column_inner][vc_column_inner el_class=&#8221;cajas-linea-info-a&#8221; width=&#8221;1\/3&#8243;][vc_column_text el_class=&#8221;linea-tiempo texto-linea&#8221;]Il appartient \u00e0 l&#8217;Am\u00e9rique du Sud de rendre hommage \u00e0 sa beaut\u00e9. Buenos Aires est sa maison et dans cette ville il filme sa seule participation au cin\u00e9ma argentin dirig\u00e9 par Luis C\u00e9sar Amadori.[\/vc_column_text][\/vc_column_inner][\/vc_row_inner][vc_row_inner content_placement=&#8221;middle&#8221; el_class=&#8221;cajas-linea&#8221;][vc_column_inner el_class=&#8221;cajas-linea-info-b&#8221; width=&#8221;1\/3&#8243;][vc_single_image image=&#8221;2547&#8243; img_size=&#8221;large&#8221; alignment=&#8221;center&#8221;][\/vc_column_inner][vc_column_inner el_class=&#8221;cajas-linea-info-c&#8221; width=&#8221;1\/3&#8243;][vc_column_text]<\/p>\n<div class=\"rectangulo-2\"><\/div>\n<p>[\/vc_column_text][\/vc_column_inner][vc_column_inner el_class=&#8221;cajas-linea-info-a&#8221; width=&#8221;1\/3&#8243;][vc_column_text el_class=&#8221;linea-tiempo texto-linea&#8221;]<strong>La Pasi\u00f3n Desnuda <\/strong>transcende l&#8217;\u00e9cran et l&#8217;emm\u00e8ne annoncer ses fian\u00e7ailles \u00e0 l&#8217;acteur Carlos Thompson, pour d\u00e9cider de le rompre quelques jours avant.[\/vc_column_text][\/vc_column_inner][\/vc_row_inner][vc_row_inner content_placement=&#8221;middle&#8221; el_class=&#8221;cajas-linea&#8221;][vc_column_inner el_class=&#8221;cajas-linea-info-b&#8221; width=&#8221;1\/3&#8243;][vc_single_image image=&#8221;2548&#8243; img_size=&#8221;large&#8221; alignment=&#8221;center&#8221;][\/vc_column_inner][vc_column_inner el_class=&#8221;cajas-linea-info-c&#8221; width=&#8221;1\/3&#8243;][vc_column_text]<\/p>\n<div class=\"rectangulo-2\"><\/div>\n<p>[\/vc_column_text][\/vc_column_inner][vc_column_inner el_class=&#8221;cajas-linea-info-a&#8221; width=&#8221;1\/3&#8243;][vc_column_text el_class=&#8221;linea-tiempo texto-linea&#8221;]Le 18 octobre, elle a \u00e9pous\u00e9 Jorge Negrete \u00e0 Catipoato \u00e0 Mexico. Le lien s&#8217;appelle<em> La boda del siglo <\/em>qui est diffus\u00e9 par radio dans toute l&#8217;Am\u00e9rique latine.[\/vc_column_text][\/vc_column_inner][\/vc_row_inner][\/vc_column][\/vc_row][vc_row full_width=&#8221;stretch_row_content_no_spaces&#8221; content_placement=&#8221;middle&#8221; css_animation=&#8221;fadeIn&#8221; el_class=&#8221;ajuste-caja&#8221;][vc_column][vc_row_inner][vc_column_inner][vc_wp_text el_class=&#8221;linea-tiempo&#8221;]<\/p>\n<h3 style=\"text-align: center;\">1953<\/h3>\n<p>[\/vc_wp_text][\/vc_column_inner][\/vc_row_inner][vc_row_inner content_placement=&#8221;middle&#8221; el_class=&#8221;cajas-linea&#8221;][vc_column_inner el_class=&#8221;cajas-linea-info-a&#8221; width=&#8221;1\/3&#8243;][vc_column_text el_class=&#8221;linea-tiempo texto-linea&#8221;]Avec <strong>Camelia<\/strong>, il retourne au cin\u00e9ma au Mexique o\u00f9 il n&#8217;a plus travaill\u00e9 depuis 1949. Sa participation rapporte la somme de quatre cent mille pesos. Le producteur Ces\u00e1reo Gonz\u00e1lez justifie le chiffre scandaleux en mentionnant qu&#8217;avec sa pr\u00e9sence l&#8217;entreprise est garantie.[\/vc_column_text][\/vc_column_inner][vc_column_inner el_class=&#8221;cajas-linea-info-c&#8221; width=&#8221;1\/3&#8243;][vc_column_text]<\/p>\n<div class=\"rectangulo-2\"><\/div>\n<p>[\/vc_column_text][\/vc_column_inner][vc_column_inner el_class=&#8221;cajas-linea-info-b&#8221; width=&#8221;1\/3&#8243;][vc_single_image image=&#8221;2550&#8243; img_size=&#8221;large&#8221; alignment=&#8221;center&#8221;][\/vc_column_inner][\/vc_row_inner][vc_row_inner content_placement=&#8221;middle&#8221; el_class=&#8221;cajas-linea&#8221;][vc_column_inner el_class=&#8221;cajas-linea-info-a&#8221; width=&#8221;1\/3&#8243;][vc_column_text el_class=&#8221;linea-tiempo texto-linea&#8221;]Le film<strong> El Rapto <\/strong>Il est tourn\u00e9 \u00e0 la Casa Fortaleza del Indio Fern\u00e1ndez \u00e0 Coyoac\u00e1n. Apr\u00e8s la mort du protagoniste, il est sorti en avril 1954.[\/vc_column_text][vc_column_text el_class=&#8221;linea-tiempo texto-linea&#8221;]Vivez la splendeur de son manoir \u00e0 Tlalpan. Il appr\u00e9cie la c\u00e9l\u00e9brit\u00e9 et le pouvoir pour ses succ\u00e8s en Europe et en Am\u00e9rique du Sud.[\/vc_column_text][\/vc_column_inner][vc_column_inner el_class=&#8221;cajas-linea-info-c&#8221; width=&#8221;1\/3&#8243;][vc_column_text]<\/p>\n<div class=\"rectangulo-2\"><\/div>\n<p>[\/vc_column_text][\/vc_column_inner][vc_column_inner el_class=&#8221;cajas-linea-info-b&#8221; width=&#8221;1\/3&#8243;][vc_single_image image=&#8221;2552&#8243; img_size=&#8221;large&#8221; alignment=&#8221;center&#8221;][\/vc_column_inner][\/vc_row_inner][vc_row_inner content_placement=&#8221;middle&#8221; el_class=&#8221;cajas-linea&#8221;][vc_column_inner el_class=&#8221;cajas-linea-info-a&#8221; width=&#8221;1\/3&#8243;][vc_column_text el_class=&#8221;linea-tiempo texto-linea&#8221;]Negrete, \u00e0 la t\u00eate de l&#8217;Association nationale des acteurs, combine des tourn\u00e9es \u00e0 l&#8217;\u00e9tranger; \u00e9tonnamment, le 5 d\u00e9cembre, il est d\u00e9c\u00e9d\u00e9 \u00e0 Los Angeles, en Californie.[\/vc_column_text][\/vc_column_inner][vc_column_inner el_class=&#8221;cajas-linea-info-c&#8221; width=&#8221;1\/3&#8243;][vc_column_text]<\/p>\n<div class=\"rectangulo-2\"><\/div>\n<p>[\/vc_column_text][\/vc_column_inner][vc_column_inner el_class=&#8221;cajas-linea-info-b&#8221; width=&#8221;1\/3&#8243;][vc_single_image image=&#8221;2553&#8243; img_size=&#8221;large&#8221; alignment=&#8221;center&#8221;][\/vc_column_inner][\/vc_row_inner][vc_row_inner content_placement=&#8221;middle&#8221; el_class=&#8221;cajas-linea&#8221;][vc_column_inner el_class=&#8221;cajas-linea-info-a&#8221; width=&#8221;1\/3&#8243;][vc_column_text el_class=&#8221;linea-tiempo texto-linea&#8221;]Un conflit \u00e9clate au sujet du collier d&#8217;\u00e9meraude, un cadeau de mariage du d\u00e9funt acteur. Les trucs juridiques dureront huit ans jusqu&#8217;\u00e0 ce que finalement Alex Berger, alors son mari, paie le collier \u00e0 la famille Negrete.[\/vc_column_text][\/vc_column_inner][vc_column_inner el_class=&#8221;cajas-linea-info-c&#8221; width=&#8221;1\/3&#8243;][vc_column_text]<\/p>\n<div class=\"rectangulo-2\"><\/div>\n<p>[\/vc_column_text][\/vc_column_inner][vc_column_inner el_class=&#8221;cajas-linea-info-b&#8221; width=&#8221;1\/3&#8243;][vc_single_image image=&#8221;2554&#8243; img_size=&#8221;large&#8221; alignment=&#8221;center&#8221;][\/vc_column_inner][\/vc_row_inner][\/vc_column][\/vc_row][vc_row full_width=&#8221;stretch_row_content_no_spaces&#8221; content_placement=&#8221;middle&#8221; css_animation=&#8221;fadeIn&#8221; el_class=&#8221;ajuste-caja&#8221;][vc_column][vc_row_inner][vc_column_inner][vc_wp_text el_class=&#8221;linea-tiempo&#8221;]<\/p>\n<h3 style=\"text-align: center;\">1954<\/h3>\n<p>[\/vc_wp_text][\/vc_column_inner][\/vc_row_inner][vc_row_inner content_placement=&#8221;middle&#8221; el_class=&#8221;cajas-linea&#8221;][vc_column_inner el_class=&#8221;cajas-linea-info-b&#8221; width=&#8221;1\/3&#8243;][vc_single_image image=&#8221;3275&#8243; img_size=&#8221;large&#8221; alignment=&#8221;center&#8221;][\/vc_column_inner][vc_column_inner el_class=&#8221;cajas-linea-info-c&#8221; width=&#8221;1\/3&#8243;][vc_column_text]<\/p>\n<div class=\"rectangulo-2\"><\/div>\n<p>[\/vc_column_text][\/vc_column_inner][vc_column_inner el_class=&#8221;cajas-linea-info-a&#8221; width=&#8221;1\/3&#8243;][vc_column_text el_class=&#8221;linea-tiempo texto-linea&#8221;]Il s&#8217;aventure en France et aborde la vie de la star espagnole Carolina Otero. L&#8217;intrigue de<strong> La Bella Otero <\/strong>se d\u00e9roule dans des d\u00e9cors pr\u00e9cieux o\u00f9 les \u00e9talages de costumes, de bijoux et de d\u00e9corations font briller sa figure consacr\u00e9e internationalement; On le voit danser, chanter et se produire en fran\u00e7ais.[\/vc_column_text][vc_column_text el_class=&#8221;linea-tiempo texto-linea&#8221;]Celluloid capture un artiste complet avec un large \u00e9ventail de ressources techniques et d&#8217;acteurs.[\/vc_column_text][vc_column_text el_class=&#8221;linea-tiempo texto-linea&#8221;]Au Mexique, on lui refuse la reconnaissance et son nom est en permanence li\u00e9 au scandale.[\/vc_column_text][\/vc_column_inner][\/vc_row_inner][vc_row_inner content_placement=&#8221;middle&#8221; el_class=&#8221;cajas-linea&#8221;][vc_column_inner el_class=&#8221;cajas-linea-info-b&#8221; width=&#8221;1\/3&#8243;][vc_single_image image=&#8221;2542&#8243; img_size=&#8221;large&#8221; alignment=&#8221;center&#8221;][\/vc_column_inner][vc_column_inner el_class=&#8221;cajas-linea-info-c&#8221; width=&#8221;1\/3&#8243;][vc_column_text]<\/p>\n<div class=\"rectangulo-2\"><\/div>\n<p>[\/vc_column_text][\/vc_column_inner][vc_column_inner el_class=&#8221;cajas-linea-info-a&#8221; width=&#8221;1\/3&#8243;][vc_column_text el_class=&#8221;linea-tiempo texto-linea&#8221;]Lors de ses soir\u00e9es parisiennes, il fr\u00e9quente Jean Genet, Max Ernst, Balthus, Salvador Dal\u00ed, Jean-Paul Sartre et Picasso.[\/vc_column_text][\/vc_column_inner][\/vc_row_inner][vc_row_inner content_placement=&#8221;middle&#8221; el_class=&#8221;cajas-linea&#8221;][vc_column_inner el_class=&#8221;cajas-linea-info-b&#8221; width=&#8221;1\/3&#8243;][vc_single_image image=&#8221;3276&#8243; img_size=&#8221;large&#8221; alignment=&#8221;center&#8221;][\/vc_column_inner][vc_column_inner el_class=&#8221;cajas-linea-info-c&#8221; width=&#8221;1\/3&#8243;][vc_column_text]<\/p>\n<div class=\"rectangulo-2\"><\/div>\n<p>[\/vc_column_text][\/vc_column_inner][vc_column_inner el_class=&#8221;cajas-linea-info-a&#8221; width=&#8221;1\/3&#8243;][vc_column_text el_class=&#8221;linea-tiempo texto-linea&#8221;]Dans <strong>French Can Can <\/strong>la mer de conflits entre deux danseurs d\u00e9passe la fiction et provoque leur d\u00e9fense contre un coup port\u00e9 par Fran\u00e7oise Arnoul lors du tournage.[\/vc_column_text][vc_column_text el_class=&#8221;linea-tiempo texto-linea&#8221;]Il commence \u00e0 montrer plus de son anatomie prot\u00e9g\u00e9e \u00e0 l&#8217;\u00e9chelle internationale dans des s\u00e9quences de films de danses exotiques malgr\u00e9 la censure.[\/vc_column_text][\/vc_column_inner][\/vc_row_inner][vc_row_inner content_placement=&#8221;middle&#8221; el_class=&#8221;cajas-linea&#8221;][vc_column_inner el_class=&#8221;cajas-linea-info-b&#8221; width=&#8221;1\/3&#8243;][vc_single_image image=&#8221;2559&#8243; img_size=&#8221;large&#8221; alignment=&#8221;center&#8221;][\/vc_column_inner][vc_column_inner el_class=&#8221;cajas-linea-info-c&#8221; width=&#8221;1\/3&#8243;][vc_column_text]<\/p>\n<div class=\"rectangulo-2\"><\/div>\n<p>[\/vc_column_text][\/vc_column_inner][vc_column_inner el_class=&#8221;cajas-linea-info-a&#8221; width=&#8221;1\/3&#8243;][vc_column_text el_class=&#8221;linea-tiempo texto-linea&#8221;]L&#8217;ouverture intellectuelle et l&#8217;avant-garde fran\u00e7aise submergent ses pas et le monde artistique pictural succombe de la m\u00eame mani\u00e8re \u00e0 sa beaut\u00e9. Leonor Fini fait un premier portrait de lui.[\/vc_column_text][\/vc_column_inner][\/vc_row_inner][vc_row_inner content_placement=&#8221;middle&#8221; el_class=&#8221;cajas-linea&#8221;][vc_column_inner el_class=&#8221;cajas-linea-info-b&#8221; width=&#8221;1\/3&#8243;][vc_single_image image=&#8221;2560&#8243; img_size=&#8221;large&#8221; alignment=&#8221;center&#8221;][\/vc_column_inner][vc_column_inner el_class=&#8221;cajas-linea-info-c&#8221; width=&#8221;1\/3&#8243;][vc_column_text]<\/p>\n<div class=\"rectangulo-2\"><\/div>\n<p>[\/vc_column_text][\/vc_column_inner][vc_column_inner el_class=&#8221;cajas-linea-info-a&#8221; width=&#8221;1\/3&#8243;][vc_column_text el_class=&#8221;linea-tiempo texto-linea&#8221;]La romance qu&#8217;elle \u00e9tablit avec la Ville Lumi\u00e8re l&#8217;am\u00e8ne quelques ann\u00e9es plus tard \u00e0 l&#8217;adopter comme deuxi\u00e8me patrie, o\u00f9 elle a toujours obtenu reconnaissance et valeur.[\/vc_column_text][vc_column_text el_class=&#8221;linea-tiempo texto-linea&#8221;]\u00c9tablit une relation sentimentale avec Jean Cau, disciple de Sartre.[\/vc_column_text][\/vc_column_inner][\/vc_row_inner][vc_row_inner content_placement=&#8221;middle&#8221; el_class=&#8221;cajas-linea&#8221;][vc_column_inner el_class=&#8221;cajas-linea-info-b&#8221; width=&#8221;1\/3&#8243;][vc_single_image image=&#8221;2561&#8243; img_size=&#8221;large&#8221; alignment=&#8221;center&#8221;][\/vc_column_inner][vc_column_inner el_class=&#8221;cajas-linea-info-c&#8221; width=&#8221;1\/3&#8243;][vc_column_text]<\/p>\n<div class=\"rectangulo-2\"><\/div>\n<p>[\/vc_column_text][\/vc_column_inner][vc_column_inner el_class=&#8221;cajas-linea-info-a&#8221; width=&#8221;1\/3&#8243;][vc_column_text el_class=&#8221;linea-tiempo texto-linea&#8221;]Sa ch\u00e8re amie, la peintre Frida Kahlo, d\u00e9c\u00e8de.[\/vc_column_text][\/vc_column_inner][\/vc_row_inner][\/vc_column][\/vc_row][vc_row full_width=&#8221;stretch_row_content_no_spaces&#8221; content_placement=&#8221;middle&#8221; css_animation=&#8221;fadeIn&#8221; el_class=&#8221;ajuste-caja&#8221;][vc_column][vc_row_inner][vc_column_inner][vc_wp_text el_class=&#8221;linea-tiempo&#8221;]<\/p>\n<h3 style=\"text-align: center;\">1955<\/h3>\n<p>[\/vc_wp_text][\/vc_column_inner][\/vc_row_inner][vc_row_inner content_placement=&#8221;middle&#8221; el_class=&#8221;cajas-linea&#8221;][vc_column_inner el_class=&#8221;cajas-linea-info-a&#8221; width=&#8221;1\/3&#8243;][vc_column_text el_class=&#8221;linea-tiempo texto-linea&#8221;]Pendant les s\u00e9quences <strong>Los H\u00e9roes est\u00e1n fatigados<\/strong>, sa beaut\u00e9 s&#8217;impose dans un nu de dos partiel et des s\u00e9quences \u00e9rotiques. Son sens esth\u00e9tique d\u00e9velopp\u00e9 l&#8217;am\u00e8ne \u00e0 d\u00e9tailler le personnage de Manuella avec de l&#8217;or mexicain, la rendant pr\u00e9sente dans le film sous forme de bracelets, colliers, boucles d&#8217;oreilles, boucles d&#8217;oreilles et bagues qui seraient immortalis\u00e9s avec son image.[\/vc_column_text][\/vc_column_inner][vc_column_inner el_class=&#8221;cajas-linea-info-c&#8221; width=&#8221;1\/3&#8243;][vc_column_text]<\/p>\n<div class=\"rectangulo-2\"><\/div>\n<p>[\/vc_column_text][\/vc_column_inner][vc_column_inner el_class=&#8221;cajas-linea-info-b&#8221; width=&#8221;1\/3&#8243;][\/vc_column_inner][\/vc_row_inner][vc_row_inner content_placement=&#8221;middle&#8221; el_class=&#8221;cajas-linea&#8221;][vc_column_inner el_class=&#8221;cajas-linea-info-a&#8221; width=&#8221;1\/3&#8243;][vc_column_text el_class=&#8221;linea-tiempo texto-linea&#8221;]Lors d&#8217;une sc\u00e8ne violente dans laquelle Yves Montand la gifle, une de ses boucles d&#8217;oreilles accroche la bague d&#8217;Yves et la d\u00e9chire.[\/vc_column_text][\/vc_column_inner][vc_column_inner el_class=&#8221;cajas-linea-info-c&#8221; width=&#8221;1\/3&#8243;][vc_column_text]<\/p>\n<div class=\"rectangulo-2\"><\/div>\n<p>[\/vc_column_text][\/vc_column_inner][vc_column_inner el_class=&#8221;cajas-linea-info-b&#8221; width=&#8221;1\/3&#8243;][vc_single_image image=&#8221;2562&#8243; img_size=&#8221;large&#8221; alignment=&#8221;center&#8221;][\/vc_column_inner][\/vc_row_inner][vc_row_inner content_placement=&#8221;middle&#8221; el_class=&#8221;cajas-linea&#8221;][vc_column_inner el_class=&#8221;cajas-linea-info-a&#8221; width=&#8221;1\/3&#8243;][vc_column_text el_class=&#8221;linea-tiempo texto-linea&#8221;]Elle a \u00e9t\u00e9 interview\u00e9e par Enrique Santiesteban pour la t\u00e9l\u00e9vision cubaine.[\/vc_column_text][vc_column_text el_class=&#8221;linea-tiempo texto-linea&#8221;]Professionnellement, il se d\u00e9veloppe dans le monde entier; en juin, il a visit\u00e9 Cuba pour la deuxi\u00e8me fois, apparaissant au th\u00e9\u00e2tre, au cabaret et \u00e0 la t\u00e9l\u00e9vision.[\/vc_column_text][\/vc_column_inner][vc_column_inner el_class=&#8221;cajas-linea-info-c&#8221; width=&#8221;1\/3&#8243;][vc_column_text]<\/p>\n<div class=\"rectangulo-2\"><\/div>\n<p>[\/vc_column_text][\/vc_column_inner][vc_column_inner el_class=&#8221;cajas-linea-info-b&#8221; width=&#8221;1\/3&#8243;][\/vc_column_inner][\/vc_row_inner][vc_row_inner content_placement=&#8221;middle&#8221; el_class=&#8221;cajas-linea&#8221;][vc_column_inner el_class=&#8221;cajas-linea-info-a&#8221; width=&#8221;1\/3&#8243;][vc_column_text el_class=&#8221;linea-tiempo texto-linea&#8221;]Il demande au pr\u00e9sident Pr\u00edo Socarr\u00e1s de cette \u00eele l&#8217;acquittement d&#8217;un condamn\u00e9 \u00e0 mort. Le pr\u00e9sident l&#8217;accorde.[\/vc_column_text][vc_column_text el_class=&#8221;linea-tiempo texto-linea&#8221;]Il est retourn\u00e9 au Mexique avec une vaste exp\u00e9rience et la marque europ\u00e9enne sur son comportement, sa pens\u00e9e et son habillement.[\/vc_column_text][\/vc_column_inner][vc_column_inner el_class=&#8221;cajas-linea-info-c&#8221; width=&#8221;1\/3&#8243;][vc_column_text]<\/p>\n<div class=\"rectangulo-2\"><\/div>\n<p>[\/vc_column_text][\/vc_column_inner][vc_column_inner el_class=&#8221;cajas-linea-info-b&#8221; width=&#8221;1\/3&#8243;][vc_single_image image=&#8221;2563&#8243; img_size=&#8221;large&#8221; alignment=&#8221;center&#8221; css=&#8221;.vc_custom_1582140182156{margin-top: 100px !important;}&#8221;][\/vc_column_inner][\/vc_row_inner][vc_row_inner content_placement=&#8221;middle&#8221; el_class=&#8221;cajas-linea&#8221;][vc_column_inner el_class=&#8221;cajas-linea-info-a&#8221; width=&#8221;1\/3&#8243;][vc_column_text el_class=&#8221;linea-tiempo texto-linea&#8221;]Pour quand tu filmes<strong> La Escondida, <\/strong>Il est devenu le symbole du r\u00eave dans l&#8217;obscurit\u00e9 du cin\u00e9ma pour les femmes et les hommes.[\/vc_column_text][vc_column_text el_class=&#8221;linea-tiempo texto-linea&#8221;]Le 10 mai, son amant Jorge Pasquel meurt dans un accident d&#8217;avion.[\/vc_column_text][vc_column_text el_class=&#8221;linea-tiempo texto-linea&#8221;]La presse mexicaine la lie de fa\u00e7on romantique \u00e0 Diego Rivera.[\/vc_column_text][\/vc_column_inner][vc_column_inner el_class=&#8221;cajas-linea-info-c&#8221; width=&#8221;1\/3&#8243;][vc_column_text]<\/p>\n<div class=\"rectangulo-2\"><\/div>\n<p>[\/vc_column_text][\/vc_column_inner][vc_column_inner el_class=&#8221;cajas-linea-info-b&#8221; width=&#8221;1\/3&#8243;][vc_single_image image=&#8221;3277&#8243; img_size=&#8221;large&#8221; alignment=&#8221;center&#8221;][\/vc_column_inner][\/vc_row_inner][vc_row_inner content_placement=&#8221;middle&#8221; el_class=&#8221;cajas-linea&#8221;][vc_column_inner el_class=&#8221;cajas-linea-info-a&#8221; width=&#8221;1\/3&#8243;][vc_column_text el_class=&#8221;linea-tiempo texto-linea&#8221;]Faire un petit pieu dans <strong>Canasta de cuentos mexicanos.<\/strong>Le film est r\u00e9ussi, sous le regard masculin de le voir domin\u00e9 \u00e0 l&#8217;\u00e9cran; ces concessions cin\u00e9matographiques ne semblent pas lui importent tant qu&#8217;il peut continuer \u00e0 faire ce qui lui convient dans sa vie priv\u00e9e.[\/vc_column_text][vc_column_text el_class=&#8221;linea-tiempo texto-linea&#8221;]Il profite de son passage entre le Mexique et l&#8217;Europe, sans pour autant n\u00e9gliger sa carri\u00e8re, tout en conservant sa validit\u00e9 dans la masse salariale nationale en tant que star la mieux pay\u00e9e du cin\u00e9ma mexicain.[\/vc_column_text][\/vc_column_inner][vc_column_inner el_class=&#8221;cajas-linea-info-c&#8221; width=&#8221;1\/3&#8243;][vc_column_text]<\/p>\n<div class=\"rectangulo-2\"><\/div>\n<p>[\/vc_column_text][\/vc_column_inner][vc_column_inner el_class=&#8221;cajas-linea-info-b&#8221; width=&#8221;1\/3&#8243;][vc_single_image image=&#8221;2565&#8243; img_size=&#8221;large&#8221; alignment=&#8221;center&#8221;][\/vc_column_inner][\/vc_row_inner][vc_row_inner content_placement=&#8221;middle&#8221; el_class=&#8221;cajas-linea&#8221;][vc_column_inner el_class=&#8221;cajas-linea-info-a&#8221; width=&#8221;1\/3&#8243;][vc_column_text el_class=&#8221;linea-tiempo texto-linea&#8221;]Le 27 septembre, commence une tourn\u00e9e internationale en Am\u00e9rique du Sud aux c\u00f4t\u00e9s d&#8217;Andr\u00e9s Soler avec qui il monte une bande dessin\u00e9e; conquiert Guayaquil et une semaine plus tard, Quito.[\/vc_column_text][\/vc_column_inner][vc_column_inner el_class=&#8221;cajas-linea-info-c&#8221; width=&#8221;1\/3&#8243;][vc_column_text]<\/p>\n<div class=\"rectangulo-2\"><\/div>\n<p>[\/vc_column_text][\/vc_column_inner][vc_column_inner el_class=&#8221;cajas-linea-info-b&#8221; width=&#8221;1\/3&#8243;][vc_single_image image=&#8221;2568&#8243; img_size=&#8221;large&#8221; alignment=&#8221;center&#8221;][\/vc_column_inner][\/vc_row_inner][\/vc_column][\/vc_row][vc_row full_width=&#8221;stretch_row_content_no_spaces&#8221; content_placement=&#8221;middle&#8221; css_animation=&#8221;fadeIn&#8221; el_class=&#8221;ajuste-caja&#8221;][vc_column][vc_row_inner][vc_column_inner][vc_wp_text el_class=&#8221;linea-tiempo&#8221;]<\/p>\n<h3 style=\"text-align: center;\">1956<\/h3>\n<p>[\/vc_wp_text][\/vc_column_inner][\/vc_row_inner][vc_row_inner content_placement=&#8221;middle&#8221; el_class=&#8221;cajas-linea&#8221;][vc_column_inner el_class=&#8221;cajas-linea-info-b&#8221; width=&#8221;1\/3&#8243;][vc_single_image image=&#8221;2572&#8243; img_size=&#8221;large&#8221; alignment=&#8221;center&#8221;][\/vc_column_inner][vc_column_inner el_class=&#8221;cajas-linea-info-c&#8221; width=&#8221;1\/3&#8243;][vc_column_text]<\/p>\n<div class=\"rectangulo-2\"><\/div>\n<p>[\/vc_column_text][\/vc_column_inner][vc_column_inner el_class=&#8221;cajas-linea-info-a&#8221; width=&#8221;1\/3&#8243;][vc_column_text el_class=&#8221;linea-tiempo texto-linea&#8221;]Dans <strong>Tizoc <\/strong>sa beaut\u00e9 remplit \u00e0 nouveau l&#8217;\u00e9cran et peu importe \u00e0 quel point le sc\u00e9nario est malheureux, elle en ressort triomphante. Pour avoir fait le film sans l&#8217;int\u00e9resser, on lui promet de faire La Cucaracha avec Dolores del R\u00edo en tant que co-star[\/vc_column_text][\/vc_column_inner][\/vc_row_inner][vc_row_inner content_placement=&#8221;middle&#8221; el_class=&#8221;cajas-linea&#8221;][vc_column_inner el_class=&#8221;cajas-linea-info-b&#8221; width=&#8221;1\/3&#8243;][vc_single_image image=&#8221;2636&#8243; img_size=&#8221;large&#8221; alignment=&#8221;center&#8221;][\/vc_column_inner][vc_column_inner el_class=&#8221;cajas-linea-info-c&#8221; width=&#8221;1\/3&#8243;][vc_column_text]<\/p>\n<div class=\"rectangulo-2\"><\/div>\n<p>[\/vc_column_text][\/vc_column_inner][vc_column_inner el_class=&#8221;cajas-linea-info-a&#8221; width=&#8221;1\/3&#8243;][vc_column_text el_class=&#8221;linea-tiempo texto-linea&#8221;]Le 20 d\u00e9cembre, elle \u00e9pouse l&#8217;homme d&#8217;affaires fran\u00e7ais Alexander Berger \u00e0 Curbevoir aux portes de Paris.[\/vc_column_text][vc_column_text el_class=&#8221;linea-tiempo texto-linea&#8221;]Puma est ajout\u00e9 \u00e0 sa longue liste de noms.[\/vc_column_text][\/vc_column_inner][\/vc_row_inner][\/vc_column][\/vc_row][vc_row full_width=&#8221;stretch_row_content_no_spaces&#8221; content_placement=&#8221;middle&#8221; css_animation=&#8221;fadeIn&#8221; el_class=&#8221;ajuste-caja&#8221;][vc_column][vc_row_inner][vc_column_inner][vc_wp_text el_class=&#8221;linea-tiempo&#8221;]<\/p>\n<h3 style=\"text-align: center;\">1957<\/h3>\n<p>[\/vc_wp_text][\/vc_column_inner][\/vc_row_inner][vc_row_inner content_placement=&#8221;middle&#8221; el_class=&#8221;cajas-linea&#8221;][vc_column_inner el_class=&#8221;cajas-linea-info-a&#8221; width=&#8221;1\/3&#8243;][vc_column_text el_class=&#8221;linea-tiempo texto-linea&#8221;]D&#8217;apr\u00e8s un roman de Vicente Blasco Ib\u00e1\u00f1ez,<strong> Flor de Mayo <\/strong>il est adapt\u00e9 \u00e0 l&#8217;\u00e9cart de la parcelle. Son tournage a des cons\u00e9quences sur sa vie lorsqu&#8217;il tombe et perd la grossesse de son mariage avec Berger. Il tourne le film aux c\u00f4t\u00e9s de Jack Palance en deux versions, anglaise et espagnole.[\/vc_column_text][vc_column_text el_class=&#8221;linea-tiempo texto-linea&#8221;]\u00c0 sa carri\u00e8re internationale s&#8217;ajoute le fait d&#8217;avoir travaill\u00e9 en fran\u00e7ais, italien et anglais, ce qu&#8217;aucun de ses contemporains n&#8217;accomplit.[\/vc_column_text][vc_column_text el_class=&#8221;linea-tiempo texto-linea&#8221;]Elle d\u00e9m\u00e9nage avec Alex \u00e0 Hegel 610, une maison que Berger construit pour elle.[\/vc_column_text][vc_column_text el_class=&#8221;linea-tiempo texto-linea&#8221;]Visitez la Colombie lors d&#8217;une tourn\u00e9e internationale.[\/vc_column_text][\/vc_column_inner][vc_column_inner el_class=&#8221;cajas-linea-info-c&#8221; width=&#8221;1\/3&#8243;][vc_column_text]<\/p>\n<div class=\"rectangulo-2\"><\/div>\n<p>[\/vc_column_text][\/vc_column_inner][vc_column_inner el_class=&#8221;cajas-linea-info-b&#8221; width=&#8221;1\/3&#8243;][vc_single_image image=&#8221;2575&#8243; img_size=&#8221;large&#8221; alignment=&#8221;center&#8221;][\/vc_column_inner][\/vc_row_inner][vc_row_inner content_placement=&#8221;middle&#8221; el_class=&#8221;cajas-linea&#8221;][vc_column_inner el_class=&#8221;cajas-linea-info-a&#8221; width=&#8221;1\/3&#8243;][vc_column_text el_class=&#8221;linea-tiempo texto-linea&#8221;]Ouverture du 13 mai<strong> Faustina <\/strong>au cin\u00e9ma Gran V\u00eda de Madrid. Le mythe et la r\u00e9alit\u00e9 se fondent chez une femme de 43 ans que le passage du temps semble ne faire aucune diff\u00e9rence et dont l&#8217;opportunit\u00e9 de jouer le personnage sinistre l&#8217;ouvre pour incorporer le monde de la magie, de la sorcellerie, des sorci\u00e8res, des decks et dans ses d\u00e9clarations des interviews, des \u00eatres \u00e9maci\u00e9s avec lesquels il nourrit \u00e0 nouveau le personnage qui, \u00e0 son \u00e2ge m\u00fbr, pr\u00e9tendrait \u00eatre descendu en enfer et parler au Diable.[\/vc_column_text][vc_column_text el_class=&#8221;linea-tiempo texto-linea&#8221;]Elle est interview\u00e9e par le sc\u00e9nariste Pierre Cardinal pour la t\u00e9l\u00e9vision fran\u00e7aise.[\/vc_column_text][\/vc_column_inner][vc_column_inner el_class=&#8221;cajas-linea-info-c&#8221; width=&#8221;1\/3&#8243;][vc_column_text]<\/p>\n<div class=\"rectangulo-2\"><\/div>\n<p>[\/vc_column_text][\/vc_column_inner][vc_column_inner el_class=&#8221;cajas-linea-info-b&#8221; width=&#8221;1\/3&#8243;][vc_single_image image=&#8221;3280&#8243; img_size=&#8221;large&#8221; alignment=&#8221;center&#8221;][\/vc_column_inner][\/vc_row_inner][vc_row_inner content_placement=&#8221;middle&#8221; el_class=&#8221;cajas-linea&#8221;][vc_column_inner el_class=&#8221;cajas-linea-info-a&#8221; width=&#8221;1\/3&#8243;][vc_column_text el_class=&#8221;linea-tiempo texto-linea&#8221;]Son ami et \u00e9ternel amant Diego Rivera meurt.[\/vc_column_text][vc_column_text el_class=&#8221;linea-tiempo texto-linea&#8221;]Partagez votre vie entre le Mexique et la France, dans un appartement pr\u00e8s de l&#8217;Arc de Triomphe.[\/vc_column_text][vc_column_text el_class=&#8221;linea-tiempo texto-linea&#8221;]Il assiste \u00e0 l&#8217;op\u00e9ra avec Berger, voit Mar\u00eda Callas et Anita Cerquetti, entre autres personnalit\u00e9s. Wagner suscite en lui la passion.[\/vc_column_text][\/vc_column_inner][vc_column_inner el_class=&#8221;cajas-linea-info-c&#8221; width=&#8221;1\/3&#8243;][vc_column_text]<\/p>\n<div class=\"rectangulo-2\"><\/div>\n<p>[\/vc_column_text][\/vc_column_inner][vc_column_inner el_class=&#8221;cajas-linea-info-b&#8221; width=&#8221;1\/3&#8243;][vc_single_image image=&#8221;2577&#8243; img_size=&#8221;large&#8221; alignment=&#8221;center&#8221;][\/vc_column_inner][\/vc_row_inner][\/vc_column][\/vc_row][vc_row full_width=&#8221;stretch_row_content_no_spaces&#8221; content_placement=&#8221;middle&#8221; css_animation=&#8221;fadeIn&#8221; el_class=&#8221;ajuste-caja&#8221;][vc_column][vc_row_inner][vc_column_inner][vc_wp_text el_class=&#8221;linea-tiempo&#8221;]<\/p>\n<h3 style=\"text-align: center;\">1958<\/h3>\n<p>[\/vc_wp_text][\/vc_column_inner][\/vc_row_inner][vc_row_inner content_placement=&#8221;middle&#8221; el_class=&#8221;cajas-linea&#8221;][vc_column_inner el_class=&#8221;cajas-linea-info-b&#8221; width=&#8221;1\/3&#8243;][vc_single_image image=&#8221;3278&#8243; img_size=&#8221;large&#8221; alignment=&#8221;center&#8221;][\/vc_column_inner][vc_column_inner el_class=&#8221;cajas-linea-info-c&#8221; width=&#8221;1\/3&#8243;][vc_column_text]<\/p>\n<div class=\"rectangulo-2\"><\/div>\n<p>[\/vc_column_text][\/vc_column_inner][vc_column_inner el_class=&#8221;cajas-linea-info-a&#8221; width=&#8221;1\/3&#8243;][vc_column_text el_class=&#8221;linea-tiempo texto-linea&#8221;]La plume de Luis G.Basurto garantit le succ\u00e8s du film<strong> Mi\u00e9rcoles de Ceniza.<\/strong> Le film re\u00e7oit des prix techniques au Mexique et est favorablement accueilli au VIIIe Festival international du film de Berlin.[\/vc_column_text][vc_column_text el_class=&#8221;linea-tiempo texto-linea&#8221;]Les costumes r\u00e9alis\u00e9s par Vald\u00e9s Peza pour M\u00f3nica dans<strong> Caf\u00e9 Col\u00f3n <\/strong>Il est \u00e9labor\u00e9 et surprenant, parmi eux, la robe de La mujer de todos semble adapt\u00e9e et se revoit habill\u00e9e en mari\u00e9e, mais porter ce costume n&#8217;augure pas la mort ou la condamnation comme dans d&#8217;autres films.[\/vc_column_text][vc_column_text el_class=&#8221;linea-tiempo texto-linea&#8221;]Il voyage avec Alex \u00e0 travers la France, l&#8217;Angleterre et l&#8217;Italie, les lieux d&#8217;acquisition de pi\u00e8ces artistiques pour sa maison au Mexique et l&#8217;appartement \u00e0 Paris, orient\u00e9s vers l&#8217;avant-garde et le design d\u00e9riv\u00e9 du Bauhaus.[\/vc_column_text][\/vc_column_inner][\/vc_row_inner][vc_row_inner content_placement=&#8221;middle&#8221; el_class=&#8221;cajas-linea&#8221;][vc_column_inner el_class=&#8221;cajas-linea-info-b&#8221; width=&#8221;1\/3&#8243;][vc_single_image image=&#8221;2580&#8243; img_size=&#8221;large&#8221; alignment=&#8221;center&#8221;][\/vc_column_inner][vc_column_inner el_class=&#8221;cajas-linea-info-c&#8221; width=&#8221;1\/3&#8243;][vc_column_text]<\/p>\n<div class=\"rectangulo-2\"><\/div>\n<p>[\/vc_column_text][\/vc_column_inner][vc_column_inner el_class=&#8221;cajas-linea-info-a&#8221; width=&#8221;1\/3&#8243;][vc_column_text el_class=&#8221;linea-tiempo texto-linea&#8221;]<em>La proximit\u00e9 avec Christian Dior et la Maison Herm\u00e8s \u00e0 Paris, en font une ic\u00f4ne de la mode internationale. Votre go\u00fbt pour les bijoux sera l&#8217;\u00e9l\u00e9ment central du style impos\u00e9 par le Mexicana<\/em>.[\/vc_column_text][\/vc_column_inner][\/vc_row_inner][vc_row_inner content_placement=&#8221;middle&#8221; el_class=&#8221;cajas-linea&#8221;][vc_column_inner el_class=&#8221;cajas-linea-info-b&#8221; width=&#8221;1\/3&#8243;][vc_single_image image=&#8221;3279&#8243; img_size=&#8221;large&#8221; alignment=&#8221;center&#8221;][\/vc_column_inner][vc_column_inner el_class=&#8221;cajas-linea-info-c&#8221; width=&#8221;1\/3&#8243;][vc_column_text]<\/p>\n<div class=\"rectangulo-2\"><\/div>\n<p>[\/vc_column_text][\/vc_column_inner][vc_column_inner el_class=&#8221;cajas-linea-info-a&#8221; width=&#8221;1\/3&#8243;][vc_column_text el_class=&#8221;linea-tiempo texto-linea&#8221;]Le roman de Luis Spota,<strong> La Estrella Vac\u00eda<\/strong>\u00e9tablit des parall\u00e8les \u00e9vidents entre le personnage d&#8217;Olga Lang et sa vie. Les limites sont floues lorsque Mar\u00eda F\u00e9lix appara\u00eet comme Mar\u00eda F\u00e9lix dans le r\u00f4le d&#8217;Olga portant ses bijoux, costumes et fourrures, confectionn\u00e9s par la Maison Dior et le costume qu&#8217;elle portait pour son mariage avec Alex Berger. Tout ce qu&#8217;il fait va ajouter \u00e0 sa personnalit\u00e9 publique. La comparaison est imminente par la presse: -Vide? Qui m&#8217;a vu \u00e0 l&#8217;int\u00e9rieur? Il fait valoir.[\/vc_column_text][\/vc_column_inner][\/vc_row_inner][vc_row_inner content_placement=&#8221;middle&#8221; el_class=&#8221;cajas-linea&#8221;][vc_column_inner el_class=&#8221;cajas-linea-info-b&#8221; width=&#8221;1\/3&#8243;][vc_single_image image=&#8221;2583&#8243; img_size=&#8221;large&#8221; alignment=&#8221;center&#8221;][\/vc_column_inner][vc_column_inner el_class=&#8221;cajas-linea-info-c&#8221; width=&#8221;1\/3&#8243;][vc_column_text]<\/p>\n<div class=\"rectangulo-2\"><\/div>\n<p>[\/vc_column_text][\/vc_column_inner][vc_column_inner el_class=&#8221;cajas-linea-info-a&#8221; width=&#8221;1\/3&#8243;][vc_column_text el_class=&#8221;linea-tiempo texto-linea&#8221;]Incarne dans<strong> La Cucaracha <\/strong>une femme courageuse qui marche parmi le ballon et rejoint les troupes du colonel Antonio Zeta (Emilio Fern\u00e1ndez) devenant sa femme. Le personnage a besoin d&#8217;apprendre \u00e0 parler sans \u00abd\u00e9go\u00fbt culeca\u00bb et d&#8217;int\u00e9grer un vocabulaire populaire, frontal et \u00e9pais dont il se d\u00e9barrasserait difficilement.[\/vc_column_text][vc_column_text el_class=&#8221;linea-tiempo texto-linea&#8221;]La nudit\u00e9 requise par le script n&#8217;est jamais faite car elle est consid\u00e9r\u00e9e comme injustifi\u00e9e. Montre \u00e9rotiquement le dos.[\/vc_column_text][\/vc_column_inner][\/vc_row_inner][\/vc_column][\/vc_row][vc_row full_width=&#8221;stretch_row_content_no_spaces&#8221; content_placement=&#8221;middle&#8221; css_animation=&#8221;fadeIn&#8221; el_class=&#8221;ajuste-caja&#8221;][vc_column][vc_row_inner][vc_column_inner][vc_wp_text el_class=&#8221;linea-tiempo&#8221;]<\/p>\n<h3 style=\"text-align: center;\">1959<\/h3>\n<p>[\/vc_wp_text][\/vc_column_inner][\/vc_row_inner][vc_row_inner content_placement=&#8221;middle&#8221; el_class=&#8221;cajas-linea&#8221;][vc_column_inner el_class=&#8221;cajas-linea-info-a&#8221; width=&#8221;1\/3&#8243;][vc_column_text el_class=&#8221;linea-tiempo texto-linea&#8221;]Le film<strong> Sonatas <\/strong>coproduction Mexique &#8211; Espagne r\u00e9unit deux stars dans un duel histrionique: l&#8217;Espagnole Aurora Bautista et Mar\u00eda F\u00e9lix, la Mexicaine \u00e9tant la gagnante en termes d&#8217;image et d&#8217;interpr\u00e9tation.[\/vc_column_text][\/vc_column_inner][vc_column_inner el_class=&#8221;cajas-linea-info-c&#8221; width=&#8221;1\/3&#8243;][vc_column_text]<\/p>\n<div class=\"rectangulo-2\"><\/div>\n<p>[\/vc_column_text][\/vc_column_inner][vc_column_inner el_class=&#8221;cajas-linea-info-b&#8221; width=&#8221;1\/3&#8243;][vc_single_image image=&#8221;3281&#8243; img_size=&#8221;large&#8221; alignment=&#8221;center&#8221;][\/vc_column_inner][\/vc_row_inner][vc_row_inner content_placement=&#8221;middle&#8221; el_class=&#8221;cajas-linea&#8221;][vc_column_inner el_class=&#8221;cajas-linea-info-a&#8221; width=&#8221;1\/3&#8243;][vc_column_text el_class=&#8221;linea-tiempo texto-linea&#8221;]Sa pr\u00e9sence dans les hippodromes d&#8217;Europe est synonyme de triomphe avec l&#8217;\u00e9curie de plus de quatre-vingt-sept chevaux pur-sang qui porte son nom. La presse internationale la baptise comme la reine des hippodromes.[\/vc_column_text][\/vc_column_inner][vc_column_inner el_class=&#8221;cajas-linea-info-c&#8221; width=&#8221;1\/3&#8243;][vc_column_text]<\/p>\n<div class=\"rectangulo-2\"><\/div>\n<p>[\/vc_column_text][\/vc_column_inner][vc_column_inner el_class=&#8221;cajas-linea-info-b&#8221; width=&#8221;1\/3&#8243;][vc_single_image image=&#8221;3103&#8243; img_size=&#8221;large&#8221; alignment=&#8221;center&#8221;][\/vc_column_inner][\/vc_row_inner][vc_row_inner content_placement=&#8221;middle&#8221; el_class=&#8221;cajas-linea&#8221;][vc_column_inner el_class=&#8221;cajas-linea-info-a&#8221; width=&#8221;1\/3&#8243;][vc_column_text el_class=&#8221;linea-tiempo texto-linea&#8221;]A la recherche d&#8217;un chef-d&#8217;\u0153uvre il se met entre les mains de Luis Bu\u00f1uel et filme<strong> Los Ambiciosos <\/strong>avec G\u00e9rard Philipe. L&#8217;un des investisseurs est Alex Berger.[\/vc_column_text][\/vc_column_inner][vc_column_inner el_class=&#8221;cajas-linea-info-c&#8221; width=&#8221;1\/3&#8243;][vc_column_text]<\/p>\n<div class=\"rectangulo-2\"><\/div>\n<p>[\/vc_column_text][\/vc_column_inner][vc_column_inner el_class=&#8221;cajas-linea-info-b&#8221; width=&#8221;1\/3&#8243;][vc_single_image image=&#8221;2585&#8243; img_size=&#8221;large&#8221; alignment=&#8221;center&#8221;][\/vc_column_inner][\/vc_row_inner][vc_row_inner content_placement=&#8221;middle&#8221; el_class=&#8221;cajas-linea&#8221;][vc_column_inner el_class=&#8221;cajas-linea-info-a&#8221; width=&#8221;1\/3&#8243;][vc_column_text el_class=&#8221;linea-tiempo texto-linea&#8221;]Il poss\u00e8de d\u00e9j\u00e0 une collection d&#8217;art consid\u00e9rable, qui s&#8217;agrandit jusqu&#8217;\u00e0 sa mort. \u00c0 cela s&#8217;ajoutent ses antiquit\u00e9s et ses porcelaines exceptionnelles.[\/vc_column_text][\/vc_column_inner][vc_column_inner el_class=&#8221;cajas-linea-info-c&#8221; width=&#8221;1\/3&#8243;][vc_column_text]<\/p>\n<div class=\"rectangulo-2\"><\/div>\n<p>[\/vc_column_text][\/vc_column_inner][vc_column_inner el_class=&#8221;cajas-linea-info-b&#8221; width=&#8221;1\/3&#8243;][vc_single_image image=&#8221;2821&#8243; img_size=&#8221;large&#8221; alignment=&#8221;center&#8221;][\/vc_column_inner][\/vc_row_inner][\/vc_column][\/vc_row][vc_row full_width=&#8221;stretch_row_content_no_spaces&#8221; content_placement=&#8221;middle&#8221; css_animation=&#8221;fadeIn&#8221; el_class=&#8221;ajuste-caja&#8221;][vc_column][vc_row_inner][vc_column_inner][vc_wp_text el_class=&#8221;linea-tiempo&#8221;]<\/p>\n<h3 style=\"text-align: center;\">1960<\/h3>\n<p>[\/vc_wp_text][\/vc_column_inner][\/vc_row_inner][vc_row_inner content_placement=&#8221;middle&#8221; el_class=&#8221;cajas-linea&#8221;][vc_column_inner el_class=&#8221;cajas-linea-info-b&#8221; width=&#8221;1\/3&#8243;][vc_single_image image=&#8221;3294&#8243; img_size=&#8221;large&#8221; alignment=&#8221;center&#8221;][\/vc_column_inner][vc_column_inner el_class=&#8221;cajas-linea-info-c&#8221; width=&#8221;1\/3&#8243;][vc_column_text]<\/p>\n<div class=\"rectangulo-2\"><\/div>\n<p>[\/vc_column_text][\/vc_column_inner][vc_column_inner el_class=&#8221;cajas-linea-info-a&#8221; width=&#8221;1\/3&#8243;][vc_column_text el_class=&#8221;linea-tiempo texto-linea&#8221;]Le th\u00e8me r\u00e9volutionnaire vous permet \u00e0 nouveau de d\u00e9velopper un personnage de grande force de sc\u00e8ne dans<strong> Juana Gallo<\/strong>. Il semble que les sc\u00e9naristes et r\u00e9alisateurs ne manquent pas l&#8217;occasion de l&#8217;habiller \u00e0 nouveau en homme: <em>La Monja Alf\u00e9rez<\/em>, <em>La Cucaracha <\/em>et dans son dernier film\u00a0<em>La Generala <\/em>appara\u00eet dans une variante stylis\u00e9e du beau prototype viril qui affiche des regards expressifs sur l&#8217;\u00e9cran.[\/vc_column_text][\/vc_column_inner][\/vc_row_inner][vc_row_inner content_placement=&#8221;middle&#8221; el_class=&#8221;cajas-linea&#8221;][vc_column_inner el_class=&#8221;cajas-linea-info-b&#8221; width=&#8221;1\/3&#8243;][vc_single_image image=&#8221;2589&#8243; img_size=&#8221;large&#8221; alignment=&#8221;center&#8221;][\/vc_column_inner][vc_column_inner el_class=&#8221;cajas-linea-info-c&#8221; width=&#8221;1\/3&#8243;][vc_column_text]<\/p>\n<div class=\"rectangulo-2\"><\/div>\n<p>[\/vc_column_text][\/vc_column_inner][vc_column_inner el_class=&#8221;cajas-linea-info-a&#8221; width=&#8221;1\/3&#8243;][vc_column_text el_class=&#8221;linea-tiempo texto-linea&#8221;]La vie \u00e0 Polanco est accompagn\u00e9e de sa belle-s\u0153ur Reyna responsable de la maison et de la pr\u00e9sence de sa m\u00e8re, Do\u00f1a Chefa.[\/vc_column_text][\/vc_column_inner][\/vc_row_inner][\/vc_column][\/vc_row][\/vc_section]<\/p>\n","protected":false},"excerpt":{"rendered":"<p>[vc_row full_width=&#8221;stretch_row_content_no_spaces&#8221; css=&#8221;.vc_custom_1583291201701{background-color: #c8c1a2 !important;}&#8221;][vc_column][vc_single_image image=&#8221;2142&#8243; img_size=&#8221;full&#8221; alignment=&#8221;center&#8221; el_class=&#8221;el_prestigio_img&#8221;][\/vc_column][\/vc_row][vc_section full_width=&#8221;stretch_row_content&#8221; content_placement=&#8221;middle&#8221; css=&#8221;.vc_custom_1583547391402{background-image: url(https:\/\/estateofmariafelix.com\/es\/wp-content\/uploads\/2020\/03\/pattern_marmol_3-1.jpg?id=3305) !important;background-position: 0 0 !important;background-repeat: repeat !important;}&#8221;][vc_row full_width=&#8221;stretch_row_content_no_spaces&#8221; content_placement=&#8221;middle&#8221; css_animation=&#8221;fadeIn&#8221; el_class=&#8221;ajuste-caja&#8221;][vc_column][vc_row_inner][vc_column_inner][vc_wp_text el_class=&#8221;linea-tiempo&#8221;] 1951 [\/vc_wp_text][\/vc_column_inner][\/vc_row_inner][vc_row_inner content_placement=&#8221;middle&#8221; el_class=&#8221;cajas-linea&#8221;][vc_column_inner el_class=&#8221;cajas-linea-info-a&#8221; width=&#8221;1\/3&#8243;][vc_column_text el_class=&#8221;linea-tiempo texto-linea&#8221;]Dans La Cornona Negra , aux c\u00f4t\u00e9s de Rossano Brazzi et Vittorio Gassman, il incarne un personnage dans un complot policier aux connotations psychologiques, [&hellip;]<\/p>\n","protected":false},"author":2,"featured_media":0,"parent":0,"menu_order":0,"comment_status":"closed","ping_status":"closed","template":"visual-temlpate.php","meta":[],"yoast_head":"<!-- This site is optimized with the Yoast SEO plugin v17.1 - https:\/\/yoast.com\/wordpress\/plugins\/seo\/ -->\n<title>Une l\u00e9gende mexicaine 1951-1960 - Mar\u00eda F\u00e9lix<\/title>\n<meta name=\"robots\" content=\"index, follow, max-snippet:-1, max-image-preview:large, max-video-preview:-1\" \/>\n<link rel=\"canonical\" href=\"https:\/\/estateofmariafelix.com\/fr\/una-leyenda-mexicana-1951-1960\/\" \/>\n<meta property=\"og:locale\" content=\"fr_FR\" \/>\n<meta property=\"og:type\" content=\"article\" \/>\n<meta property=\"og:title\" content=\"Une l\u00e9gende mexicaine 1951-1960 - Mar\u00eda F\u00e9lix\" \/>\n<meta property=\"og:description\" content=\"[vc_row full_width=&#8221;stretch_row_content_no_spaces&#8221; css=&#8221;.vc_custom_1583291201701{background-color: #c8c1a2 !important;}&#8221;][vc_column][vc_single_image image=&#8221;2142&#8243; img_size=&#8221;full&#8221; alignment=&#8221;center&#8221; el_class=&#8221;el_prestigio_img&#8221;][\/vc_column][\/vc_row][vc_section full_width=&#8221;stretch_row_content&#8221; content_placement=&#8221;middle&#8221; css=&#8221;.vc_custom_1583547391402{background-image: url(https:\/\/estateofmariafelix.com\/es\/wp-content\/uploads\/2020\/03\/pattern_marmol_3-1.jpg?id=3305) !important;background-position: 0 0 !important;background-repeat: repeat !important;}&#8221;][vc_row full_width=&#8221;stretch_row_content_no_spaces&#8221; content_placement=&#8221;middle&#8221; css_animation=&#8221;fadeIn&#8221; el_class=&#8221;ajuste-caja&#8221;][vc_column][vc_row_inner][vc_column_inner][vc_wp_text el_class=&#8221;linea-tiempo&#8221;] 1951 [\/vc_wp_text][\/vc_column_inner][\/vc_row_inner][vc_row_inner content_placement=&#8221;middle&#8221; el_class=&#8221;cajas-linea&#8221;][vc_column_inner el_class=&#8221;cajas-linea-info-a&#8221; width=&#8221;1\/3&#8243;][vc_column_text el_class=&#8221;linea-tiempo texto-linea&#8221;]Dans La Cornona Negra , aux c\u00f4t\u00e9s de Rossano Brazzi et Vittorio Gassman, il incarne un personnage dans un complot policier aux connotations psychologiques, [&hellip;]\" \/>\n<meta property=\"og:url\" content=\"https:\/\/estateofmariafelix.com\/fr\/una-leyenda-mexicana-1951-1960\/\" \/>\n<meta property=\"og:site_name\" content=\"Mar\u00eda F\u00e9lix\" \/>\n<meta property=\"article:publisher\" content=\"https:\/\/www.facebook.com\/EstateofMariaFelix\" \/>\n<meta property=\"article:modified_time\" content=\"2021-02-05T21:06:05+00:00\" \/>\n<meta name=\"twitter:card\" content=\"summary_large_image\" \/>\n<meta name=\"twitter:label1\" content=\"Dur\u00e9e de lecture est.\" \/>\n\t<meta name=\"twitter:data1\" content=\"29 minutes\" \/>\n<script type=\"application\/ld+json\" class=\"yoast-schema-graph\">{\"@context\":\"https:\/\/schema.org\",\"@graph\":[{\"@type\":\"Organization\",\"@id\":\"https:\/\/estateofmariafelix.com\/fr\/#organization\",\"name\":\"Estate of Mar\\u00eda F\\u00e9lix\",\"url\":\"https:\/\/estateofmariafelix.com\/fr\/\",\"sameAs\":[\"https:\/\/www.facebook.com\/EstateofMariaFelix\",\"https:\/\/www.instagram.com\/estateofmariafelix\/\"],\"logo\":{\"@type\":\"ImageObject\",\"@id\":\"https:\/\/estateofmariafelix.com\/fr\/#logo\",\"inLanguage\":\"fr-FR\",\"url\":\"https:\/\/estateofmariafelix.com\/fr\/wp-content\/uploads\/2020\/03\/147-LOGO-EOMF-compressor.png\",\"contentUrl\":\"https:\/\/estateofmariafelix.com\/fr\/wp-content\/uploads\/2020\/03\/147-LOGO-EOMF-compressor.png\",\"width\":1772,\"height\":974,\"caption\":\"Estate of Mar\\u00eda F\\u00e9lix\"},\"image\":{\"@id\":\"https:\/\/estateofmariafelix.com\/fr\/#logo\"}},{\"@type\":\"WebSite\",\"@id\":\"https:\/\/estateofmariafelix.com\/fr\/#website\",\"url\":\"https:\/\/estateofmariafelix.com\/fr\/\",\"name\":\"Mar\\u00eda F\\u00e9lix\",\"description\":\"Page officielle\",\"publisher\":{\"@id\":\"https:\/\/estateofmariafelix.com\/fr\/#organization\"},\"potentialAction\":[{\"@type\":\"SearchAction\",\"target\":{\"@type\":\"EntryPoint\",\"urlTemplate\":\"https:\/\/estateofmariafelix.com\/fr\/?s={search_term_string}\"},\"query-input\":\"required name=search_term_string\"}],\"inLanguage\":\"fr-FR\"},{\"@type\":\"WebPage\",\"@id\":\"https:\/\/estateofmariafelix.com\/fr\/una-leyenda-mexicana-1951-1960\/#webpage\",\"url\":\"https:\/\/estateofmariafelix.com\/fr\/una-leyenda-mexicana-1951-1960\/\",\"name\":\"Une l\\u00e9gende mexicaine 1951-1960 - Mar\\u00eda F\\u00e9lix\",\"isPartOf\":{\"@id\":\"https:\/\/estateofmariafelix.com\/fr\/#website\"},\"datePublished\":\"2021-01-05T10:45:48+00:00\",\"dateModified\":\"2021-02-05T21:06:05+00:00\",\"breadcrumb\":{\"@id\":\"https:\/\/estateofmariafelix.com\/fr\/una-leyenda-mexicana-1951-1960\/#breadcrumb\"},\"inLanguage\":\"fr-FR\",\"potentialAction\":[{\"@type\":\"ReadAction\",\"target\":[\"https:\/\/estateofmariafelix.com\/fr\/una-leyenda-mexicana-1951-1960\/\"]}]},{\"@type\":\"BreadcrumbList\",\"@id\":\"https:\/\/estateofmariafelix.com\/fr\/una-leyenda-mexicana-1951-1960\/#breadcrumb\",\"itemListElement\":[{\"@type\":\"ListItem\",\"position\":1,\"name\":\"Inicio\",\"item\":\"https:\/\/estateofmariafelix.com\/fr\/\"},{\"@type\":\"ListItem\",\"position\":2,\"name\":\"Une l\\u00e9gende mexicaine 1951-1960\"}]}]}<\/script>\n<!-- \/ Yoast SEO plugin. -->","yoast_head_json":{"title":"Une l\u00e9gende mexicaine 1951-1960 - Mar\u00eda F\u00e9lix","robots":{"index":"index","follow":"follow","max-snippet":"max-snippet:-1","max-image-preview":"max-image-preview:large","max-video-preview":"max-video-preview:-1"},"canonical":"https:\/\/estateofmariafelix.com\/fr\/una-leyenda-mexicana-1951-1960\/","og_locale":"fr_FR","og_type":"article","og_title":"Une l\u00e9gende mexicaine 1951-1960 - Mar\u00eda F\u00e9lix","og_description":"[vc_row full_width=&#8221;stretch_row_content_no_spaces&#8221; css=&#8221;.vc_custom_1583291201701{background-color: #c8c1a2 !important;}&#8221;][vc_column][vc_single_image image=&#8221;2142&#8243; img_size=&#8221;full&#8221; alignment=&#8221;center&#8221; el_class=&#8221;el_prestigio_img&#8221;][\/vc_column][\/vc_row][vc_section full_width=&#8221;stretch_row_content&#8221; content_placement=&#8221;middle&#8221; css=&#8221;.vc_custom_1583547391402{background-image: url(https:\/\/estateofmariafelix.com\/es\/wp-content\/uploads\/2020\/03\/pattern_marmol_3-1.jpg?id=3305) !important;background-position: 0 0 !important;background-repeat: repeat !important;}&#8221;][vc_row full_width=&#8221;stretch_row_content_no_spaces&#8221; content_placement=&#8221;middle&#8221; css_animation=&#8221;fadeIn&#8221; el_class=&#8221;ajuste-caja&#8221;][vc_column][vc_row_inner][vc_column_inner][vc_wp_text el_class=&#8221;linea-tiempo&#8221;] 1951 [\/vc_wp_text][\/vc_column_inner][\/vc_row_inner][vc_row_inner content_placement=&#8221;middle&#8221; el_class=&#8221;cajas-linea&#8221;][vc_column_inner el_class=&#8221;cajas-linea-info-a&#8221; width=&#8221;1\/3&#8243;][vc_column_text el_class=&#8221;linea-tiempo texto-linea&#8221;]Dans La Cornona Negra , aux c\u00f4t\u00e9s de Rossano Brazzi et Vittorio Gassman, il incarne un personnage dans un complot policier aux connotations psychologiques, [&hellip;]","og_url":"https:\/\/estateofmariafelix.com\/fr\/una-leyenda-mexicana-1951-1960\/","og_site_name":"Mar\u00eda F\u00e9lix","article_publisher":"https:\/\/www.facebook.com\/EstateofMariaFelix","article_modified_time":"2021-02-05T21:06:05+00:00","twitter_card":"summary_large_image","twitter_misc":{"Dur\u00e9e de lecture est.":"29 minutes"},"schema":{"@context":"https:\/\/schema.org","@graph":[{"@type":"Organization","@id":"https:\/\/estateofmariafelix.com\/fr\/#organization","name":"Estate of Mar\u00eda F\u00e9lix","url":"https:\/\/estateofmariafelix.com\/fr\/","sameAs":["https:\/\/www.facebook.com\/EstateofMariaFelix","https:\/\/www.instagram.com\/estateofmariafelix\/"],"logo":{"@type":"ImageObject","@id":"https:\/\/estateofmariafelix.com\/fr\/#logo","inLanguage":"fr-FR","url":"https:\/\/estateofmariafelix.com\/fr\/wp-content\/uploads\/2020\/03\/147-LOGO-EOMF-compressor.png","contentUrl":"https:\/\/estateofmariafelix.com\/fr\/wp-content\/uploads\/2020\/03\/147-LOGO-EOMF-compressor.png","width":1772,"height":974,"caption":"Estate of Mar\u00eda F\u00e9lix"},"image":{"@id":"https:\/\/estateofmariafelix.com\/fr\/#logo"}},{"@type":"WebSite","@id":"https:\/\/estateofmariafelix.com\/fr\/#website","url":"https:\/\/estateofmariafelix.com\/fr\/","name":"Mar\u00eda F\u00e9lix","description":"Page officielle","publisher":{"@id":"https:\/\/estateofmariafelix.com\/fr\/#organization"},"potentialAction":[{"@type":"SearchAction","target":{"@type":"EntryPoint","urlTemplate":"https:\/\/estateofmariafelix.com\/fr\/?s={search_term_string}"},"query-input":"required name=search_term_string"}],"inLanguage":"fr-FR"},{"@type":"WebPage","@id":"https:\/\/estateofmariafelix.com\/fr\/una-leyenda-mexicana-1951-1960\/#webpage","url":"https:\/\/estateofmariafelix.com\/fr\/una-leyenda-mexicana-1951-1960\/","name":"Une l\u00e9gende mexicaine 1951-1960 - Mar\u00eda F\u00e9lix","isPartOf":{"@id":"https:\/\/estateofmariafelix.com\/fr\/#website"},"datePublished":"2021-01-05T10:45:48+00:00","dateModified":"2021-02-05T21:06:05+00:00","breadcrumb":{"@id":"https:\/\/estateofmariafelix.com\/fr\/una-leyenda-mexicana-1951-1960\/#breadcrumb"},"inLanguage":"fr-FR","potentialAction":[{"@type":"ReadAction","target":["https:\/\/estateofmariafelix.com\/fr\/una-leyenda-mexicana-1951-1960\/"]}]},{"@type":"BreadcrumbList","@id":"https:\/\/estateofmariafelix.com\/fr\/una-leyenda-mexicana-1951-1960\/#breadcrumb","itemListElement":[{"@type":"ListItem","position":1,"name":"Inicio","item":"https:\/\/estateofmariafelix.com\/fr\/"},{"@type":"ListItem","position":2,"name":"Une l\u00e9gende mexicaine 1951-1960"}]}]}},"_links":{"self":[{"href":"https:\/\/estateofmariafelix.com\/fr\/wp-json\/wp\/v2\/pages\/3643"}],"collection":[{"href":"https:\/\/estateofmariafelix.com\/fr\/wp-json\/wp\/v2\/pages"}],"about":[{"href":"https:\/\/estateofmariafelix.com\/fr\/wp-json\/wp\/v2\/types\/page"}],"author":[{"embeddable":true,"href":"https:\/\/estateofmariafelix.com\/fr\/wp-json\/wp\/v2\/users\/2"}],"replies":[{"embeddable":true,"href":"https:\/\/estateofmariafelix.com\/fr\/wp-json\/wp\/v2\/comments?post=3643"}],"version-history":[{"count":5,"href":"https:\/\/estateofmariafelix.com\/fr\/wp-json\/wp\/v2\/pages\/3643\/revisions"}],"predecessor-version":[{"id":3729,"href":"https:\/\/estateofmariafelix.com\/fr\/wp-json\/wp\/v2\/pages\/3643\/revisions\/3729"}],"wp:attachment":[{"href":"https:\/\/estateofmariafelix.com\/fr\/wp-json\/wp\/v2\/media?parent=3643"}],"curies":[{"name":"wp","href":"https:\/\/api.w.org\/{rel}","templated":true}]}}