{"id":3645,"date":"2021-01-05T11:51:00","date_gmt":"2021-01-05T17:51:00","guid":{"rendered":"https:\/\/estateofmariafelix.com\/es\/?page_id=3645"},"modified":"2021-02-05T23:14:37","modified_gmt":"2021-02-05T22:14:37","slug":"une-legende-mexicaine-1961-1980","status":"publish","type":"page","link":"https:\/\/estateofmariafelix.com\/fr\/une-legende-mexicaine-1961-1980\/","title":{"rendered":"Une l\u00e9gende mexicaine 1961-1980"},"content":{"rendered":"<p>[vc_row full_width=&#8221;stretch_row_content_no_spaces&#8221; css=&#8221;.vc_custom_1583291201701{background-color: #c8c1a2 !important;}&#8221;][vc_column][vc_single_image image=&#8221;2142&#8243; img_size=&#8221;full&#8221; alignment=&#8221;center&#8221; el_class=&#8221;el_prestigio_img&#8221;][\/vc_column][\/vc_row][vc_section full_width=&#8221;stretch_row_content&#8221; content_placement=&#8221;middle&#8221; css=&#8221;.vc_custom_1583547391402{background-image: url(https:\/\/estateofmariafelix.com\/es\/wp-content\/uploads\/2020\/03\/pattern_marmol_3-1.jpg?id=3305) !important;background-position: 0 0 !important;background-repeat: repeat !important;}&#8221;][vc_row full_width=&#8221;stretch_row_content_no_spaces&#8221; content_placement=&#8221;middle&#8221; css_animation=&#8221;fadeIn&#8221; el_class=&#8221;ajuste-caja&#8221;][vc_column][vc_row_inner][vc_column_inner][vc_wp_text el_class=&#8221;linea-tiempo&#8221;]<\/p>\n<h3 style=\"text-align: center;\">1962<\/h3>\n<p>[\/vc_wp_text][\/vc_column_inner][\/vc_row_inner][vc_row_inner content_placement=&#8221;middle&#8221; el_class=&#8221;cajas-linea&#8221;][vc_column_inner el_class=&#8221;cajas-linea-info-a&#8221; width=&#8221;1\/3&#8243;][vc_column_text el_class=&#8221;linea-tiempo texto-linea&#8221;]Dans<strong> La Bandida<\/strong> l&#8217;\u00e9ventail des \u00e9motions est pr\u00e9sent il pleure, rit, chante et souffre, insulte et se bat dans ce qui semble \u00eatre le r\u00f4le le plus vigoureux de sa carri\u00e8re, secouant \u00e0 nouveau le double standard de l&#8217;\u00e9poque, qu&#8217;il gagne, arguant qu&#8217;aucune prostitu\u00e9e ne m\u00e9rite d&#8217;\u00eatre heureuse.[\/vc_column_text][vc_column_text el_class=&#8221;linea-tiempo texto-linea&#8221;]La r\u00e9v\u00e9lation dans un r\u00eave inconstant plein d&#8217;ironie et de com\u00e9die, lui permet de se moquer d&#8217;elle-m\u00eame en r\u00e9p\u00e9tant l&#8217;hilarit\u00e9 de sa pr\u00e9sence dans le film<em> Reportaje<\/em>. La petite participation de Mar\u00eda s&#8217;interpr\u00e9tant dans le film <strong>S\u00ed Yo fuera millonario <\/strong>cela lui rapporte l&#8217;une des plus grosses sommes jamais offertes dans sa carri\u00e8re.[\/vc_column_text][vc_column_text el_class=&#8221;linea-tiempo texto-linea&#8221;]Enrique \u00e9tudie les sciences politiques \u00e0 l&#8217;Universit\u00e9 nationale autonome du Mexique en vue d&#8217;une carri\u00e8re diplomatique.[\/vc_column_text][\/vc_column_inner][vc_column_inner el_class=&#8221;cajas-linea-info-c&#8221; width=&#8221;1\/3&#8243;][vc_column_text]<\/p>\n<div class=\"rectangulo-2\"><\/div>\n<p>[\/vc_column_text][\/vc_column_inner][vc_column_inner el_class=&#8221;cajas-linea-info-b&#8221; width=&#8221;1\/3&#8243;][vc_single_image image=&#8221;2822&#8243; img_size=&#8221;large&#8221; alignment=&#8221;center&#8221;][\/vc_column_inner][\/vc_row_inner][\/vc_column][\/vc_row][vc_row full_width=&#8221;stretch_row_content_no_spaces&#8221; content_placement=&#8221;middle&#8221; css_animation=&#8221;fadeIn&#8221; el_class=&#8221;ajuste-caja&#8221;][vc_column][vc_row_inner][vc_column_inner][vc_wp_text el_class=&#8221;linea-tiempo&#8221;]<\/p>\n<h3 style=\"text-align: center;\">1963<\/h3>\n<p>[\/vc_wp_text][\/vc_column_inner][\/vc_row_inner][vc_row_inner content_placement=&#8221;middle&#8221; el_class=&#8221;cajas-linea&#8221;][vc_column_inner el_class=&#8221;cajas-linea-info-b&#8221; width=&#8221;1\/3&#8243;][\/vc_column_inner][vc_column_inner el_class=&#8221;cajas-linea-info-c&#8221; width=&#8221;1\/3&#8243;][vc_column_text]<\/p>\n<div class=\"rectangulo-2\"><\/div>\n<p>[\/vc_column_text][\/vc_column_inner][vc_column_inner el_class=&#8221;cajas-linea-info-a&#8221; width=&#8221;1\/3&#8243;][vc_column_text el_class=&#8221;linea-tiempo texto-linea&#8221;]Dans la maturit\u00e9 de sa carri\u00e8re et de sa vie, \u00e0 49 ans, il propose en<strong> Amor y Sexo <\/strong>une sc\u00e8ne de lit nue et suggestive avec Julio Alem\u00e1n. Le sc\u00e9nario ne l&#8217;a pas pr\u00e9vu et c&#8217;est elle qui le propose \u00e0 la recherche d&#8217;une am\u00e9lioration dramatique dans l&#8217;une des sc\u00e8nes de la prison. Au scandale de la sc\u00e8ne s&#8217;ajoute l&#8217;\u00e9l\u00e9vation de la vie sexuelle entre une femme plus \u00e2g\u00e9e et un jeune homme.[\/vc_column_text][\/vc_column_inner][\/vc_row_inner][vc_row_inner content_placement=&#8221;middle&#8221; el_class=&#8221;cajas-linea&#8221;][vc_column_inner el_class=&#8221;cajas-linea-info-b&#8221; width=&#8221;1\/3&#8243;][vc_single_image image=&#8221;2623&#8243; img_size=&#8221;large&#8221; alignment=&#8221;center&#8221;][\/vc_column_inner][vc_column_inner el_class=&#8221;cajas-linea-info-c&#8221; width=&#8221;1\/3&#8243;][vc_column_text]<\/p>\n<div class=\"rectangulo-2\"><\/div>\n<p>[\/vc_column_text][\/vc_column_inner][vc_column_inner el_class=&#8221;cajas-linea-info-a&#8221; width=&#8221;1\/3&#8243;][vc_column_text el_class=&#8221;linea-tiempo texto-linea&#8221;]Le milieu journalistique international reconna\u00eet sa carri\u00e8re en lui proposant des couvertures dans les principaux magazines sp\u00e9cialis\u00e9s.[\/vc_column_text][vc_column_text el_class=&#8221;linea-tiempo texto-linea&#8221;]Visitez Lima, au P\u00e9rou, lors d&#8217;une tourn\u00e9e internationale.[\/vc_column_text][vc_column_text el_class=&#8221;linea-tiempo texto-linea&#8221;]Elle est interview\u00e9e par l&#8217;animateur de t\u00e9l\u00e9vision p\u00e9ruvien, Luis \u00c1ngel Pinasco.[\/vc_column_text][vc_column_text el_class=&#8221;linea-tiempo texto-linea&#8221;]Le film<strong> La Valentina <\/strong>Sur un ton comique, il perp\u00e9tue son image en chantant et en dansant aux c\u00f4t\u00e9s d&#8217;Eulalio Gonz\u00e1lez, Piporro. Une belle mari\u00e9e qui est belle dans la cinquantaine, et qui semble intemporelle, est plausible sous le mythe de la beaut\u00e9 \u00e9ternelle de l&#8217;actrice qu&#8217;elle tient depuis de nombreuses ann\u00e9es.[\/vc_column_text][vc_column_text el_class=&#8221;linea-tiempo texto-linea&#8221;]Diverses tentatives biographiques circulent en proie \u00e0 des incoh\u00e9rences qu&#8217;il ne reconna\u00eet pas.[\/vc_column_text][\/vc_column_inner][\/vc_row_inner][vc_row_inner content_placement=&#8221;middle&#8221; el_class=&#8221;cajas-linea&#8221;][vc_column_inner el_class=&#8221;cajas-linea-info-b&#8221; width=&#8221;1\/3&#8243;][vc_single_image image=&#8221;3295&#8243; img_size=&#8221;large&#8221; alignment=&#8221;center&#8221;][\/vc_column_inner][vc_column_inner el_class=&#8221;cajas-linea-info-c&#8221; width=&#8221;1\/3&#8243;][vc_column_text]<\/p>\n<div class=\"rectangulo-2\"><\/div>\n<p>[\/vc_column_text][\/vc_column_inner][vc_column_inner el_class=&#8221;cajas-linea-info-a&#8221; width=&#8221;1\/3&#8243;][vc_column_text el_class=&#8221;linea-tiempo texto-linea&#8221;]Il entretient une solide amiti\u00e9 avec Renato Leduc et sa femme Leonora Carrington qui ont peint pour lui le triptyque surr\u00e9aliste.<em> Sue\u00f1o de Sirenas.<\/em>[\/vc_column_text][\/vc_column_inner][\/vc_row_inner][\/vc_column][\/vc_row][vc_row full_width=&#8221;stretch_row_content_no_spaces&#8221; content_placement=&#8221;middle&#8221; css_animation=&#8221;fadeIn&#8221; el_class=&#8221;ajuste-caja&#8221;][vc_column][vc_row_inner][vc_column_inner][vc_wp_text el_class=&#8221;linea-tiempo&#8221;]<\/p>\n<h3 style=\"text-align: center;\">1964<\/h3>\n<p>[\/vc_wp_text][\/vc_column_inner][\/vc_row_inner][vc_row_inner content_placement=&#8221;middle&#8221; el_class=&#8221;cajas-linea&#8221;][vc_column_inner el_class=&#8221;cajas-linea-info-a&#8221; width=&#8221;1\/3&#8243;][vc_column_text el_class=&#8221;linea-tiempo texto-linea&#8221;]Enrique fait ses d\u00e9buts artistiques dans une production d&#8217;Ernesto Alonso, peu de temps apr\u00e8s que Luis Bu\u00f1uel l&#8217;int\u00e8gre au casting d&#8217;un de ses films.[\/vc_column_text][\/vc_column_inner][vc_column_inner el_class=&#8221;cajas-linea-info-c&#8221; width=&#8221;1\/3&#8243;][vc_column_text]<\/p>\n<div class=\"rectangulo-2\"><\/div>\n<p>[\/vc_column_text][\/vc_column_inner][vc_column_inner el_class=&#8221;cajas-linea-info-b&#8221; width=&#8221;1\/3&#8243;][vc_single_image image=&#8221;2593&#8243; img_size=&#8221;large&#8221; alignment=&#8221;center&#8221;][\/vc_column_inner][\/vc_row_inner][vc_row_inner content_placement=&#8221;middle&#8221; el_class=&#8221;cajas-linea&#8221;][vc_column_inner el_class=&#8221;cajas-linea-info-a&#8221; width=&#8221;1\/3&#8243;][vc_column_text el_class=&#8221;linea-tiempo texto-linea&#8221;]Graver le disque <em>La voz de Mar\u00eda y la inspiraci\u00f3n de Agust\u00edn Lara<\/em>.[\/vc_column_text][\/vc_column_inner][vc_column_inner el_class=&#8221;cajas-linea-info-c&#8221; width=&#8221;1\/3&#8243;][vc_column_text]<\/p>\n<div class=\"rectangulo-2\"><\/div>\n<p>[\/vc_column_text][\/vc_column_inner][vc_column_inner el_class=&#8221;cajas-linea-info-b&#8221; width=&#8221;1\/3&#8243;][\/vc_column_inner][\/vc_row_inner][\/vc_column][\/vc_row][vc_row full_width=&#8221;stretch_row_content_no_spaces&#8221; content_placement=&#8221;middle&#8221; css_animation=&#8221;fadeIn&#8221; el_class=&#8221;ajuste-caja&#8221;][vc_column][vc_row_inner][vc_column_inner][vc_wp_text el_class=&#8221;linea-tiempo&#8221;]<\/p>\n<h3 style=\"text-align: center;\">1965<\/h3>\n<p>[\/vc_wp_text][\/vc_column_inner][\/vc_row_inner][vc_row_inner content_placement=&#8221;middle&#8221; el_class=&#8221;cajas-linea&#8221;][vc_column_inner el_class=&#8221;cajas-linea-info-b&#8221; width=&#8221;1\/3&#8243;][vc_single_image image=&#8221;2594&#8243; img_size=&#8221;large&#8221; alignment=&#8221;center&#8221;][\/vc_column_inner][vc_column_inner el_class=&#8221;cajas-linea-info-c&#8221; width=&#8221;1\/3&#8243;][vc_column_text]<\/p>\n<div class=\"rectangulo-2\"><\/div>\n<p>[\/vc_column_text][\/vc_column_inner][vc_column_inner el_class=&#8221;cajas-linea-info-a&#8221; width=&#8221;1\/3&#8243;][vc_column_text el_class=&#8221;linea-tiempo texto-linea&#8221;]Leonora Carrington peint le tableau grand format <em>La Maja del tarot <\/em> qui occupe le mur o\u00f9 se trouve le portrait r\u00e9alis\u00e9 par Diego Rivera en 1949.[\/vc_column_text][\/vc_column_inner][\/vc_row_inner][\/vc_column][\/vc_row][vc_row full_width=&#8221;stretch_row_content_no_spaces&#8221; content_placement=&#8221;middle&#8221; css_animation=&#8221;fadeIn&#8221; el_class=&#8221;ajuste-caja&#8221;][vc_column][vc_row_inner][vc_column_inner][vc_wp_text el_class=&#8221;linea-tiempo&#8221;]<\/p>\n<h3 style=\"text-align: center;\">1966<\/h3>\n<p>[\/vc_wp_text][\/vc_column_inner][\/vc_row_inner][vc_row_inner content_placement=&#8221;middle&#8221; el_class=&#8221;cajas-linea&#8221;][vc_column_inner el_class=&#8221;cajas-linea-info-a&#8221; width=&#8221;1\/3&#8243;][vc_column_text el_class=&#8221;linea-tiempo texto-linea&#8221;]Il confie \u00e0 Cartier la conception exclusive d&#8217;un collier en forme de serpent en platine, or et \u00e9mail recouvert de 2500 diamants.[\/vc_column_text][\/vc_column_inner][vc_column_inner el_class=&#8221;cajas-linea-info-c&#8221; width=&#8221;1\/3&#8243;][vc_column_text]<\/p>\n<div class=\"rectangulo-2\"><\/div>\n<p>[\/vc_column_text][\/vc_column_inner][vc_column_inner el_class=&#8221;cajas-linea-info-b&#8221; width=&#8221;1\/3&#8243;][vc_single_image image=&#8221;2595&#8243; img_size=&#8221;large&#8221; alignment=&#8221;center&#8221;][\/vc_column_inner][\/vc_row_inner][\/vc_column][\/vc_row][vc_row full_width=&#8221;stretch_row_content_no_spaces&#8221; content_placement=&#8221;middle&#8221; css_animation=&#8221;fadeIn&#8221; el_class=&#8221;ajuste-caja&#8221;][vc_column][vc_row_inner][vc_column_inner][vc_wp_text el_class=&#8221;linea-tiempo&#8221;]<\/p>\n<h3 style=\"text-align: center;\">1967<\/h3>\n<p>[\/vc_wp_text][\/vc_column_inner][\/vc_row_inner][vc_row_inner content_placement=&#8221;middle&#8221; el_class=&#8221;cajas-linea&#8221;][vc_column_inner el_class=&#8221;cajas-linea-info-b&#8221; width=&#8221;1\/3&#8243;][vc_single_image image=&#8221;2927&#8243; img_size=&#8221;large&#8221; alignment=&#8221;center&#8221;][\/vc_column_inner][vc_column_inner el_class=&#8221;cajas-linea-info-c&#8221; width=&#8221;1\/3&#8243;][vc_column_text]<\/p>\n<div class=\"rectangulo-2\"><\/div>\n<p>[\/vc_column_text][\/vc_column_inner][vc_column_inner el_class=&#8221;cajas-linea-info-a&#8221; width=&#8221;1\/3&#8243;][vc_column_text el_class=&#8221;linea-tiempo texto-linea&#8221;]Re\u00e7oit symboliquement d&#8217;Alex Berger ce qu&#8217;il consid\u00e8re comme son plus beau cadeau; le projet de construction du m\u00e9tro de Mexico. Dans sa maison de Polanco, des accords sont conclus entre les autorit\u00e9s et l&#8217;entreprise de son mari.[\/vc_column_text][\/vc_column_inner][\/vc_row_inner][\/vc_column][\/vc_row][vc_row full_width=&#8221;stretch_row_content_no_spaces&#8221; content_placement=&#8221;middle&#8221; css_animation=&#8221;fadeIn&#8221; el_class=&#8221;ajuste-caja&#8221;][vc_column][vc_row_inner][vc_column_inner][vc_wp_text el_class=&#8221;linea-tiempo&#8221;]<\/p>\n<h3 style=\"text-align: center;\">1968<\/h3>\n<p>[\/vc_wp_text][\/vc_column_inner][\/vc_row_inner][vc_row_inner content_placement=&#8221;middle&#8221; el_class=&#8221;cajas-linea&#8221;][vc_column_inner el_class=&#8221;cajas-linea-info-b&#8221; width=&#8221;1\/3&#8243;][vc_column_text el_class=&#8221;linea-tiempo texto-linea&#8221;]Elle est interview\u00e9e par Jacobo Zabludovsky et Pedro Ferriz Santa Cruz dans le programme <em>Automex Presenta<\/em>.[\/vc_column_text][\/vc_column_inner][vc_column_inner el_class=&#8221;cajas-linea-info-c&#8221; width=&#8221;1\/3&#8243;][vc_column_text]<\/p>\n<div class=\"rectangulo-2\"><\/div>\n<p>[\/vc_column_text][\/vc_column_inner][vc_column_inner el_class=&#8221;cajas-linea-info-a&#8221; width=&#8221;1\/3&#8243;][\/vc_column_inner][\/vc_row_inner][\/vc_column][\/vc_row][vc_row full_width=&#8221;stretch_row_content_no_spaces&#8221; content_placement=&#8221;middle&#8221; css_animation=&#8221;fadeIn&#8221; el_class=&#8221;ajuste-caja&#8221;][vc_column][vc_row_inner][vc_column_inner][vc_wp_text el_class=&#8221;linea-tiempo&#8221;]<\/p>\n<h3 style=\"text-align: center;\">1970<\/h3>\n<p>[\/vc_wp_text][\/vc_column_inner][\/vc_row_inner][vc_row_inner content_placement=&#8221;middle&#8221; el_class=&#8221;cajas-linea&#8221;][vc_column_inner el_class=&#8221;cajas-linea-info-b&#8221; width=&#8221;1\/3&#8243;][vc_single_image image=&#8221;2597&#8243; img_size=&#8221;large&#8221; alignment=&#8221;center&#8221;][\/vc_column_inner][vc_column_inner el_class=&#8221;cajas-linea-info-c&#8221; width=&#8221;1\/3&#8243;][vc_column_text]<\/p>\n<div class=\"rectangulo-2\"><\/div>\n<p>[\/vc_column_text][\/vc_column_inner][vc_column_inner el_class=&#8221;cajas-linea-info-a&#8221; width=&#8221;1\/3&#8243;][vc_column_text el_class=&#8221;linea-tiempo texto-linea&#8221;]Avec <strong>La Generala <\/strong> Il cl\u00f4t sa carri\u00e8re au cin\u00e9ma en semant dans l&#8217;imaginaire populaire le parall\u00e9lisme de Mariana Sampedro avec l&#8217;id\u00e9e impudente d&#8217;un inceste entre nourrissons, et la mort d&#8217;un fr\u00e8re sous trahison.[\/vc_column_text][vc_column_text el_class=&#8221;linea-tiempo texto-linea&#8221;]Elle dit au revoir au cin\u00e9ma \u00e0 c\u00f4t\u00e9 de son mari Alex Berger, qui est l&#8217;un des principaux investisseurs. L&#8217;\u00e9v\u00e9nement semble fortuit dans la recherche d&#8217;un sc\u00e9nario important pour la r\u00e9alisation d&#8217;un film de plus grande envergure, qui, dans les d\u00e9cennies suivantes, n&#8217;arrive pas.[\/vc_column_text][vc_column_text el_class=&#8221;linea-tiempo texto-linea&#8221;]Il prot\u00e8ge sa riche personnalit\u00e9 des \u00e9chos filmiques dans l&#8217;intimit\u00e9 de ses maisons \u00e0 Mexico et \u00e0 Paris. Ses apparitions sont sporadiques, mais d\u00e9j\u00e0 sous l&#8217;objectif de la t\u00e9l\u00e9vision.[\/vc_column_text][\/vc_column_inner][\/vc_row_inner][vc_row_inner content_placement=&#8221;middle&#8221; el_class=&#8221;cajas-linea&#8221;][vc_column_inner el_class=&#8221;cajas-linea-info-b&#8221; width=&#8221;1\/3&#8243;][vc_single_image image=&#8221;2598&#8243; img_size=&#8221;large&#8221; alignment=&#8221;center&#8221;][\/vc_column_inner][vc_column_inner el_class=&#8221;cajas-linea-info-c&#8221; width=&#8221;1\/3&#8243;][vc_column_text]<\/p>\n<div class=\"rectangulo-2\"><\/div>\n<p>[\/vc_column_text][\/vc_column_inner][vc_column_inner el_class=&#8221;cajas-linea-info-a&#8221; width=&#8221;1\/3&#8243;][vc_column_text el_class=&#8221;linea-tiempo texto-linea&#8221;]Enregistrez le feuilleton historique <em>La Constituci\u00f3n <\/em> sous la direction de son ami Ernesto Alonso.[\/vc_column_text][vc_column_text el_class=&#8221;linea-tiempo texto-linea&#8221;]Il se rend \u00e0 Caracas, au Venezuela, pour enregistrer certains chapitres de la telenovela\u00a0<em>Cristina\u00a0<\/em> dans le r\u00f4le de Domenica, La Leona.[\/vc_column_text][\/vc_column_inner][\/vc_row_inner][vc_row_inner content_placement=&#8221;middle&#8221; el_class=&#8221;cajas-linea&#8221;][vc_column_inner el_class=&#8221;cajas-linea-info-b&#8221; width=&#8221;1\/3&#8243;][vc_single_image image=&#8221;2599&#8243; img_size=&#8221;large&#8221; alignment=&#8221;center&#8221;][\/vc_column_inner][vc_column_inner el_class=&#8221;cajas-linea-info-c&#8221; width=&#8221;1\/3&#8243;][vc_column_text]<\/p>\n<div class=\"rectangulo-2\"><\/div>\n<p>[\/vc_column_text][\/vc_column_inner][vc_column_inner el_class=&#8221;cajas-linea-info-a&#8221; width=&#8221;1\/3&#8243;][vc_column_text el_class=&#8221;linea-tiempo texto-linea&#8221;]Sa pr\u00e9sence est inscrite dans les sc\u00e8nes de la mode, de l&#8217;intellectualit\u00e9, de la haute soci\u00e9t\u00e9, de la collection, du monde \u00e9questre, de l&#8217;art et de la cin\u00e9matographie.[\/vc_column_text][\/vc_column_inner][\/vc_row_inner][\/vc_column][\/vc_row][vc_row full_width=&#8221;stretch_row_content_no_spaces&#8221; content_placement=&#8221;middle&#8221; css_animation=&#8221;fadeIn&#8221; el_class=&#8221;ajuste-caja&#8221;][vc_column][vc_row_inner][vc_column_inner][vc_wp_text el_class=&#8221;linea-tiempo&#8221;]<\/p>\n<h3 style=\"text-align: center;\">1974<\/h3>\n<p>[\/vc_wp_text][\/vc_column_inner][\/vc_row_inner][vc_row_inner content_placement=&#8221;middle&#8221; el_class=&#8221;cajas-linea&#8221;][vc_column_inner el_class=&#8221;cajas-linea-info-a&#8221; width=&#8221;1\/3&#8243;][vc_column_text el_class=&#8221;linea-tiempo texto-linea&#8221;]Mourir paisiblement Do\u00f1a Josefina G\u00fcere\u00f1a chez sa fille \u00e0 Polanco.[\/vc_column_text][vc_column_text el_class=&#8221;linea-tiempo texto-linea&#8221;]A Paris, Alexander Berger meurt d&#8217;un cancer du poumon. De nouveau veuve, dans une profonde solitude, elle fait face \u00e0 un processus d\u00e9pressif \u00e0 la clinique Mayo de Rochester.[\/vc_column_text][\/vc_column_inner][vc_column_inner el_class=&#8221;cajas-linea-info-c&#8221; width=&#8221;1\/3&#8243;][vc_column_text]<\/p>\n<div class=\"rectangulo-2\"><\/div>\n<p>[\/vc_column_text][\/vc_column_inner][vc_column_inner el_class=&#8221;cajas-linea-info-b&#8221; width=&#8221;1\/3&#8243;][vc_single_image image=&#8221;2823&#8243; img_size=&#8221;large&#8221; alignment=&#8221;center&#8221;][\/vc_column_inner][\/vc_row_inner][\/vc_column][\/vc_row][vc_row full_width=&#8221;stretch_row_content_no_spaces&#8221; content_placement=&#8221;middle&#8221; css_animation=&#8221;fadeIn&#8221; el_class=&#8221;ajuste-caja&#8221;][vc_column][vc_row_inner][vc_column_inner][vc_wp_text el_class=&#8221;linea-tiempo&#8221;]<\/p>\n<h3 style=\"text-align: center;\">1975<\/h3>\n<p>[\/vc_wp_text][\/vc_column_inner][\/vc_row_inner][vc_row_inner content_placement=&#8221;middle&#8221; el_class=&#8221;cajas-linea&#8221;][vc_column_inner el_class=&#8221;cajas-linea-info-b&#8221; width=&#8221;1\/3&#8243;][vc_single_image image=&#8221;2756&#8243; img_size=&#8221;large&#8221; alignment=&#8221;center&#8221;][\/vc_column_inner][vc_column_inner el_class=&#8221;cajas-linea-info-c&#8221; width=&#8221;1\/3&#8243;][vc_column_text]<\/p>\n<div class=\"rectangulo-2\"><\/div>\n<p>[\/vc_column_text][\/vc_column_inner][vc_column_inner el_class=&#8221;cajas-linea-info-a&#8221; width=&#8221;1\/3&#8243;][vc_column_text el_class=&#8221;linea-tiempo texto-linea&#8221;]Il confie \u00e0 Cartier la r\u00e9alisation du bijou le plus extravagant et embl\u00e9matique de sa collection, un collier au dessin de deux crocodiles sertis dont la structure en or est recouverte de 1023 brillants jaunes et de 1060 \u00e9meraudes serties.[\/vc_column_text][vc_column_text el_class=&#8221;linea-tiempo texto-linea&#8221;]Produit d&#8217;une relation \u00e9ph\u00e9m\u00e8re et tourment\u00e9e avec un jeune parisien; il compose la chanson <em>Je l\u00b4aime \u00e0 morir<\/em>. Francis Cabrel l&#8217;annoncera deux ans plus tard.[\/vc_column_text][\/vc_column_inner][\/vc_row_inner][\/vc_column][\/vc_row][vc_row full_width=&#8221;stretch_row_content_no_spaces&#8221; content_placement=&#8221;middle&#8221; css_animation=&#8221;fadeIn&#8221; el_class=&#8221;ajuste-caja&#8221;][vc_column][vc_row_inner][vc_column_inner][vc_wp_text el_class=&#8221;linea-tiempo&#8221;]<\/p>\n<h3 style=\"text-align: center;\">1976<\/h3>\n<p>[\/vc_wp_text][\/vc_column_inner][\/vc_row_inner][vc_row_inner content_placement=&#8221;middle&#8221; el_class=&#8221;cajas-linea&#8221;][vc_column_inner el_class=&#8221;cajas-linea-info-a&#8221; width=&#8221;1\/3&#8243;][vc_column_text el_class=&#8221;linea-tiempo texto-linea&#8221;]Il se rend \u00e0 Ciudad Nezahualcotl au cin\u00e9ma Aurora pour d\u00e9voiler la plaque de rue qui porte son nom \u00e0 la demande des voisins. Carlos Monsivais en fait une chronique int\u00e9ressante.[\/vc_column_text][\/vc_column_inner][vc_column_inner el_class=&#8221;cajas-linea-info-c&#8221; width=&#8221;1\/3&#8243;][vc_column_text]<\/p>\n<div class=\"rectangulo-2\"><\/div>\n<p>[\/vc_column_text][\/vc_column_inner][vc_column_inner el_class=&#8221;cajas-linea-info-b&#8221; width=&#8221;1\/3&#8243;][\/vc_column_inner][\/vc_row_inner][\/vc_column][\/vc_row][vc_row full_width=&#8221;stretch_row_content_no_spaces&#8221; content_placement=&#8221;middle&#8221; css_animation=&#8221;fadeIn&#8221; el_class=&#8221;ajuste-caja&#8221;][vc_column][vc_row_inner][vc_column_inner][vc_wp_text el_class=&#8221;linea-tiempo&#8221;]<\/p>\n<h3 style=\"text-align: center;\">1979<\/h3>\n<p>[\/vc_wp_text][\/vc_column_inner][\/vc_row_inner][vc_row_inner content_placement=&#8221;middle&#8221; el_class=&#8221;cajas-linea&#8221;][vc_column_inner el_class=&#8221;cajas-linea-info-b&#8221; width=&#8221;1\/3&#8243;][vc_single_image image=&#8221;2601&#8243; img_size=&#8221;large&#8221; alignment=&#8221;center&#8221;][\/vc_column_inner][vc_column_inner el_class=&#8221;cajas-linea-info-c&#8221; width=&#8221;1\/3&#8243;][vc_column_text]<\/p>\n<div class=\"rectangulo-2\"><\/div>\n<p>[\/vc_column_text][\/vc_column_inner][vc_column_inner el_class=&#8221;cajas-linea-info-a&#8221; width=&#8221;1\/3&#8243;][vc_column_text el_class=&#8221;linea-tiempo texto-linea&#8221;]Dans l&#8217;\u00e9mission Siempre en Domingo, anim\u00e9e par Ra\u00fal Velasco, l&#8217;auteur-compositeur-interpr\u00e8te Juan Gabriel lui d\u00e9die la chanson <em>Mar\u00eda de todas las Mar\u00edas.<\/em>[\/vc_column_text][\/vc_column_inner][\/vc_row_inner][\/vc_column][\/vc_row][vc_row full_width=&#8221;stretch_row_content_no_spaces&#8221; content_placement=&#8221;middle&#8221; css_animation=&#8221;fadeIn&#8221; el_class=&#8221;ajuste-caja&#8221;][vc_column][vc_row_inner][vc_column_inner][vc_wp_text el_class=&#8221;linea-tiempo&#8221;]<\/p>\n<h3 style=\"text-align: center;\">1980<\/h3>\n<p>[\/vc_wp_text][\/vc_column_inner][\/vc_row_inner][vc_row_inner content_placement=&#8221;middle&#8221; el_class=&#8221;cajas-linea&#8221;][vc_column_inner el_class=&#8221;cajas-linea-info-a&#8221; width=&#8221;1\/3&#8243;][vc_column_text el_class=&#8221;linea-tiempo texto-linea&#8221;]Il re\u00e7oit un hommage \u00e0 sa carri\u00e8re au Festival du film ib\u00e9ro-am\u00e9ricain de Huelva, en Espagne.[\/vc_column_text][\/vc_column_inner][vc_column_inner el_class=&#8221;cajas-linea-info-c&#8221; width=&#8221;1\/3&#8243;][vc_column_text]<\/p>\n<div class=\"rectangulo-2\"><\/div>\n<p>[\/vc_column_text][\/vc_column_inner][vc_column_inner el_class=&#8221;cajas-linea-info-b&#8221; width=&#8221;1\/3&#8243;][\/vc_column_inner][\/vc_row_inner][\/vc_column][\/vc_row][\/vc_section]<\/p>\n","protected":false},"excerpt":{"rendered":"<p>[vc_row full_width=&#8221;stretch_row_content_no_spaces&#8221; css=&#8221;.vc_custom_1583291201701{background-color: #c8c1a2 !important;}&#8221;][vc_column][vc_single_image image=&#8221;2142&#8243; img_size=&#8221;full&#8221; alignment=&#8221;center&#8221; el_class=&#8221;el_prestigio_img&#8221;][\/vc_column][\/vc_row][vc_section full_width=&#8221;stretch_row_content&#8221; content_placement=&#8221;middle&#8221; css=&#8221;.vc_custom_1583547391402{background-image: url(https:\/\/estateofmariafelix.com\/es\/wp-content\/uploads\/2020\/03\/pattern_marmol_3-1.jpg?id=3305) !important;background-position: 0 0 !important;background-repeat: repeat !important;}&#8221;][vc_row full_width=&#8221;stretch_row_content_no_spaces&#8221; content_placement=&#8221;middle&#8221; css_animation=&#8221;fadeIn&#8221; el_class=&#8221;ajuste-caja&#8221;][vc_column][vc_row_inner][vc_column_inner][vc_wp_text el_class=&#8221;linea-tiempo&#8221;] 1962 [\/vc_wp_text][\/vc_column_inner][\/vc_row_inner][vc_row_inner content_placement=&#8221;middle&#8221; el_class=&#8221;cajas-linea&#8221;][vc_column_inner el_class=&#8221;cajas-linea-info-a&#8221; width=&#8221;1\/3&#8243;][vc_column_text el_class=&#8221;linea-tiempo texto-linea&#8221;]Dans La Bandida l&#8217;\u00e9ventail des \u00e9motions est pr\u00e9sent il pleure, rit, chante et souffre, insulte et se bat dans ce qui semble \u00eatre le [&hellip;]<\/p>\n","protected":false},"author":2,"featured_media":0,"parent":0,"menu_order":0,"comment_status":"closed","ping_status":"closed","template":"visual-temlpate.php","meta":[],"yoast_head":"<!-- This site is optimized with the Yoast SEO plugin v17.1 - https:\/\/yoast.com\/wordpress\/plugins\/seo\/ -->\n<title>Une l\u00e9gende mexicaine 1961-1980 - Mar\u00eda F\u00e9lix<\/title>\n<meta name=\"robots\" content=\"index, follow, max-snippet:-1, max-image-preview:large, max-video-preview:-1\" \/>\n<link rel=\"canonical\" href=\"https:\/\/estateofmariafelix.com\/fr\/une-legende-mexicaine-1961-1980\/\" \/>\n<meta property=\"og:locale\" content=\"fr_FR\" \/>\n<meta property=\"og:type\" content=\"article\" \/>\n<meta property=\"og:title\" content=\"Une l\u00e9gende mexicaine 1961-1980 - Mar\u00eda F\u00e9lix\" \/>\n<meta property=\"og:description\" content=\"[vc_row full_width=&#8221;stretch_row_content_no_spaces&#8221; css=&#8221;.vc_custom_1583291201701{background-color: #c8c1a2 !important;}&#8221;][vc_column][vc_single_image image=&#8221;2142&#8243; img_size=&#8221;full&#8221; alignment=&#8221;center&#8221; el_class=&#8221;el_prestigio_img&#8221;][\/vc_column][\/vc_row][vc_section full_width=&#8221;stretch_row_content&#8221; content_placement=&#8221;middle&#8221; css=&#8221;.vc_custom_1583547391402{background-image: url(https:\/\/estateofmariafelix.com\/es\/wp-content\/uploads\/2020\/03\/pattern_marmol_3-1.jpg?id=3305) !important;background-position: 0 0 !important;background-repeat: repeat !important;}&#8221;][vc_row full_width=&#8221;stretch_row_content_no_spaces&#8221; content_placement=&#8221;middle&#8221; css_animation=&#8221;fadeIn&#8221; el_class=&#8221;ajuste-caja&#8221;][vc_column][vc_row_inner][vc_column_inner][vc_wp_text el_class=&#8221;linea-tiempo&#8221;] 1962 [\/vc_wp_text][\/vc_column_inner][\/vc_row_inner][vc_row_inner content_placement=&#8221;middle&#8221; el_class=&#8221;cajas-linea&#8221;][vc_column_inner el_class=&#8221;cajas-linea-info-a&#8221; width=&#8221;1\/3&#8243;][vc_column_text el_class=&#8221;linea-tiempo texto-linea&#8221;]Dans La Bandida l&#8217;\u00e9ventail des \u00e9motions est pr\u00e9sent il pleure, rit, chante et souffre, insulte et se bat dans ce qui semble \u00eatre le [&hellip;]\" \/>\n<meta property=\"og:url\" content=\"https:\/\/estateofmariafelix.com\/fr\/une-legende-mexicaine-1961-1980\/\" \/>\n<meta property=\"og:site_name\" content=\"Mar\u00eda F\u00e9lix\" \/>\n<meta property=\"article:publisher\" content=\"https:\/\/www.facebook.com\/EstateofMariaFelix\" \/>\n<meta property=\"article:modified_time\" content=\"2021-02-05T22:14:37+00:00\" \/>\n<meta name=\"twitter:card\" content=\"summary_large_image\" \/>\n<meta name=\"twitter:label1\" content=\"Dur\u00e9e de lecture est.\" \/>\n\t<meta name=\"twitter:data1\" content=\"14 minutes\" \/>\n<script type=\"application\/ld+json\" class=\"yoast-schema-graph\">{\"@context\":\"https:\/\/schema.org\",\"@graph\":[{\"@type\":\"Organization\",\"@id\":\"https:\/\/estateofmariafelix.com\/fr\/#organization\",\"name\":\"Estate of Mar\\u00eda F\\u00e9lix\",\"url\":\"https:\/\/estateofmariafelix.com\/fr\/\",\"sameAs\":[\"https:\/\/www.facebook.com\/EstateofMariaFelix\",\"https:\/\/www.instagram.com\/estateofmariafelix\/\"],\"logo\":{\"@type\":\"ImageObject\",\"@id\":\"https:\/\/estateofmariafelix.com\/fr\/#logo\",\"inLanguage\":\"fr-FR\",\"url\":\"https:\/\/estateofmariafelix.com\/fr\/wp-content\/uploads\/2020\/03\/147-LOGO-EOMF-compressor.png\",\"contentUrl\":\"https:\/\/estateofmariafelix.com\/fr\/wp-content\/uploads\/2020\/03\/147-LOGO-EOMF-compressor.png\",\"width\":1772,\"height\":974,\"caption\":\"Estate of Mar\\u00eda F\\u00e9lix\"},\"image\":{\"@id\":\"https:\/\/estateofmariafelix.com\/fr\/#logo\"}},{\"@type\":\"WebSite\",\"@id\":\"https:\/\/estateofmariafelix.com\/fr\/#website\",\"url\":\"https:\/\/estateofmariafelix.com\/fr\/\",\"name\":\"Mar\\u00eda F\\u00e9lix\",\"description\":\"Page officielle\",\"publisher\":{\"@id\":\"https:\/\/estateofmariafelix.com\/fr\/#organization\"},\"potentialAction\":[{\"@type\":\"SearchAction\",\"target\":{\"@type\":\"EntryPoint\",\"urlTemplate\":\"https:\/\/estateofmariafelix.com\/fr\/?s={search_term_string}\"},\"query-input\":\"required name=search_term_string\"}],\"inLanguage\":\"fr-FR\"},{\"@type\":\"WebPage\",\"@id\":\"https:\/\/estateofmariafelix.com\/fr\/une-legende-mexicaine-1961-1980\/#webpage\",\"url\":\"https:\/\/estateofmariafelix.com\/fr\/une-legende-mexicaine-1961-1980\/\",\"name\":\"Une l\\u00e9gende mexicaine 1961-1980 - Mar\\u00eda F\\u00e9lix\",\"isPartOf\":{\"@id\":\"https:\/\/estateofmariafelix.com\/fr\/#website\"},\"datePublished\":\"2021-01-05T17:51:00+00:00\",\"dateModified\":\"2021-02-05T22:14:37+00:00\",\"breadcrumb\":{\"@id\":\"https:\/\/estateofmariafelix.com\/fr\/une-legende-mexicaine-1961-1980\/#breadcrumb\"},\"inLanguage\":\"fr-FR\",\"potentialAction\":[{\"@type\":\"ReadAction\",\"target\":[\"https:\/\/estateofmariafelix.com\/fr\/une-legende-mexicaine-1961-1980\/\"]}]},{\"@type\":\"BreadcrumbList\",\"@id\":\"https:\/\/estateofmariafelix.com\/fr\/une-legende-mexicaine-1961-1980\/#breadcrumb\",\"itemListElement\":[{\"@type\":\"ListItem\",\"position\":1,\"name\":\"Inicio\",\"item\":\"https:\/\/estateofmariafelix.com\/fr\/\"},{\"@type\":\"ListItem\",\"position\":2,\"name\":\"Une l\\u00e9gende mexicaine 1961-1980\"}]}]}<\/script>\n<!-- \/ Yoast SEO plugin. -->","yoast_head_json":{"title":"Une l\u00e9gende mexicaine 1961-1980 - Mar\u00eda F\u00e9lix","robots":{"index":"index","follow":"follow","max-snippet":"max-snippet:-1","max-image-preview":"max-image-preview:large","max-video-preview":"max-video-preview:-1"},"canonical":"https:\/\/estateofmariafelix.com\/fr\/une-legende-mexicaine-1961-1980\/","og_locale":"fr_FR","og_type":"article","og_title":"Une l\u00e9gende mexicaine 1961-1980 - Mar\u00eda F\u00e9lix","og_description":"[vc_row full_width=&#8221;stretch_row_content_no_spaces&#8221; css=&#8221;.vc_custom_1583291201701{background-color: #c8c1a2 !important;}&#8221;][vc_column][vc_single_image image=&#8221;2142&#8243; img_size=&#8221;full&#8221; alignment=&#8221;center&#8221; el_class=&#8221;el_prestigio_img&#8221;][\/vc_column][\/vc_row][vc_section full_width=&#8221;stretch_row_content&#8221; content_placement=&#8221;middle&#8221; css=&#8221;.vc_custom_1583547391402{background-image: url(https:\/\/estateofmariafelix.com\/es\/wp-content\/uploads\/2020\/03\/pattern_marmol_3-1.jpg?id=3305) !important;background-position: 0 0 !important;background-repeat: repeat !important;}&#8221;][vc_row full_width=&#8221;stretch_row_content_no_spaces&#8221; content_placement=&#8221;middle&#8221; css_animation=&#8221;fadeIn&#8221; el_class=&#8221;ajuste-caja&#8221;][vc_column][vc_row_inner][vc_column_inner][vc_wp_text el_class=&#8221;linea-tiempo&#8221;] 1962 [\/vc_wp_text][\/vc_column_inner][\/vc_row_inner][vc_row_inner content_placement=&#8221;middle&#8221; el_class=&#8221;cajas-linea&#8221;][vc_column_inner el_class=&#8221;cajas-linea-info-a&#8221; width=&#8221;1\/3&#8243;][vc_column_text el_class=&#8221;linea-tiempo texto-linea&#8221;]Dans La Bandida l&#8217;\u00e9ventail des \u00e9motions est pr\u00e9sent il pleure, rit, chante et souffre, insulte et se bat dans ce qui semble \u00eatre le [&hellip;]","og_url":"https:\/\/estateofmariafelix.com\/fr\/une-legende-mexicaine-1961-1980\/","og_site_name":"Mar\u00eda F\u00e9lix","article_publisher":"https:\/\/www.facebook.com\/EstateofMariaFelix","article_modified_time":"2021-02-05T22:14:37+00:00","twitter_card":"summary_large_image","twitter_misc":{"Dur\u00e9e de lecture est.":"14 minutes"},"schema":{"@context":"https:\/\/schema.org","@graph":[{"@type":"Organization","@id":"https:\/\/estateofmariafelix.com\/fr\/#organization","name":"Estate of Mar\u00eda F\u00e9lix","url":"https:\/\/estateofmariafelix.com\/fr\/","sameAs":["https:\/\/www.facebook.com\/EstateofMariaFelix","https:\/\/www.instagram.com\/estateofmariafelix\/"],"logo":{"@type":"ImageObject","@id":"https:\/\/estateofmariafelix.com\/fr\/#logo","inLanguage":"fr-FR","url":"https:\/\/estateofmariafelix.com\/fr\/wp-content\/uploads\/2020\/03\/147-LOGO-EOMF-compressor.png","contentUrl":"https:\/\/estateofmariafelix.com\/fr\/wp-content\/uploads\/2020\/03\/147-LOGO-EOMF-compressor.png","width":1772,"height":974,"caption":"Estate of Mar\u00eda F\u00e9lix"},"image":{"@id":"https:\/\/estateofmariafelix.com\/fr\/#logo"}},{"@type":"WebSite","@id":"https:\/\/estateofmariafelix.com\/fr\/#website","url":"https:\/\/estateofmariafelix.com\/fr\/","name":"Mar\u00eda F\u00e9lix","description":"Page officielle","publisher":{"@id":"https:\/\/estateofmariafelix.com\/fr\/#organization"},"potentialAction":[{"@type":"SearchAction","target":{"@type":"EntryPoint","urlTemplate":"https:\/\/estateofmariafelix.com\/fr\/?s={search_term_string}"},"query-input":"required name=search_term_string"}],"inLanguage":"fr-FR"},{"@type":"WebPage","@id":"https:\/\/estateofmariafelix.com\/fr\/une-legende-mexicaine-1961-1980\/#webpage","url":"https:\/\/estateofmariafelix.com\/fr\/une-legende-mexicaine-1961-1980\/","name":"Une l\u00e9gende mexicaine 1961-1980 - Mar\u00eda F\u00e9lix","isPartOf":{"@id":"https:\/\/estateofmariafelix.com\/fr\/#website"},"datePublished":"2021-01-05T17:51:00+00:00","dateModified":"2021-02-05T22:14:37+00:00","breadcrumb":{"@id":"https:\/\/estateofmariafelix.com\/fr\/une-legende-mexicaine-1961-1980\/#breadcrumb"},"inLanguage":"fr-FR","potentialAction":[{"@type":"ReadAction","target":["https:\/\/estateofmariafelix.com\/fr\/une-legende-mexicaine-1961-1980\/"]}]},{"@type":"BreadcrumbList","@id":"https:\/\/estateofmariafelix.com\/fr\/une-legende-mexicaine-1961-1980\/#breadcrumb","itemListElement":[{"@type":"ListItem","position":1,"name":"Inicio","item":"https:\/\/estateofmariafelix.com\/fr\/"},{"@type":"ListItem","position":2,"name":"Une l\u00e9gende mexicaine 1961-1980"}]}]}},"_links":{"self":[{"href":"https:\/\/estateofmariafelix.com\/fr\/wp-json\/wp\/v2\/pages\/3645"}],"collection":[{"href":"https:\/\/estateofmariafelix.com\/fr\/wp-json\/wp\/v2\/pages"}],"about":[{"href":"https:\/\/estateofmariafelix.com\/fr\/wp-json\/wp\/v2\/types\/page"}],"author":[{"embeddable":true,"href":"https:\/\/estateofmariafelix.com\/fr\/wp-json\/wp\/v2\/users\/2"}],"replies":[{"embeddable":true,"href":"https:\/\/estateofmariafelix.com\/fr\/wp-json\/wp\/v2\/comments?post=3645"}],"version-history":[{"count":4,"href":"https:\/\/estateofmariafelix.com\/fr\/wp-json\/wp\/v2\/pages\/3645\/revisions"}],"predecessor-version":[{"id":3731,"href":"https:\/\/estateofmariafelix.com\/fr\/wp-json\/wp\/v2\/pages\/3645\/revisions\/3731"}],"wp:attachment":[{"href":"https:\/\/estateofmariafelix.com\/fr\/wp-json\/wp\/v2\/media?parent=3645"}],"curies":[{"name":"wp","href":"https:\/\/api.w.org\/{rel}","templated":true}]}}