{"id":3655,"date":"2021-01-06T14:51:52","date_gmt":"2021-01-06T13:51:52","guid":{"rendered":"https:\/\/estateofmariafelix.com\/es\/?page_id=3655"},"modified":"2025-03-25T04:53:09","modified_gmt":"2025-03-25T03:53:09","slug":"une-legende-mexicaine","status":"publish","type":"page","link":"https:\/\/estateofmariafelix.com\/fr\/une-legende-mexicaine\/","title":{"rendered":"Une l\u00e9gende mexicaine"},"content":{"rendered":"<p>[vc_row full_width=&#8221;stretch_row_content_no_spaces&#8221; css=&#8221;.vc_custom_1583291201701{background-color: #c8c1a2 !important;}&#8221;][vc_column][vc_single_image image=&#8221;2142&#8243; img_size=&#8221;full&#8221; alignment=&#8221;center&#8221; el_class=&#8221;el_prestigio_img&#8221;][\/vc_column][\/vc_row][vc_section full_width=&#8221;stretch_row_content&#8221; content_placement=&#8221;middle&#8221; css=&#8221;.vc_custom_1583547391402{background-image: url(https:\/\/estateofmariafelix.com\/es\/wp-content\/uploads\/2020\/03\/pattern_marmol_3-1.jpg?id=3305) !important;background-position: 0 0 !important;background-repeat: repeat !important;}&#8221;][vc_row full_width=&#8221;stretch_row_content_no_spaces&#8221; css=&#8221;.vc_custom_1582082885775{padding-top: 50px !important;padding-bottom: 100px !important;}&#8221; el_class=&#8221;ajuste-caja&#8221;][vc_column][vc_column_text el_class=&#8221;linea-tiempo&#8221;]<strong>Estate of Mari\u0301a Fe\u0301lix<\/strong> rejoint l&#8217;int\u00e9r\u00eat du public, des sp\u00e9cialistes et des investisseurs pour rendre un hommage permanent \u00e0 cet espace. Nos objectifs sont de promouvoir et de souligner l&#8217;importance de Mar\u00eda F\u00e9lix en tant qu&#8217;ic\u00f4ne repr\u00e9sentative de la culture nationale, tout en reconnaissant son importance dans les domaines de la collection d&#8217;art, de mode, de litt\u00e9rature, de musique et de cin\u00e9matographie. De m\u00eame, nous cherchons \u00e0 pr\u00e9server le patrimoine mat\u00e9riel de La Do\u00f1a, comme un t\u00e9moignage de pers\u00e9v\u00e9rance, de discipline et de succ\u00e8s, qui sont un exemple de son h\u00e9ritage pour le Mexique, l&#8217;Am\u00e9rique latine et l&#8217;Europe.<\/p>\n<p>Sous un parcours chronologique, mettant l&#8217;accent sur la pertinence des faits, ceux qui consultent cette source trouveront des avanc\u00e9es dans la recherche et la connaissance de la vie de Mar\u00eda F\u00e9lix, abordant des aspects de sa vie priv\u00e9e et professionnelle dans une perspective historique, en m\u00eame temps, de les processus ult\u00e9rieurs de diffusion et de professionnalisation de son h\u00e9ritage patrimonial universel.[\/vc_column_text][\/vc_column][\/vc_row][vc_row full_width=&#8221;stretch_row_content_no_spaces&#8221; content_placement=&#8221;middle&#8221; css_animation=&#8221;fadeIn&#8221; el_class=&#8221;ajuste-caja&#8221; css=&#8221;.vc_custom_1583458440326{margin-bottom: 100px !important;}&#8221;][vc_column][vc_row_inner content_placement=&#8221;middle&#8221; el_class=&#8221;cajas-linea&#8221;][vc_column_inner el_class=&#8221;cajas-linea-info-a&#8221; width=&#8221;1\/3&#8243;][vc_wp_text el_class=&#8221;linea-tiempo&#8221;]<\/p>\n<h3 style=\"text-align: center;\"><a href=\"https:\/\/estateofmariafelix.com\/fr\/une-legende-mexicaine-1914-1940\/\">1914-1940<\/a><\/h3>\n<p>[\/vc_wp_text][\/vc_column_inner][vc_column_inner el_class=&#8221;cajas-linea-info-c&#8221; width=&#8221;1\/3&#8243;][vc_column_text]<\/p>\n<div class=\"rectangulo-2\"><\/div>\n<p>[\/vc_column_text][\/vc_column_inner][vc_column_inner el_class=&#8221;cajas-linea-info-b&#8221; width=&#8221;1\/3&#8243;][\/vc_column_inner][\/vc_row_inner][vc_row_inner content_placement=&#8221;middle&#8221; el_class=&#8221;cajas-linea&#8221;][vc_column_inner el_class=&#8221;cajas-linea-info-a&#8221; width=&#8221;1\/3&#8243;][\/vc_column_inner][vc_column_inner el_class=&#8221;cajas-linea-info-c&#8221; width=&#8221;1\/3&#8243;][vc_column_text]<\/p>\n<div class=\"rectangulo-2\"><\/div>\n<p>[\/vc_column_text][\/vc_column_inner][vc_column_inner el_class=&#8221;cajas-linea-info-b&#8221; width=&#8221;1\/3&#8243;][vc_wp_text el_class=&#8221;linea-tiempo&#8221;]<\/p>\n<h3 style=\"text-align: center;\"><a href=\"https:\/\/estateofmariafelix.com\/fr\/une-legende-mexicaine-1941-1950\/\">1941-1950<\/a><\/h3>\n<p>[\/vc_wp_text][\/vc_column_inner][\/vc_row_inner][vc_row_inner content_placement=&#8221;middle&#8221; el_class=&#8221;cajas-linea&#8221;][vc_column_inner el_class=&#8221;cajas-linea-info-a&#8221; width=&#8221;1\/3&#8243;][vc_wp_text el_class=&#8221;linea-tiempo&#8221;]<\/p>\n<h3 style=\"text-align: center;\"><a href=\"https:\/\/estateofmariafelix.com\/fr\/una-leyenda-mexicana-1951-1960\/\">1951-1960<\/a><\/h3>\n<p>[\/vc_wp_text][\/vc_column_inner][vc_column_inner el_class=&#8221;cajas-linea-info-c&#8221; width=&#8221;1\/3&#8243;][vc_column_text]<\/p>\n<div class=\"rectangulo-2\"><\/div>\n<p>[\/vc_column_text][\/vc_column_inner][vc_column_inner el_class=&#8221;cajas-linea-info-b&#8221; width=&#8221;1\/3&#8243;][\/vc_column_inner][\/vc_row_inner][vc_row_inner content_placement=&#8221;middle&#8221; el_class=&#8221;cajas-linea&#8221;][vc_column_inner el_class=&#8221;cajas-linea-info-a&#8221; width=&#8221;1\/3&#8243;][\/vc_column_inner][vc_column_inner el_class=&#8221;cajas-linea-info-c&#8221; width=&#8221;1\/3&#8243;][vc_column_text]<\/p>\n<div class=\"rectangulo-2\"><\/div>\n<p>[\/vc_column_text][\/vc_column_inner][vc_column_inner el_class=&#8221;cajas-linea-info-b&#8221; width=&#8221;1\/3&#8243;][vc_wp_text el_class=&#8221;linea-tiempo&#8221;]<\/p>\n<h3 style=\"text-align: center;\"><a href=\"https:\/\/estateofmariafelix.com\/fr\/une-legende-mexicaine-1961-1980\/\">1961-1980<\/a><\/h3>\n<p>[\/vc_wp_text][\/vc_column_inner][\/vc_row_inner][vc_row_inner content_placement=&#8221;middle&#8221; el_class=&#8221;cajas-linea&#8221;][vc_column_inner el_class=&#8221;cajas-linea-info-a&#8221; width=&#8221;1\/3&#8243;][vc_wp_text el_class=&#8221;linea-tiempo&#8221;]<\/p>\n<h3 style=\"text-align: center;\"><a href=\"https:\/\/estateofmariafelix.com\/fr\/une-legende-mexicaine-1961-1980\/\">1981-2019<\/a><\/h3>\n<p>[\/vc_wp_text][\/vc_column_inner][vc_column_inner el_class=&#8221;cajas-linea-info-c&#8221; width=&#8221;1\/3&#8243;][vc_column_text]<\/p>\n<div class=\"rectangulo-2\"><\/div>\n<p>[\/vc_column_text][\/vc_column_inner][vc_column_inner el_class=&#8221;cajas-linea-info-b&#8221; width=&#8221;1\/3&#8243;][\/vc_column_inner][\/vc_row_inner][vc_row_inner content_placement=&#8221;middle&#8221; el_class=&#8221;cajas-linea&#8221;][vc_column_inner el_class=&#8221;cajas-linea-info-a&#8221; width=&#8221;1\/3&#8243;][\/vc_column_inner][vc_column_inner el_class=&#8221;cajas-linea-info-c&#8221; width=&#8221;1\/3&#8243;][vc_column_text]<\/p>\n<div class=\"rectangulo-2\"><\/div>\n<p>[\/vc_column_text][\/vc_column_inner][vc_column_inner el_class=&#8221;cajas-linea-info-b&#8221; width=&#8221;1\/3&#8243;][vc_wp_text el_class=&#8221;linea-tiempo&#8221;]<\/p>\n<h3 style=\"text-align: center;\"><a href=\"https:\/\/estateofmariafelix.com\/fr\/une-legende-mexicaine-2020-2025\/\/\">2020-2025<\/a><\/h3>\n<p>[\/vc_wp_text][\/vc_column_inner][\/vc_row_inner][\/vc_column][\/vc_row][\/vc_section]<\/p>\n","protected":false},"excerpt":{"rendered":"<p>[vc_row full_width=&#8221;stretch_row_content_no_spaces&#8221; css=&#8221;.vc_custom_1583291201701{background-color: #c8c1a2 !important;}&#8221;][vc_column][vc_single_image image=&#8221;2142&#8243; img_size=&#8221;full&#8221; alignment=&#8221;center&#8221; el_class=&#8221;el_prestigio_img&#8221;][\/vc_column][\/vc_row][vc_section full_width=&#8221;stretch_row_content&#8221; content_placement=&#8221;middle&#8221; css=&#8221;.vc_custom_1583547391402{background-image: url(https:\/\/estateofmariafelix.com\/es\/wp-content\/uploads\/2020\/03\/pattern_marmol_3-1.jpg?id=3305) !important;background-position: 0 0 !important;background-repeat: repeat !important;}&#8221;][vc_row full_width=&#8221;stretch_row_content_no_spaces&#8221; css=&#8221;.vc_custom_1582082885775{padding-top: 50px !important;padding-bottom: 100px !important;}&#8221; el_class=&#8221;ajuste-caja&#8221;][vc_column][vc_column_text el_class=&#8221;linea-tiempo&#8221;]Estate of Mari\u0301a Fe\u0301lix rejoint l&#8217;int\u00e9r\u00eat du public, des sp\u00e9cialistes et des investisseurs pour rendre un hommage permanent \u00e0 cet espace. Nos objectifs sont de promouvoir et de souligner [&hellip;]<\/p>\n","protected":false},"author":2,"featured_media":0,"parent":0,"menu_order":0,"comment_status":"closed","ping_status":"closed","template":"visual-temlpate.php","meta":[],"yoast_head":"<!-- This site is optimized with the Yoast SEO plugin v17.1 - https:\/\/yoast.com\/wordpress\/plugins\/seo\/ -->\n<title>Une l\u00e9gende mexicaine - Mar\u00eda F\u00e9lix<\/title>\n<meta name=\"robots\" content=\"index, follow, max-snippet:-1, max-image-preview:large, max-video-preview:-1\" \/>\n<link rel=\"canonical\" href=\"https:\/\/estateofmariafelix.com\/fr\/une-legende-mexicaine\/\" \/>\n<meta property=\"og:locale\" content=\"fr_FR\" \/>\n<meta property=\"og:type\" content=\"article\" \/>\n<meta property=\"og:title\" content=\"Une l\u00e9gende mexicaine - Mar\u00eda F\u00e9lix\" \/>\n<meta property=\"og:description\" content=\"[vc_row full_width=&#8221;stretch_row_content_no_spaces&#8221; css=&#8221;.vc_custom_1583291201701{background-color: #c8c1a2 !important;}&#8221;][vc_column][vc_single_image image=&#8221;2142&#8243; img_size=&#8221;full&#8221; alignment=&#8221;center&#8221; el_class=&#8221;el_prestigio_img&#8221;][\/vc_column][\/vc_row][vc_section full_width=&#8221;stretch_row_content&#8221; content_placement=&#8221;middle&#8221; css=&#8221;.vc_custom_1583547391402{background-image: url(https:\/\/estateofmariafelix.com\/es\/wp-content\/uploads\/2020\/03\/pattern_marmol_3-1.jpg?id=3305) !important;background-position: 0 0 !important;background-repeat: repeat !important;}&#8221;][vc_row full_width=&#8221;stretch_row_content_no_spaces&#8221; css=&#8221;.vc_custom_1582082885775{padding-top: 50px !important;padding-bottom: 100px !important;}&#8221; el_class=&#8221;ajuste-caja&#8221;][vc_column][vc_column_text el_class=&#8221;linea-tiempo&#8221;]Estate of Mari\u0301a Fe\u0301lix rejoint l&#8217;int\u00e9r\u00eat du public, des sp\u00e9cialistes et des investisseurs pour rendre un hommage permanent \u00e0 cet espace. Nos objectifs sont de promouvoir et de souligner [&hellip;]\" \/>\n<meta property=\"og:url\" content=\"https:\/\/estateofmariafelix.com\/fr\/une-legende-mexicaine\/\" \/>\n<meta property=\"og:site_name\" content=\"Mar\u00eda F\u00e9lix\" \/>\n<meta property=\"article:publisher\" content=\"https:\/\/www.facebook.com\/EstateofMariaFelix\" \/>\n<meta property=\"article:modified_time\" content=\"2025-03-25T03:53:09+00:00\" \/>\n<meta name=\"twitter:card\" content=\"summary_large_image\" \/>\n<meta name=\"twitter:label1\" content=\"Dur\u00e9e de lecture est.\" \/>\n\t<meta name=\"twitter:data1\" content=\"3 minutes\" \/>\n<script type=\"application\/ld+json\" class=\"yoast-schema-graph\">{\"@context\":\"https:\/\/schema.org\",\"@graph\":[{\"@type\":\"Organization\",\"@id\":\"https:\/\/estateofmariafelix.com\/fr\/#organization\",\"name\":\"Estate of Mar\\u00eda F\\u00e9lix\",\"url\":\"https:\/\/estateofmariafelix.com\/fr\/\",\"sameAs\":[\"https:\/\/www.facebook.com\/EstateofMariaFelix\",\"https:\/\/www.instagram.com\/estateofmariafelix\/\"],\"logo\":{\"@type\":\"ImageObject\",\"@id\":\"https:\/\/estateofmariafelix.com\/fr\/#logo\",\"inLanguage\":\"fr-FR\",\"url\":\"https:\/\/estateofmariafelix.com\/fr\/wp-content\/uploads\/2020\/03\/147-LOGO-EOMF-compressor.png\",\"contentUrl\":\"https:\/\/estateofmariafelix.com\/fr\/wp-content\/uploads\/2020\/03\/147-LOGO-EOMF-compressor.png\",\"width\":1772,\"height\":974,\"caption\":\"Estate of Mar\\u00eda F\\u00e9lix\"},\"image\":{\"@id\":\"https:\/\/estateofmariafelix.com\/fr\/#logo\"}},{\"@type\":\"WebSite\",\"@id\":\"https:\/\/estateofmariafelix.com\/fr\/#website\",\"url\":\"https:\/\/estateofmariafelix.com\/fr\/\",\"name\":\"Mar\\u00eda F\\u00e9lix\",\"description\":\"Page officielle\",\"publisher\":{\"@id\":\"https:\/\/estateofmariafelix.com\/fr\/#organization\"},\"potentialAction\":[{\"@type\":\"SearchAction\",\"target\":{\"@type\":\"EntryPoint\",\"urlTemplate\":\"https:\/\/estateofmariafelix.com\/fr\/?s={search_term_string}\"},\"query-input\":\"required name=search_term_string\"}],\"inLanguage\":\"fr-FR\"},{\"@type\":\"WebPage\",\"@id\":\"https:\/\/estateofmariafelix.com\/fr\/une-legende-mexicaine\/#webpage\",\"url\":\"https:\/\/estateofmariafelix.com\/fr\/une-legende-mexicaine\/\",\"name\":\"Une l\\u00e9gende mexicaine - Mar\\u00eda F\\u00e9lix\",\"isPartOf\":{\"@id\":\"https:\/\/estateofmariafelix.com\/fr\/#website\"},\"datePublished\":\"2021-01-06T13:51:52+00:00\",\"dateModified\":\"2025-03-25T03:53:09+00:00\",\"breadcrumb\":{\"@id\":\"https:\/\/estateofmariafelix.com\/fr\/une-legende-mexicaine\/#breadcrumb\"},\"inLanguage\":\"fr-FR\",\"potentialAction\":[{\"@type\":\"ReadAction\",\"target\":[\"https:\/\/estateofmariafelix.com\/fr\/une-legende-mexicaine\/\"]}]},{\"@type\":\"BreadcrumbList\",\"@id\":\"https:\/\/estateofmariafelix.com\/fr\/une-legende-mexicaine\/#breadcrumb\",\"itemListElement\":[{\"@type\":\"ListItem\",\"position\":1,\"name\":\"Inicio\",\"item\":\"https:\/\/estateofmariafelix.com\/fr\/\"},{\"@type\":\"ListItem\",\"position\":2,\"name\":\"Une l\\u00e9gende mexicaine\"}]}]}<\/script>\n<!-- \/ Yoast SEO plugin. -->","yoast_head_json":{"title":"Une l\u00e9gende mexicaine - Mar\u00eda F\u00e9lix","robots":{"index":"index","follow":"follow","max-snippet":"max-snippet:-1","max-image-preview":"max-image-preview:large","max-video-preview":"max-video-preview:-1"},"canonical":"https:\/\/estateofmariafelix.com\/fr\/une-legende-mexicaine\/","og_locale":"fr_FR","og_type":"article","og_title":"Une l\u00e9gende mexicaine - Mar\u00eda F\u00e9lix","og_description":"[vc_row full_width=&#8221;stretch_row_content_no_spaces&#8221; css=&#8221;.vc_custom_1583291201701{background-color: #c8c1a2 !important;}&#8221;][vc_column][vc_single_image image=&#8221;2142&#8243; img_size=&#8221;full&#8221; alignment=&#8221;center&#8221; el_class=&#8221;el_prestigio_img&#8221;][\/vc_column][\/vc_row][vc_section full_width=&#8221;stretch_row_content&#8221; content_placement=&#8221;middle&#8221; css=&#8221;.vc_custom_1583547391402{background-image: url(https:\/\/estateofmariafelix.com\/es\/wp-content\/uploads\/2020\/03\/pattern_marmol_3-1.jpg?id=3305) !important;background-position: 0 0 !important;background-repeat: repeat !important;}&#8221;][vc_row full_width=&#8221;stretch_row_content_no_spaces&#8221; css=&#8221;.vc_custom_1582082885775{padding-top: 50px !important;padding-bottom: 100px !important;}&#8221; el_class=&#8221;ajuste-caja&#8221;][vc_column][vc_column_text el_class=&#8221;linea-tiempo&#8221;]Estate of Mari\u0301a Fe\u0301lix rejoint l&#8217;int\u00e9r\u00eat du public, des sp\u00e9cialistes et des investisseurs pour rendre un hommage permanent \u00e0 cet espace. Nos objectifs sont de promouvoir et de souligner [&hellip;]","og_url":"https:\/\/estateofmariafelix.com\/fr\/une-legende-mexicaine\/","og_site_name":"Mar\u00eda F\u00e9lix","article_publisher":"https:\/\/www.facebook.com\/EstateofMariaFelix","article_modified_time":"2025-03-25T03:53:09+00:00","twitter_card":"summary_large_image","twitter_misc":{"Dur\u00e9e de lecture est.":"3 minutes"},"schema":{"@context":"https:\/\/schema.org","@graph":[{"@type":"Organization","@id":"https:\/\/estateofmariafelix.com\/fr\/#organization","name":"Estate of Mar\u00eda F\u00e9lix","url":"https:\/\/estateofmariafelix.com\/fr\/","sameAs":["https:\/\/www.facebook.com\/EstateofMariaFelix","https:\/\/www.instagram.com\/estateofmariafelix\/"],"logo":{"@type":"ImageObject","@id":"https:\/\/estateofmariafelix.com\/fr\/#logo","inLanguage":"fr-FR","url":"https:\/\/estateofmariafelix.com\/fr\/wp-content\/uploads\/2020\/03\/147-LOGO-EOMF-compressor.png","contentUrl":"https:\/\/estateofmariafelix.com\/fr\/wp-content\/uploads\/2020\/03\/147-LOGO-EOMF-compressor.png","width":1772,"height":974,"caption":"Estate of Mar\u00eda F\u00e9lix"},"image":{"@id":"https:\/\/estateofmariafelix.com\/fr\/#logo"}},{"@type":"WebSite","@id":"https:\/\/estateofmariafelix.com\/fr\/#website","url":"https:\/\/estateofmariafelix.com\/fr\/","name":"Mar\u00eda F\u00e9lix","description":"Page officielle","publisher":{"@id":"https:\/\/estateofmariafelix.com\/fr\/#organization"},"potentialAction":[{"@type":"SearchAction","target":{"@type":"EntryPoint","urlTemplate":"https:\/\/estateofmariafelix.com\/fr\/?s={search_term_string}"},"query-input":"required name=search_term_string"}],"inLanguage":"fr-FR"},{"@type":"WebPage","@id":"https:\/\/estateofmariafelix.com\/fr\/une-legende-mexicaine\/#webpage","url":"https:\/\/estateofmariafelix.com\/fr\/une-legende-mexicaine\/","name":"Une l\u00e9gende mexicaine - Mar\u00eda F\u00e9lix","isPartOf":{"@id":"https:\/\/estateofmariafelix.com\/fr\/#website"},"datePublished":"2021-01-06T13:51:52+00:00","dateModified":"2025-03-25T03:53:09+00:00","breadcrumb":{"@id":"https:\/\/estateofmariafelix.com\/fr\/une-legende-mexicaine\/#breadcrumb"},"inLanguage":"fr-FR","potentialAction":[{"@type":"ReadAction","target":["https:\/\/estateofmariafelix.com\/fr\/une-legende-mexicaine\/"]}]},{"@type":"BreadcrumbList","@id":"https:\/\/estateofmariafelix.com\/fr\/une-legende-mexicaine\/#breadcrumb","itemListElement":[{"@type":"ListItem","position":1,"name":"Inicio","item":"https:\/\/estateofmariafelix.com\/fr\/"},{"@type":"ListItem","position":2,"name":"Une l\u00e9gende mexicaine"}]}]}},"_links":{"self":[{"href":"https:\/\/estateofmariafelix.com\/fr\/wp-json\/wp\/v2\/pages\/3655"}],"collection":[{"href":"https:\/\/estateofmariafelix.com\/fr\/wp-json\/wp\/v2\/pages"}],"about":[{"href":"https:\/\/estateofmariafelix.com\/fr\/wp-json\/wp\/v2\/types\/page"}],"author":[{"embeddable":true,"href":"https:\/\/estateofmariafelix.com\/fr\/wp-json\/wp\/v2\/users\/2"}],"replies":[{"embeddable":true,"href":"https:\/\/estateofmariafelix.com\/fr\/wp-json\/wp\/v2\/comments?post=3655"}],"version-history":[{"count":13,"href":"https:\/\/estateofmariafelix.com\/fr\/wp-json\/wp\/v2\/pages\/3655\/revisions"}],"predecessor-version":[{"id":3818,"href":"https:\/\/estateofmariafelix.com\/fr\/wp-json\/wp\/v2\/pages\/3655\/revisions\/3818"}],"wp:attachment":[{"href":"https:\/\/estateofmariafelix.com\/fr\/wp-json\/wp\/v2\/media?parent=3655"}],"curies":[{"name":"wp","href":"https:\/\/api.w.org\/{rel}","templated":true}]}}